{"id":310,"date":"2023-02-10T10:04:34","date_gmt":"2023-02-10T10:04:34","guid":{"rendered":"https:\/\/www.collectifdromehandicap.fr\/?page_id=310"},"modified":"2025-07-03T15:42:35","modified_gmt":"2025-07-03T15:42:35","slug":"polyhandicap","status":"publish","type":"page","link":"https:\/\/www.collectifdromehandicap.fr\/?page_id=310","title":{"rendered":"Plurihandicap"},"content":{"rendered":"<p>[et_pb_section fb_built=\u00a0\u00bb1&Prime; module_id=\u00a0\u00bbreturn-to-top\u00a0\u00bb _builder_version=\u00a0\u00bb4.19.5&Prime; _module_preset=\u00a0\u00bbdefault\u00a0\u00bb custom_padding=\u00a0\u00bb0px||0px|||\u00a0\u00bb global_colors_info=\u00a0\u00bb{}\u00a0\u00bb da_is_popup=\u00a0\u00bboff\u00a0\u00bb da_exit_intent=\u00a0\u00bboff\u00a0\u00bb da_has_close=\u00a0\u00bbon\u00a0\u00bb da_alt_close=\u00a0\u00bboff\u00a0\u00bb da_dark_close=\u00a0\u00bboff\u00a0\u00bb da_not_modal=\u00a0\u00bbon\u00a0\u00bb da_is_singular=\u00a0\u00bboff\u00a0\u00bb da_with_loader=\u00a0\u00bboff\u00a0\u00bb da_has_shadow=\u00a0\u00bbon\u00a0\u00bb da_disable_devices=\u00a0\u00bboff|off|off\u00a0\u00bb][et_pb_row _builder_version=\u00a0\u00bb4.19.5&Prime; _module_preset=\u00a0\u00bbdefault\u00a0\u00bb custom_margin=\u00a0\u00bb-4px|auto||auto||\u00a0\u00bb custom_padding=\u00a0\u00bb65px|||||\u00a0\u00bb global_colors_info=\u00a0\u00bb{}\u00a0\u00bb][et_pb_column type=\u00a0\u00bb4_4&Prime; _builder_version=\u00a0\u00bb4.19.5&Prime; _module_preset=\u00a0\u00bbdefault\u00a0\u00bb global_colors_info=\u00a0\u00bb{}\u00a0\u00bb][et_pb_text _builder_version=\u00a0\u00bb4.20.2&Prime; _module_preset=\u00a0\u00bbdefault\u00a0\u00bb text_font=\u00a0\u00bbMontserrat|||on|||||\u00a0\u00bb text_text_color=\u00a0\u00bb#FE6400&Prime; text_font_size=\u00a0\u00bb45px\u00a0\u00bb transform_scale_tablet=\u00a0\u00bb\u00a0\u00bb transform_scale_phone=\u00a0\u00bb\u00a0\u00bb transform_scale_last_edited=\u00a0\u00bbon|desktop\u00a0\u00bb transform_translate_tablet=\u00a0\u00bb\u00a0\u00bb transform_translate_phone=\u00a0\u00bb\u00a0\u00bb transform_translate_last_edited=\u00a0\u00bbon|desktop\u00a0\u00bb transform_rotate_tablet=\u00a0\u00bb\u00a0\u00bb transform_rotate_phone=\u00a0\u00bb\u00a0\u00bb transform_rotate_last_edited=\u00a0\u00bbon|desktop\u00a0\u00bb transform_skew_tablet=\u00a0\u00bb\u00a0\u00bb transform_skew_phone=\u00a0\u00bb\u00a0\u00bb transform_skew_last_edited=\u00a0\u00bbon|desktop\u00a0\u00bb transform_origin_tablet=\u00a0\u00bb\u00a0\u00bb transform_origin_phone=\u00a0\u00bb\u00a0\u00bb transform_origin_last_edited=\u00a0\u00bbon|desktop\u00a0\u00bb transform_styles_last_edited=\u00a0\u00bbon|desktop\u00a0\u00bb text_font_size_tablet=\u00a0\u00bb45px\u00a0\u00bb text_font_size_phone=\u00a0\u00bb25px\u00a0\u00bb text_font_size_last_edited=\u00a0\u00bbon|phone\u00a0\u00bb transform_styles_tablet=\u00a0\u00bb\u00a0\u00bb transform_styles_phone=\u00a0\u00bb\u00a0\u00bb global_colors_info=\u00a0\u00bb{}\u00a0\u00bb]<\/p>\n<p style=\"text-align: center;\">pluriHANDICAP<\/p>\n<p>[\/et_pb_text][et_pb_image src=\u00a0\u00bbhttps:\/\/www.collectifdromehandicap.fr\/wp-content\/uploads\/2023\/01\/moteur.png\u00a0\u00bb align=\u00a0\u00bbcenter\u00a0\u00bb _builder_version=\u00a0\u00bb4.19.5&Prime; _module_preset=\u00a0\u00bbdefault\u00a0\u00bb width=\u00a0\u00bb30%\u00a0\u00bb global_colors_info=\u00a0\u00bb{}\u00a0\u00bb][\/et_pb_image][\/et_pb_column][\/et_pb_row][\/et_pb_section][et_pb_section fb_built=\u00a0\u00bb1&Prime; _builder_version=\u00a0\u00bb4.19.5&Prime; _module_preset=\u00a0\u00bbdefault\u00a0\u00bb global_colors_info=\u00a0\u00bb{}\u00a0\u00bb da_is_popup=\u00a0\u00bboff\u00a0\u00bb da_exit_intent=\u00a0\u00bboff\u00a0\u00bb da_has_close=\u00a0\u00bbon\u00a0\u00bb da_alt_close=\u00a0\u00bboff\u00a0\u00bb da_dark_close=\u00a0\u00bboff\u00a0\u00bb da_not_modal=\u00a0\u00bbon\u00a0\u00bb da_is_singular=\u00a0\u00bboff\u00a0\u00bb da_with_loader=\u00a0\u00bboff\u00a0\u00bb da_has_shadow=\u00a0\u00bbon\u00a0\u00bb da_disable_devices=\u00a0\u00bboff|off|off\u00a0\u00bb][et_pb_row column_structure=\u00a0\u00bb1_3,2_3&Prime; make_equal=\u00a0\u00bbon\u00a0\u00bb _builder_version=\u00a0\u00bb4.19.5&Prime; _module_preset=\u00a0\u00bbdefault\u00a0\u00bb global_colors_info=\u00a0\u00bb{}\u00a0\u00bb][et_pb_column type=\u00a0\u00bb1_3&Prime; module_class=\u00a0\u00bbcentrer-verticalement\u00a0\u00bb _builder_version=\u00a0\u00bb4.19.5&Prime; _module_preset=\u00a0\u00bbdefault\u00a0\u00bb global_colors_info=\u00a0\u00bb{}\u00a0\u00bb][et_pb_image src=\u00a0\u00bbhttps:\/\/www.collectifdromehandicap.fr\/wp-content\/uploads\/2023\/02\/ADIMC-2.png\u00a0\u00bb title_text=\u00a0\u00bbADIMC 2&Prime; align=\u00a0\u00bbcenter\u00a0\u00bb _builder_version=\u00a0\u00bb4.19.5&Prime; _module_preset=\u00a0\u00bbdefault\u00a0\u00bb transform_scale=\u00a0\u00bb158%|158%\u00a0\u00bb global_colors_info=\u00a0\u00bb{}\u00a0\u00bb][\/et_pb_image][\/et_pb_column][et_pb_column type=\u00a0\u00bb2_3&Prime; module_class=\u00a0\u00bbcentrer-verticalement\u00a0\u00bb _builder_version=\u00a0\u00bb4.19.5&Prime; _module_preset=\u00a0\u00bbdefault\u00a0\u00bb global_colors_info=\u00a0\u00bb{}\u00a0\u00bb][et_pb_text _builder_version=\u00a0\u00bb4.19.5&Prime; _module_preset=\u00a0\u00bbdefault\u00a0\u00bb text_font=\u00a0\u00bbMontserrat Alternates|600|||||||\u00a0\u00bb text_text_color=\u00a0\u00bb#FE6400&Prime; text_font_size=\u00a0\u00bb19px\u00a0\u00bb header_text_color=\u00a0\u00bb#FE6400&Prime; global_colors_info=\u00a0\u00bb{}\u00a0\u00bb]<\/p>\n<h2 style=\"text-align: left;\">ADIMC Les Alouettes<\/h2>\n<p>[\/et_pb_text][et_pb_text _builder_version=\u00a0\u00bb4.19.5&Prime; _module_preset=\u00a0\u00bbdefault\u00a0\u00bb custom_margin=\u00a0\u00bb-23px|||||\u00a0\u00bb custom_padding=\u00a0\u00bb0px|||||\u00a0\u00bb global_colors_info=\u00a0\u00bb{}\u00a0\u00bb]<\/p>\n<p style=\"text-align: justify;\">Association D\u00e9partementale des Infirmes Moteurs C\u00e9r\u00e9braux de la Dr\u00f4me \u00ab les Alouettes \u00bb<\/p>\n<p style=\"text-align: justify;\">Fournir un r\u00e9confort aux familles, des conseils, une aide pour sortir de l\u2019isolement.<br \/>Aider, sans distinction de classe, d\u2019opinion religieuse ou philosophique, \u00e0 l\u2019all\u00e8gement moral et mat\u00e9riel des familles \u00e9prouv\u00e9es et veiller \u00e0 l\u2019\u00e9panouissement de la personne en situation de handicap.<\/p>\n<p>[\/et_pb_text][\/et_pb_column][\/et_pb_row][et_pb_row column_structure=\u00a0\u00bb1_3,2_3&Prime; make_equal=\u00a0\u00bbon\u00a0\u00bb _builder_version=\u00a0\u00bb4.19.5&Prime; _module_preset=\u00a0\u00bbdefault\u00a0\u00bb global_colors_info=\u00a0\u00bb{}\u00a0\u00bb][et_pb_column type=\u00a0\u00bb1_3&Prime; module_class=\u00a0\u00bbcentrer-verticalement\u00a0\u00bb _builder_version=\u00a0\u00bb4.19.5&Prime; _module_preset=\u00a0\u00bbdefault\u00a0\u00bb global_colors_info=\u00a0\u00bb{}\u00a0\u00bb][et_pb_image src=\u00a0\u00bbhttps:\/\/www.collectifdromehandicap.fr\/wp-content\/uploads\/2023\/02\/afm.png\u00a0\u00bb title_text=\u00a0\u00bbafm\u00a0\u00bb url=\u00a0\u00bbhttps:\/\/www.afm-telethon.fr\/fr\/coordinations\/069s\u00a0\u00bb url_new_window=\u00a0\u00bbon\u00a0\u00bb align=\u00a0\u00bbcenter\u00a0\u00bb _builder_version=\u00a0\u00bb4.19.5&Prime; _module_preset=\u00a0\u00bbdefault\u00a0\u00bb global_colors_info=\u00a0\u00bb{}\u00a0\u00bb][\/et_pb_image][\/et_pb_column][et_pb_column type=\u00a0\u00bb2_3&Prime; module_class=\u00a0\u00bbcentrer-verticalement\u00a0\u00bb _builder_version=\u00a0\u00bb4.19.5&Prime; _module_preset=\u00a0\u00bbdefault\u00a0\u00bb global_colors_info=\u00a0\u00bb{}\u00a0\u00bb][et_pb_text _builder_version=\u00a0\u00bb4.19.5&Prime; _module_preset=\u00a0\u00bbdefault\u00a0\u00bb text_font=\u00a0\u00bbMontserrat Alternates|600|||||||\u00a0\u00bb text_text_color=\u00a0\u00bb#FE6400&Prime; text_font_size=\u00a0\u00bb19px\u00a0\u00bb header_text_color=\u00a0\u00bb#FE6400&Prime; link_option_url=\u00a0\u00bbhttps:\/\/www.afm-telethon.fr\/fr\/coordinations\/069s\u00a0\u00bb link_option_url_new_window=\u00a0\u00bbon\u00a0\u00bb global_colors_info=\u00a0\u00bb{}\u00a0\u00bb]<\/p>\n<h2 style=\"text-align: left;\">AFM T\u00e9l\u00e9thon<\/h2>\n<p>[\/et_pb_text][et_pb_text _builder_version=\u00a0\u00bb4.19.5&Prime; _module_preset=\u00a0\u00bbdefault\u00a0\u00bb custom_margin=\u00a0\u00bb-19px|||||\u00a0\u00bb link_option_url=\u00a0\u00bbhttps:\/\/www.afm-telethon.fr\/fr\/coordinations\/069s\u00a0\u00bb link_option_url_new_window=\u00a0\u00bbon\u00a0\u00bb global_colors_info=\u00a0\u00bb{}\u00a0\u00bb]<\/p>\n<p style=\"text-align: justify;\">Association Fran\u00e7aise contre les Myopathies<\/p>\n<p style=\"text-align: justify;\">Favoriser l\u2019autonomie de la personne malade, en situation de handicap et contribuer \u00e0 la coordination des services existants sur un territoire donn\u00e9 autour du projet personnel.<br \/>.<\/p>\n<p>[\/et_pb_text][\/et_pb_column][\/et_pb_row][et_pb_row column_structure=\u00a0\u00bb1_3,2_3&Prime; make_equal=\u00a0\u00bbon\u00a0\u00bb _builder_version=\u00a0\u00bb4.19.5&Prime; _module_preset=\u00a0\u00bbdefault\u00a0\u00bb global_colors_info=\u00a0\u00bb{}\u00a0\u00bb][et_pb_column type=\u00a0\u00bb1_3&Prime; module_class=\u00a0\u00bbcentrer-verticalement\u00a0\u00bb _builder_version=\u00a0\u00bb4.19.5&Prime; _module_preset=\u00a0\u00bbdefault\u00a0\u00bb global_colors_info=\u00a0\u00bb{}\u00a0\u00bb][et_pb_image src=\u00a0\u00bbhttps:\/\/www.collectifdromehandicap.fr\/wp-content\/uploads\/2023\/02\/AFTC.png\u00a0\u00bb title_text=\u00a0\u00bbAFTC\u00a0\u00bb url=\u00a0\u00bbhttp:\/\/aftc26-07.fr\/\u00a0\u00bb url_new_window=\u00a0\u00bbon\u00a0\u00bb align=\u00a0\u00bbcenter\u00a0\u00bb _builder_version=\u00a0\u00bb4.19.5&Prime; _module_preset=\u00a0\u00bbdefault\u00a0\u00bb transform_scale=\u00a0\u00bb154%|154%\u00a0\u00bb global_colors_info=\u00a0\u00bb{}\u00a0\u00bb][\/et_pb_image][\/et_pb_column][et_pb_column type=\u00a0\u00bb2_3&Prime; module_class=\u00a0\u00bbcentrer-verticalement\u00a0\u00bb _builder_version=\u00a0\u00bb4.19.5&Prime; _module_preset=\u00a0\u00bbdefault\u00a0\u00bb global_colors_info=\u00a0\u00bb{}\u00a0\u00bb][et_pb_text _builder_version=\u00a0\u00bb4.19.5&Prime; _module_preset=\u00a0\u00bbdefault\u00a0\u00bb text_font=\u00a0\u00bbMontserrat Alternates|600|||||||\u00a0\u00bb text_text_color=\u00a0\u00bb#FE6400&Prime; text_font_size=\u00a0\u00bb19px\u00a0\u00bb header_text_color=\u00a0\u00bb#FE6400&Prime; link_option_url=\u00a0\u00bbhttp:\/\/aftc26-07.fr\/\u00a0\u00bb link_option_url_new_window=\u00a0\u00bbon\u00a0\u00bb global_colors_info=\u00a0\u00bb{}\u00a0\u00bb]<\/p>\n<h2 style=\"text-align: left;\">AFTC Dr\u00f4me Ard\u00e8che<\/h2>\n<p>[\/et_pb_text][et_pb_text _builder_version=\u00a0\u00bb4.19.5&Prime; _module_preset=\u00a0\u00bbdefault\u00a0\u00bb custom_margin=\u00a0\u00bb-20px|||||\u00a0\u00bb link_option_url=\u00a0\u00bbhttp:\/\/aftc26-07.fr\/\u00a0\u00bb link_option_url_new_window=\u00a0\u00bbon\u00a0\u00bb global_colors_info=\u00a0\u00bb{}\u00a0\u00bb]<\/p>\n<p><span style=\"font-weight: 400;\">Association des Familles <\/span><span style=\"font-weight: 400;\">Traumatis\u00e9s cr\u00e2niens et C\u00e9r\u00e9bro-l\u00e9s\u00e9s.<\/span><\/p>\n<p style=\"text-align: justify;\"><span>Aides aux familles et aux bless\u00e9s pendant le s\u00e9jour \u00e0 l\u2019h\u00f4pital, la phase de r\u00e9\u00e9ducation, la phase d\u2019insertion familiale et sociale. D\u00e9fense de leurs int\u00e9r\u00eats mat\u00e9riels et moraux en liaison avec les \u00e9tablissements et administrations concern\u00e9s.<\/span><\/p>\n<p>[\/et_pb_text][\/et_pb_column][\/et_pb_row][et_pb_row column_structure=\u00a0\u00bb1_3,2_3&Prime; make_equal=\u00a0\u00bbon\u00a0\u00bb _builder_version=\u00a0\u00bb4.19.5&Prime; _module_preset=\u00a0\u00bbdefault\u00a0\u00bb global_colors_info=\u00a0\u00bb{}\u00a0\u00bb][et_pb_column type=\u00a0\u00bb1_3&Prime; module_class=\u00a0\u00bbcentrer-verticalement\u00a0\u00bb _builder_version=\u00a0\u00bb4.19.5&Prime; _module_preset=\u00a0\u00bbdefault\u00a0\u00bb global_colors_info=\u00a0\u00bb{}\u00a0\u00bb][et_pb_image src=\u00a0\u00bbhttps:\/\/www.collectifdromehandicap.fr\/wp-content\/uploads\/2023\/02\/APAJH.png\u00a0\u00bb title_text=\u00a0\u00bbAPAJH\u00a0\u00bb url=\u00a0\u00bbhttps:\/\/www.apajh-drome.org\/\u00a0\u00bb url_new_window=\u00a0\u00bbon\u00a0\u00bb align=\u00a0\u00bbcenter\u00a0\u00bb _builder_version=\u00a0\u00bb4.19.5&Prime; _module_preset=\u00a0\u00bbdefault\u00a0\u00bb transform_scale=\u00a0\u00bb82%|82%\u00a0\u00bb global_colors_info=\u00a0\u00bb{}\u00a0\u00bb][\/et_pb_image][\/et_pb_column][et_pb_column type=\u00a0\u00bb2_3&Prime; module_class=\u00a0\u00bbcentrer-verticalement\u00a0\u00bb _builder_version=\u00a0\u00bb4.19.5&Prime; _module_preset=\u00a0\u00bbdefault\u00a0\u00bb global_colors_info=\u00a0\u00bb{}\u00a0\u00bb][et_pb_text _builder_version=\u00a0\u00bb4.19.5&Prime; _module_preset=\u00a0\u00bbdefault\u00a0\u00bb text_font=\u00a0\u00bbMontserrat Alternates|600|||||||\u00a0\u00bb text_text_color=\u00a0\u00bb#FE6400&Prime; text_font_size=\u00a0\u00bb19px\u00a0\u00bb header_text_color=\u00a0\u00bb#FE6400&Prime; link_option_url=\u00a0\u00bbhttps:\/\/www.apajh-drome.org\/\u00a0\u00bb link_option_url_new_window=\u00a0\u00bbon\u00a0\u00bb global_colors_info=\u00a0\u00bb{}\u00a0\u00bb]<\/p>\n<h2 style=\"text-align: left;\">APAJH Dr\u00f4me<\/h2>\n<p>[\/et_pb_text][et_pb_text _builder_version=\u00a0\u00bb4.19.5&Prime; _module_preset=\u00a0\u00bbdefault\u00a0\u00bb custom_margin=\u00a0\u00bb-20px|||||\u00a0\u00bb link_option_url=\u00a0\u00bbhttps:\/\/www.apajh-drome.org\/\u00a0\u00bb link_option_url_new_window=\u00a0\u00bbon\u00a0\u00bb global_colors_info=\u00a0\u00bb{}\u00a0\u00bb]<\/p>\n<p style=\"text-align: justify;\"><span>Repr\u00e9senter et d\u00e9fendre les personnes en situation de handicap et leurs familles. Accompagner le parcours de vie de la personne en situation de handicap dans sa globalit\u00e9 et sa singularit\u00e9. D\u00e9velopper toutes les formes de militance associative. Garantir la p\u00e9rennit\u00e9 d&rsquo;une association d\u00e9partementale autonome pour assurer une gouvernance de proximit\u00e9 ancr\u00e9e dans les territoires. D\u00e9velopper les partenariats avec tous les acteurs permettant de cr\u00e9er une synergie au service des personnes en situation de handicap.<\/span><\/p>\n<p>[\/et_pb_text][\/et_pb_column][\/et_pb_row][et_pb_row column_structure=\u00a0\u00bb1_3,2_3&Prime; make_equal=\u00a0\u00bbon\u00a0\u00bb _builder_version=\u00a0\u00bb4.19.5&Prime; _module_preset=\u00a0\u00bbdefault\u00a0\u00bb global_colors_info=\u00a0\u00bb{}\u00a0\u00bb][et_pb_column type=\u00a0\u00bb1_3&Prime; module_class=\u00a0\u00bbcentrer-verticalement\u00a0\u00bb _builder_version=\u00a0\u00bb4.19.5&Prime; _module_preset=\u00a0\u00bbdefault\u00a0\u00bb global_colors_info=\u00a0\u00bb{}\u00a0\u00bb][et_pb_image src=\u00a0\u00bbhttps:\/\/www.collectifdromehandicap.fr\/wp-content\/uploads\/2023\/02\/apf.png\u00a0\u00bb title_text=\u00a0\u00bbapf\u00a0\u00bb url=\u00a0\u00bbhttp:\/\/dd26.blogs.apf.asso.fr\/\u00a0\u00bb url_new_window=\u00a0\u00bbon\u00a0\u00bb _builder_version=\u00a0\u00bb4.19.5&Prime; _module_preset=\u00a0\u00bbdefault\u00a0\u00bb transform_scale=\u00a0\u00bb88%|88%\u00a0\u00bb global_colors_info=\u00a0\u00bb{}\u00a0\u00bb][\/et_pb_image][\/et_pb_column][et_pb_column type=\u00a0\u00bb2_3&Prime; module_class=\u00a0\u00bbcentrer-verticalement\u00a0\u00bb _builder_version=\u00a0\u00bb4.19.5&Prime; _module_preset=\u00a0\u00bbdefault\u00a0\u00bb global_colors_info=\u00a0\u00bb{}\u00a0\u00bb][et_pb_text _builder_version=\u00a0\u00bb4.19.5&Prime; _module_preset=\u00a0\u00bbdefault\u00a0\u00bb text_font=\u00a0\u00bbMontserrat Alternates|600|||||||\u00a0\u00bb text_text_color=\u00a0\u00bb#FE6400&Prime; text_font_size=\u00a0\u00bb19px\u00a0\u00bb header_text_color=\u00a0\u00bb#FE6400&Prime; link_option_url=\u00a0\u00bbhttp:\/\/dd26.blogs.apf.asso.fr\/\u00a0\u00bb link_option_url_new_window=\u00a0\u00bbon\u00a0\u00bb global_colors_info=\u00a0\u00bb{}\u00a0\u00bb]<\/p>\n<h2 style=\"text-align: left;\">APF France Handicap<\/h2>\n<p>[\/et_pb_text][et_pb_text _builder_version=\u00a0\u00bb4.19.5&Prime; _module_preset=\u00a0\u00bbdefault\u00a0\u00bb custom_margin=\u00a0\u00bb-20px|||||\u00a0\u00bb link_option_url=\u00a0\u00bbhttp:\/\/dd26.blogs.apf.asso.fr\/\u00a0\u00bb link_option_url_new_window=\u00a0\u00bbon\u00a0\u00bb global_colors_info=\u00a0\u00bb{}\u00a0\u00bb]<\/p>\n<p style=\"text-align: justify;\"><span>Accueil, formation et accompagnement des personnes en situation de handicap.<\/span><\/p>\n<p style=\"text-align: justify;\"><span>Boutique solidaire &#8211; Plateforme Handi-droits &#8211; Sensibilisation scolaire &#8211; Groupe de conseil en accessibilit\u00e9, de parentalit\u00e9, de rencontre &#8211; Loisirs et s\u00e9jours adapt\u00e9s &#8211; Atelier informatique itin\u00e9rant &#8211; Pair-\u00e9mulation &#8211; Service mandataire sp\u00e9cialis\u00e9 dans le handicap<\/span><\/p>\n<p>[\/et_pb_text][\/et_pb_column][\/et_pb_row][et_pb_row column_structure=\u00a0\u00bb1_3,2_3&Prime; make_equal=\u00a0\u00bbon\u00a0\u00bb _builder_version=\u00a0\u00bb4.19.5&Prime; _module_preset=\u00a0\u00bbdefault\u00a0\u00bb global_colors_info=\u00a0\u00bb{}\u00a0\u00bb][et_pb_column type=\u00a0\u00bb1_3&Prime; module_class=\u00a0\u00bbcentrer-verticalement\u00a0\u00bb _builder_version=\u00a0\u00bb4.19.5&Prime; _module_preset=\u00a0\u00bbdefault\u00a0\u00bb global_colors_info=\u00a0\u00bb{}\u00a0\u00bb][et_pb_image src=\u00a0\u00bbhttps:\/\/www.collectifdromehandicap.fr\/wp-content\/uploads\/2023\/04\/LOGO-ATMP.png\u00a0\u00bb align=\u00a0\u00bbcenter\u00a0\u00bb _builder_version=\u00a0\u00bb4.20.2&Prime; _module_preset=\u00a0\u00bbdefault\u00a0\u00bb width=\u00a0\u00bb88%\u00a0\u00bb global_colors_info=\u00a0\u00bb{}\u00a0\u00bb][\/et_pb_image][\/et_pb_column][et_pb_column type=\u00a0\u00bb2_3&Prime; module_class=\u00a0\u00bbcentrer-verticalement\u00a0\u00bb _builder_version=\u00a0\u00bb4.19.5&Prime; _module_preset=\u00a0\u00bbdefault\u00a0\u00bb global_colors_info=\u00a0\u00bb{}\u00a0\u00bb][et_pb_text _builder_version=\u00a0\u00bb4.19.5&Prime; _module_preset=\u00a0\u00bbdefault\u00a0\u00bb text_font=\u00a0\u00bbMontserrat Alternates|600|||||||\u00a0\u00bb text_text_color=\u00a0\u00bb#FE6400&Prime; text_font_size=\u00a0\u00bb19px\u00a0\u00bb header_text_color=\u00a0\u00bb#FE6400&Prime; custom_padding=\u00a0\u00bb||0px|||\u00a0\u00bb link_option_url=\u00a0\u00bbhttps:\/\/www.atmp-drome.fr\/\u00a0\u00bb link_option_url_new_window=\u00a0\u00bbon\u00a0\u00bb global_colors_info=\u00a0\u00bb{}\u00a0\u00bb]<\/p>\n<h2 style=\"text-align: left;\">ATMP de la Dr\u00f4me<\/h2>\n<p>[\/et_pb_text][et_pb_text _builder_version=\u00a0\u00bb4.19.5&Prime; _module_preset=\u00a0\u00bbdefault\u00a0\u00bb custom_margin=\u00a0\u00bb-21px|||||\u00a0\u00bb custom_padding=\u00a0\u00bb0px|||||\u00a0\u00bb link_option_url=\u00a0\u00bbhttps:\/\/www.atmp-drome.fr\/\u00a0\u00bb link_option_url_new_window=\u00a0\u00bbon\u00a0\u00bb global_colors_info=\u00a0\u00bb{}\u00a0\u00bb]<\/p>\n<p><span style=\"font-weight: 400;\">Mesures de protection juridique aupr\u00e8s <\/span><span style=\"font-weight: 400;\">de personnes majeures instaur\u00e9es par\u00a0 <\/span><span style=\"font-weight: 400;\">la loi 2007-308 du 05 mars 2007.<\/span><\/p>\n<p style=\"text-align: justify;\"><span>Service Mandataire \u00e0 la Protection des Majeurs Service d\u2019information et de Soutien aux Tuteurs Familiaux<\/span><\/p>\n<p>[\/et_pb_text][\/et_pb_column][\/et_pb_row][et_pb_row column_structure=\u00a0\u00bb1_3,2_3&Prime; make_equal=\u00a0\u00bbon\u00a0\u00bb _builder_version=\u00a0\u00bb4.19.5&Prime; _module_preset=\u00a0\u00bbdefault\u00a0\u00bb global_colors_info=\u00a0\u00bb{}\u00a0\u00bb][et_pb_column type=\u00a0\u00bb1_3&Prime; module_class=\u00a0\u00bbcentrer-verticalement\u00a0\u00bb _builder_version=\u00a0\u00bb4.19.5&Prime; _module_preset=\u00a0\u00bbdefault\u00a0\u00bb global_colors_info=\u00a0\u00bb{}\u00a0\u00bb][et_pb_image src=\u00a0\u00bbhttps:\/\/www.collectifdromehandicap.fr\/wp-content\/uploads\/2023\/02\/Atrir.png\u00a0\u00bb title_text=\u00a0\u00bbAtrir\u00a0\u00bb url=\u00a0\u00bbhttps:\/\/www.orsac.fr\/etablissement\/atrir-les-rieux\/\u00a0\u00bb url_new_window=\u00a0\u00bbon\u00a0\u00bb _builder_version=\u00a0\u00bb4.19.5&Prime; _module_preset=\u00a0\u00bbdefault\u00a0\u00bb global_colors_info=\u00a0\u00bb{}\u00a0\u00bb][\/et_pb_image][\/et_pb_column][et_pb_column type=\u00a0\u00bb2_3&Prime; module_class=\u00a0\u00bbcentrer-verticalement\u00a0\u00bb _builder_version=\u00a0\u00bb4.19.5&Prime; _module_preset=\u00a0\u00bbdefault\u00a0\u00bb global_colors_info=\u00a0\u00bb{}\u00a0\u00bb][et_pb_text _builder_version=\u00a0\u00bb4.19.5&Prime; _module_preset=\u00a0\u00bbdefault\u00a0\u00bb text_font=\u00a0\u00bbMontserrat Alternates|600|||||||\u00a0\u00bb text_text_color=\u00a0\u00bb#FE6400&Prime; text_font_size=\u00a0\u00bb19px\u00a0\u00bb header_text_color=\u00a0\u00bb#FE6400&Prime; custom_padding=\u00a0\u00bb||0px|||\u00a0\u00bb link_option_url=\u00a0\u00bbhttps:\/\/www.orsac.fr\/etablissement\/atrir-les-rieux\/\u00a0\u00bb link_option_url_new_window=\u00a0\u00bbon\u00a0\u00bb global_colors_info=\u00a0\u00bb{}\u00a0\u00bb]<\/p>\n<h2 style=\"text-align: left;\">ATRIR<\/h2>\n<p>[\/et_pb_text][et_pb_text _builder_version=\u00a0\u00bb4.19.5&Prime; _module_preset=\u00a0\u00bbdefault\u00a0\u00bb custom_margin=\u00a0\u00bb-21px|||||\u00a0\u00bb custom_padding=\u00a0\u00bb0px||0px|||\u00a0\u00bb link_option_url=\u00a0\u00bbhttps:\/\/www.orsac.fr\/etablissement\/atrir-les-rieux\/\u00a0\u00bb link_option_url_new_window=\u00a0\u00bbon\u00a0\u00bb global_colors_info=\u00a0\u00bb{}\u00a0\u00bb]<\/p>\n<p style=\"text-align: justify;\">Traiter en situation aigu\u00eb et chronique les personnes en situation d\u2019insuffisance respiratoire. Accueillir des personnes en situation de d\u00e9pendance en Unit\u00e9 de Soins de Longue Dur\u00e9e. Int\u00e9grer professionnellement et socialement des personnes en situation de handicap dans le cadre d\u2019un travail prot\u00e9g\u00e9 et d\u2019un h\u00e9bergement adapt\u00e9.<\/p>\n<p>[\/et_pb_text][\/et_pb_column][\/et_pb_row][et_pb_row column_structure=\u00a0\u00bb1_3,2_3&Prime; make_equal=\u00a0\u00bbon\u00a0\u00bb _builder_version=\u00a0\u00bb4.19.5&Prime; _module_preset=\u00a0\u00bbdefault\u00a0\u00bb global_colors_info=\u00a0\u00bb{}\u00a0\u00bb][et_pb_column type=\u00a0\u00bb1_3&Prime; module_class=\u00a0\u00bbcentrer-verticalement\u00a0\u00bb _builder_version=\u00a0\u00bb4.19.5&Prime; _module_preset=\u00a0\u00bbdefault\u00a0\u00bb global_colors_info=\u00a0\u00bb{}\u00a0\u00bb][et_pb_image src=\u00a0\u00bbhttps:\/\/www.collectifdromehandicap.fr\/wp-content\/uploads\/2023\/02\/unnamed.png\u00a0\u00bb title_text=\u00a0\u00bbunnamed\u00a0\u00bb url=\u00a0\u00bbhttps:\/\/www.facebook.com\/C3DHCitoyenneteDefenseHandicap\/\u00a0\u00bb url_new_window=\u00a0\u00bbon\u00a0\u00bb align=\u00a0\u00bbcenter\u00a0\u00bb _builder_version=\u00a0\u00bb4.19.5&Prime; _module_preset=\u00a0\u00bbdefault\u00a0\u00bb transform_scale=\u00a0\u00bb108%|108%\u00a0\u00bb global_colors_info=\u00a0\u00bb{}\u00a0\u00bb][\/et_pb_image][\/et_pb_column][et_pb_column type=\u00a0\u00bb2_3&Prime; module_class=\u00a0\u00bbcentrer-verticalement\u00a0\u00bb _builder_version=\u00a0\u00bb4.19.5&Prime; _module_preset=\u00a0\u00bbdefault\u00a0\u00bb global_colors_info=\u00a0\u00bb{}\u00a0\u00bb][et_pb_text _builder_version=\u00a0\u00bb4.19.5&Prime; _module_preset=\u00a0\u00bbdefault\u00a0\u00bb text_font=\u00a0\u00bbMontserrat Alternates|600|||||||\u00a0\u00bb text_text_color=\u00a0\u00bb#FE6400&Prime; text_font_size=\u00a0\u00bb19px\u00a0\u00bb header_text_color=\u00a0\u00bb#FE6400&Prime; link_option_url=\u00a0\u00bbhttps:\/\/www.facebook.com\/C3DHCitoyenneteDefenseHandicap\/\u00a0\u00bb link_option_url_new_window=\u00a0\u00bbon\u00a0\u00bb global_colors_info=\u00a0\u00bb{}\u00a0\u00bb]<\/p>\n<h2 style=\"text-align: left;\">C3DH<\/h2>\n<p>[\/et_pb_text][et_pb_text _builder_version=\u00a0\u00bb4.19.5&Prime; _module_preset=\u00a0\u00bbdefault\u00a0\u00bb custom_margin=\u00a0\u00bb-23px|||||\u00a0\u00bb link_option_url=\u00a0\u00bbhttps:\/\/www.facebook.com\/C3DHCitoyenneteDefenseHandicap\/\u00a0\u00bb link_option_url_new_window=\u00a0\u00bbon\u00a0\u00bb global_colors_info=\u00a0\u00bb{}\u00a0\u00bb]<\/p>\n<p style=\"text-align: justify;\">Malgr\u00e9 une perte d\u2019autonomie, ou de mobilit\u00e9, se donner les moyens de se r\u00e9approprier sa vie, gr\u00e2ce au partage de nos exp\u00e9riences et \u00e0 la cr\u00e9ation de liens.<br \/>Ecoute et conseils en direction de toutes personnes vivant la perte d\u2019autonomie et en lien avec toutes les structures.<br \/>Aide \u00e0 la reconnaissance et \u00e0 la d\u00e9fense des droits en luttant contre les obstacles quotidiens et environnementaux (culturels, sociaux, r\u00e9glementaires et architecturaux).<\/p>\n<p>[\/et_pb_text][\/et_pb_column][\/et_pb_row][et_pb_row column_structure=\u00a0\u00bb1_3,2_3&Prime; make_equal=\u00a0\u00bbon\u00a0\u00bb _builder_version=\u00a0\u00bb4.19.5&Prime; _module_preset=\u00a0\u00bbdefault\u00a0\u00bb global_colors_info=\u00a0\u00bb{}\u00a0\u00bb][et_pb_column type=\u00a0\u00bb1_3&Prime; module_class=\u00a0\u00bbcentrer-verticalement\u00a0\u00bb _builder_version=\u00a0\u00bb4.19.5&Prime; _module_preset=\u00a0\u00bbdefault\u00a0\u00bb global_colors_info=\u00a0\u00bb{}\u00a0\u00bb][et_pb_image src=\u00a0\u00bbhttps:\/\/www.collectifdromehandicap.fr\/wp-content\/uploads\/2023\/02\/26-07-CDSA_horizontal.png\u00a0\u00bb title_text=\u00a0\u00bb26-07-CDSA_horizontal\u00a0\u00bb url=\u00a0\u00bbhttps:\/\/sportadapte2607.fr\/\u00a0\u00bb url_new_window=\u00a0\u00bbon\u00a0\u00bb align=\u00a0\u00bbcenter\u00a0\u00bb _builder_version=\u00a0\u00bb4.19.5&Prime; _module_preset=\u00a0\u00bbdefault\u00a0\u00bb transform_scale=\u00a0\u00bb108%|108%\u00a0\u00bb global_colors_info=\u00a0\u00bb{}\u00a0\u00bb][\/et_pb_image][\/et_pb_column][et_pb_column type=\u00a0\u00bb2_3&Prime; module_class=\u00a0\u00bbcentrer-verticalement\u00a0\u00bb _builder_version=\u00a0\u00bb4.19.5&Prime; _module_preset=\u00a0\u00bbdefault\u00a0\u00bb global_colors_info=\u00a0\u00bb{}\u00a0\u00bb][et_pb_text _builder_version=\u00a0\u00bb4.19.5&Prime; _module_preset=\u00a0\u00bbdefault\u00a0\u00bb text_font=\u00a0\u00bbMontserrat Alternates|600|||||||\u00a0\u00bb text_text_color=\u00a0\u00bb#FE6400&Prime; text_font_size=\u00a0\u00bb19px\u00a0\u00bb header_text_color=\u00a0\u00bb#FE6400&Prime; link_option_url=\u00a0\u00bbhttps:\/\/sportadapte2607.fr\/\u00a0\u00bb link_option_url_new_window=\u00a0\u00bbon\u00a0\u00bb global_colors_info=\u00a0\u00bb{}\u00a0\u00bb]<\/p>\n<h2 style=\"text-align: left;\">CDSA Dr\u00f4me Ard\u00e8che<\/h2>\n<p>[\/et_pb_text][et_pb_text _builder_version=\u00a0\u00bb4.19.5&Prime; _module_preset=\u00a0\u00bbdefault\u00a0\u00bb custom_margin=\u00a0\u00bb-23px|||||\u00a0\u00bb link_option_url=\u00a0\u00bbhttps:\/\/sportadapte2607.fr\/\u00a0\u00bb link_option_url_new_window=\u00a0\u00bbon\u00a0\u00bb global_colors_info=\u00a0\u00bb{}\u00a0\u00bb]<\/p>\n<p style=\"text-align: justify;\">D\u00e9velopper l&rsquo;offre de pratique sportive adapt\u00e9e et plus pr\u00e9cis\u00e9ment l&rsquo;offre F\u00e9d\u00e9rale Sport Adapt\u00e9 \u00e0 destinations des personnes en situation de handicap mental, pr\u00e9sentant des troubles du spectre de l&rsquo;autisme et\/ou des troubles psychiques, qu&rsquo;elles soient jeunes ou adultes sur l&rsquo;ensemble de la Dr\u00f4me et de l&rsquo;Ard\u00e8che.<\/p>\n<p>[\/et_pb_text][\/et_pb_column][\/et_pb_row][et_pb_row column_structure=\u00a0\u00bb1_3,2_3&Prime; make_equal=\u00a0\u00bbon\u00a0\u00bb _builder_version=\u00a0\u00bb4.19.5&Prime; _module_preset=\u00a0\u00bbdefault\u00a0\u00bb global_colors_info=\u00a0\u00bb{}\u00a0\u00bb][et_pb_column type=\u00a0\u00bb1_3&Prime; module_class=\u00a0\u00bbcentrer-verticalement\u00a0\u00bb _builder_version=\u00a0\u00bb4.19.5&Prime; _module_preset=\u00a0\u00bbdefault\u00a0\u00bb global_colors_info=\u00a0\u00bb{}\u00a0\u00bb][et_pb_image src=\u00a0\u00bbhttps:\/\/www.collectifdromehandicap.fr\/wp-content\/uploads\/2023\/02\/Comite-Handispot-Drome.jpg\u00a0\u00bb title_text=\u00a0\u00bblogoHandiD_Horiz\u00a0\u00bb url=\u00a0\u00bbhttp:\/\/handisport26.org\/\u00a0\u00bb url_new_window=\u00a0\u00bbon\u00a0\u00bb align=\u00a0\u00bbcenter\u00a0\u00bb _builder_version=\u00a0\u00bb4.19.5&Prime; _module_preset=\u00a0\u00bbdefault\u00a0\u00bb global_colors_info=\u00a0\u00bb{}\u00a0\u00bb][\/et_pb_image][\/et_pb_column][et_pb_column type=\u00a0\u00bb2_3&Prime; module_class=\u00a0\u00bbcentrer-verticalement\u00a0\u00bb _builder_version=\u00a0\u00bb4.19.5&Prime; _module_preset=\u00a0\u00bbdefault\u00a0\u00bb global_colors_info=\u00a0\u00bb{}\u00a0\u00bb][et_pb_text _builder_version=\u00a0\u00bb4.19.5&Prime; _module_preset=\u00a0\u00bbdefault\u00a0\u00bb text_font=\u00a0\u00bbMontserrat Alternates|600|||||||\u00a0\u00bb text_text_color=\u00a0\u00bb#FE6400&Prime; text_font_size=\u00a0\u00bb19px\u00a0\u00bb header_text_color=\u00a0\u00bb#FE6400&Prime; link_option_url=\u00a0\u00bbhttp:\/\/handisport26.org\/\u00a0\u00bb link_option_url_new_window=\u00a0\u00bbon\u00a0\u00bb global_colors_info=\u00a0\u00bb{}\u00a0\u00bb]<\/p>\n<h2 style=\"text-align: left;\">Comit\u00e9 HANDISPORT Dr\u00f4me<\/h2>\n<p>[\/et_pb_text][et_pb_text _builder_version=\u00a0\u00bb4.20.2&Prime; _module_preset=\u00a0\u00bbdefault\u00a0\u00bb custom_margin=\u00a0\u00bb-23px|||||\u00a0\u00bb link_option_url=\u00a0\u00bbhttp:\/\/handisport26.org\/\u00a0\u00bb link_option_url_new_window=\u00a0\u00bbon\u00a0\u00bb global_colors_info=\u00a0\u00bb{}\u00a0\u00bb]<\/p>\n<p style=\"text-align: justify;\">Association D\u00e9partementale, affili\u00e9e \u00e0 la F\u00e9d\u00e9ration Fran\u00e7aise Handisport, ayant pour objectif le d\u00e9veloppement, l\u2019organisation et la promotion des activit\u00e9s physiques adapt\u00e9es \u00e0 destination d\u2019un public d\u00e9ficient moteur et\/ou sensoriel dans la Dr\u00f4me.<br \/>Acc\u00e8s aux sports pour tous.<\/p>\n<p>[\/et_pb_text][\/et_pb_column][\/et_pb_row][et_pb_row column_structure=\u00a0\u00bb1_3,2_3&Prime; make_equal=\u00a0\u00bbon\u00a0\u00bb _builder_version=\u00a0\u00bb4.19.5&Prime; _module_preset=\u00a0\u00bbdefault\u00a0\u00bb global_colors_info=\u00a0\u00bb{}\u00a0\u00bb][et_pb_column type=\u00a0\u00bb1_3&Prime; module_class=\u00a0\u00bbcentrer-verticalement\u00a0\u00bb _builder_version=\u00a0\u00bb4.19.5&Prime; _module_preset=\u00a0\u00bbdefault\u00a0\u00bb global_colors_info=\u00a0\u00bb{}\u00a0\u00bb][et_pb_image src=\u00a0\u00bbhttps:\/\/www.collectifdromehandicap.fr\/wp-content\/uploads\/2023\/02\/Croix-Rouge-Montelimar.png\u00a0\u00bb title_text=\u00a0\u00bbCroix Rouge Mont\u00e9limar\u00a0\u00bb url=\u00a0\u00bbhttps:\/\/pourvous.croix-rouge.fr\/etablissement-et-service-d-aide-par-le-travail-alain-boubel\u00a0\u00bb url_new_window=\u00a0\u00bbon\u00a0\u00bb _builder_version=\u00a0\u00bb4.19.5&Prime; _module_preset=\u00a0\u00bbdefault\u00a0\u00bb global_colors_info=\u00a0\u00bb{}\u00a0\u00bb][\/et_pb_image][\/et_pb_column][et_pb_column type=\u00a0\u00bb2_3&Prime; module_class=\u00a0\u00bbcentrer-verticalement\u00a0\u00bb _builder_version=\u00a0\u00bb4.19.5&Prime; _module_preset=\u00a0\u00bbdefault\u00a0\u00bb global_colors_info=\u00a0\u00bb{}\u00a0\u00bb][et_pb_text _builder_version=\u00a0\u00bb4.19.5&Prime; _module_preset=\u00a0\u00bbdefault\u00a0\u00bb text_font=\u00a0\u00bbMontserrat Alternates|600|||||||\u00a0\u00bb text_text_color=\u00a0\u00bb#FE6400&Prime; text_font_size=\u00a0\u00bb19px\u00a0\u00bb header_text_color=\u00a0\u00bb#FE6400&Prime; custom_padding=\u00a0\u00bb||0px|||\u00a0\u00bb link_option_url=\u00a0\u00bbhttps:\/\/pourvous.croix-rouge.fr\/etablissement-et-service-d-aide-par-le-travail-alain-boubel\u00a0\u00bb link_option_url_new_window=\u00a0\u00bbon\u00a0\u00bb global_colors_info=\u00a0\u00bb{}\u00a0\u00bb]<\/p>\n<h2 style=\"text-align: left;\">CROIX ROUGE Mont\u00e9limar \u00c9tablissement et service d&rsquo;aide par le travail<\/h2>\n<p>[\/et_pb_text][et_pb_text _builder_version=\u00a0\u00bb4.19.5&Prime; _module_preset=\u00a0\u00bbdefault\u00a0\u00bb custom_margin=\u00a0\u00bb-21px|||||\u00a0\u00bb custom_padding=\u00a0\u00bb0px||0px|||\u00a0\u00bb link_option_url=\u00a0\u00bbhttps:\/\/pourvous.croix-rouge.fr\/etablissement-et-service-d-aide-par-le-travail-alain-boubel\u00a0\u00bb link_option_url_new_window=\u00a0\u00bbon\u00a0\u00bb global_colors_info=\u00a0\u00bb{}\u00a0\u00bb]<\/p>\n<p style=\"text-align: justify;\"><span>L\u2019Etablissement et service d&rsquo;aide par le travail (ESAT) de Mont\u00e9limar est l\u2019une des composantes des Ateliers Sud Rh\u00f4ne-Alpes comprenant \u00e9galement l\u2019Entreprise adapt\u00e9e (EA) du Meyrol \u00e0 Mont\u00e9limar et l\u2019ESAT de Beauchastel. L\u2019ESAT de Mont\u00e9limar accueille 89 Adultes en situation de handicap, provenant de la Dr\u00f4me et de l\u2019Ard\u00e8che. L\u2019ESAT propose diverses activit\u00e9s aux travailleurs : une menuiserie, 2 \u00e9quipes espaces verts, 5 \u00e9quipes de conditionnement, une \u00e9quipe multiservices, et des mises \u00e0 disposition en entreprise.<\/span><\/p>\n<p>[\/et_pb_text][\/et_pb_column][\/et_pb_row][et_pb_row column_structure=\u00a0\u00bb1_3,2_3&Prime; make_equal=\u00a0\u00bbon\u00a0\u00bb _builder_version=\u00a0\u00bb4.19.5&Prime; _module_preset=\u00a0\u00bbdefault\u00a0\u00bb global_colors_info=\u00a0\u00bb{}\u00a0\u00bb][et_pb_column type=\u00a0\u00bb1_3&Prime; module_class=\u00a0\u00bbcentrer-verticalement\u00a0\u00bb _builder_version=\u00a0\u00bb4.19.5&Prime; _module_preset=\u00a0\u00bbdefault\u00a0\u00bb global_colors_info=\u00a0\u00bb{}\u00a0\u00bb][et_pb_image src=\u00a0\u00bbhttps:\/\/www.collectifdromehandicap.fr\/wp-content\/uploads\/2023\/02\/Croix-Rouge-Recoubeau.png\u00a0\u00bb title_text=\u00a0\u00bbCroix Rouge Recoubeau\u00a0\u00bb url=\u00a0\u00bbhttps:\/\/pourvous.croix-rouge.fr\/etablissement-et-service-d-aide-par-le-travail-de-recoubeau-jansac\u00a0\u00bb url_new_window=\u00a0\u00bbon\u00a0\u00bb _builder_version=\u00a0\u00bb4.19.5&Prime; _module_preset=\u00a0\u00bbdefault\u00a0\u00bb global_colors_info=\u00a0\u00bb{}\u00a0\u00bb][\/et_pb_image][\/et_pb_column][et_pb_column type=\u00a0\u00bb2_3&Prime; module_class=\u00a0\u00bbcentrer-verticalement\u00a0\u00bb _builder_version=\u00a0\u00bb4.19.5&Prime; _module_preset=\u00a0\u00bbdefault\u00a0\u00bb global_colors_info=\u00a0\u00bb{}\u00a0\u00bb][et_pb_text _builder_version=\u00a0\u00bb4.19.5&Prime; _module_preset=\u00a0\u00bbdefault\u00a0\u00bb text_font=\u00a0\u00bbMontserrat Alternates|600|||||||\u00a0\u00bb text_text_color=\u00a0\u00bb#FE6400&Prime; text_font_size=\u00a0\u00bb19px\u00a0\u00bb header_text_color=\u00a0\u00bb#FE6400&Prime; custom_padding=\u00a0\u00bb||0px|||\u00a0\u00bb link_option_url=\u00a0\u00bbhttps:\/\/pourvous.croix-rouge.fr\/etablissement-et-service-d-aide-par-le-travail-de-recoubeau-jansac\u00a0\u00bb link_option_url_new_window=\u00a0\u00bbon\u00a0\u00bb global_colors_info=\u00a0\u00bb{}\u00a0\u00bb]<\/p>\n<h2 style=\"text-align: left;\">CROIX ROUGE Recoubeau-Jansac \u00c9tablissement et service d&rsquo;aide par le travail<\/h2>\n<p>[\/et_pb_text][et_pb_text _builder_version=\u00a0\u00bb4.19.5&Prime; _module_preset=\u00a0\u00bbdefault\u00a0\u00bb custom_margin=\u00a0\u00bb-19px|||||\u00a0\u00bb custom_padding=\u00a0\u00bb0px||0px|||\u00a0\u00bb link_option_url=\u00a0\u00bbhttps:\/\/pourvous.croix-rouge.fr\/etablissement-et-service-d-aide-par-le-travail-de-recoubeau-jansac\u00a0\u00bb link_option_url_new_window=\u00a0\u00bbon\u00a0\u00bb global_colors_info=\u00a0\u00bb{}\u00a0\u00bb]<\/p>\n<p style=\"text-align: justify;\"><span>L\u2019Etablissement et service d&rsquo;aide par le travail (ESAT) de Recoubeau-Jonsac est compos\u00e9 du Foyer d\u2019H\u00e9bergement, du Foyer Appartements, du Service d&rsquo;accompagnement \u00e0 la vie sociale (SAVS). Les \u00e9tablissements et services d\u2019aide par le travail accueillent des personnes handicap\u00e9es dont les capacit\u00e9s de travail ne leur permettent, momentan\u00e9ment ou durablement, \u00e0 temps plein ou \u00e0 temps partiel, ni de travailler dans une entreprise ordinaire ou dans une entreprise adapt\u00e9e ou pour le compte d\u2019un centre de distribution de travail \u00e0 domicile, ni d\u2019exercer une activit\u00e9 professionnelle ind\u00e9pendante. Ils leur offrent des possibilit\u00e9s d\u2019activit\u00e9s diverses \u00e0 caract\u00e8re professionnel, ainsi qu\u2019un soutien m\u00e9dico-social et \u00e9ducatif, en vue de favoriser leur \u00e9panouissement personnel et social.<\/span><\/p>\n<p>[\/et_pb_text][\/et_pb_column][\/et_pb_row][et_pb_row column_structure=\u00a0\u00bb1_3,2_3&Prime; make_equal=\u00a0\u00bbon\u00a0\u00bb _builder_version=\u00a0\u00bb4.19.5&Prime; _module_preset=\u00a0\u00bbdefault\u00a0\u00bb global_colors_info=\u00a0\u00bb{}\u00a0\u00bb][et_pb_column type=\u00a0\u00bb1_3&Prime; module_class=\u00a0\u00bbcentrer-verticalement\u00a0\u00bb _builder_version=\u00a0\u00bb4.19.5&Prime; _module_preset=\u00a0\u00bbdefault\u00a0\u00bb global_colors_info=\u00a0\u00bb{}\u00a0\u00bb][et_pb_image src=\u00a0\u00bbhttps:\/\/www.collectifdromehandicap.fr\/wp-content\/uploads\/2023\/02\/handiscore.jpg\u00a0\u00bb title_text=\u00a0\u00bbhandiscore\u00a0\u00bb url=\u00a0\u00bbhttps:\/\/www.handiscore.fr\/\u00a0\u00bb url_new_window=\u00a0\u00bbon\u00a0\u00bb align=\u00a0\u00bbcenter\u00a0\u00bb _builder_version=\u00a0\u00bb4.19.5&Prime; _module_preset=\u00a0\u00bbdefault\u00a0\u00bb transform_scale=\u00a0\u00bb144%|144%\u00a0\u00bb global_colors_info=\u00a0\u00bb{}\u00a0\u00bb][\/et_pb_image][\/et_pb_column][et_pb_column type=\u00a0\u00bb2_3&Prime; module_class=\u00a0\u00bbcentrer-verticalement\u00a0\u00bb _builder_version=\u00a0\u00bb4.19.5&Prime; _module_preset=\u00a0\u00bbdefault\u00a0\u00bb global_colors_info=\u00a0\u00bb{}\u00a0\u00bb][et_pb_text _builder_version=\u00a0\u00bb4.19.5&Prime; _module_preset=\u00a0\u00bbdefault\u00a0\u00bb text_font=\u00a0\u00bbMontserrat Alternates|600|||||||\u00a0\u00bb text_text_color=\u00a0\u00bb#FE6400&Prime; text_font_size=\u00a0\u00bb19px\u00a0\u00bb header_text_color=\u00a0\u00bb#FE6400&Prime; link_option_url=\u00a0\u00bbhttps:\/\/www.handiscore.fr\/\u00a0\u00bb link_option_url_new_window=\u00a0\u00bbon\u00a0\u00bb global_colors_info=\u00a0\u00bb{}\u00a0\u00bb]<\/p>\n<h2 style=\"text-align: left;\">HANDISCORE<\/h2>\n<p>[\/et_pb_text][et_pb_text _builder_version=\u00a0\u00bb4.19.5&Prime; _module_preset=\u00a0\u00bbdefault\u00a0\u00bb custom_margin=\u00a0\u00bb-23px|||||\u00a0\u00bb link_option_url=\u00a0\u00bbhttps:\/\/www.handiscore.fr\/\u00a0\u00bb link_option_url_new_window=\u00a0\u00bbon\u00a0\u00bb global_colors_info=\u00a0\u00bb{}\u00a0\u00bb]<\/p>\n<p>Association qui se pr\u00e9occupe de l&rsquo;accessibilit\u00e9 des lieux publics et des voiries.<br \/><span>Enqu\u00eates d&rsquo;accessibilti\u00e9 dans un but d&rsquo;am\u00e9lioration de la vie quotidienne des personnes \u00e0 mobilit\u00e9 r\u00e9duite.<\/span><\/p>\n<p>[\/et_pb_text][\/et_pb_column][\/et_pb_row][et_pb_row column_structure=\u00a0\u00bb1_3,2_3&Prime; make_equal=\u00a0\u00bbon\u00a0\u00bb _builder_version=\u00a0\u00bb4.19.5&Prime; _module_preset=\u00a0\u00bbdefault\u00a0\u00bb global_colors_info=\u00a0\u00bb{}\u00a0\u00bb][et_pb_column type=\u00a0\u00bb1_3&Prime; module_class=\u00a0\u00bbcentrer-verticalement\u00a0\u00bb _builder_version=\u00a0\u00bb4.19.5&Prime; _module_preset=\u00a0\u00bbdefault\u00a0\u00bb global_colors_info=\u00a0\u00bb{}\u00a0\u00bb][et_pb_image src=\u00a0\u00bbhttps:\/\/www.collectifdromehandicap.fr\/wp-content\/uploads\/2023\/02\/Handisport-Valence.png\u00a0\u00bb title_text=\u00a0\u00bbHandisport Valence\u00a0\u00bb url=\u00a0\u00bbhttps:\/\/www.handisport-valence.com\/\u00a0\u00bb url_new_window=\u00a0\u00bbon\u00a0\u00bb align=\u00a0\u00bbcenter\u00a0\u00bb _builder_version=\u00a0\u00bb4.19.5&Prime; _module_preset=\u00a0\u00bbdefault\u00a0\u00bb transform_scale=\u00a0\u00bb108%|108%\u00a0\u00bb global_colors_info=\u00a0\u00bb{}\u00a0\u00bb][\/et_pb_image][\/et_pb_column][et_pb_column type=\u00a0\u00bb2_3&Prime; module_class=\u00a0\u00bbcentrer-verticalement\u00a0\u00bb _builder_version=\u00a0\u00bb4.19.5&Prime; _module_preset=\u00a0\u00bbdefault\u00a0\u00bb global_colors_info=\u00a0\u00bb{}\u00a0\u00bb][et_pb_text _builder_version=\u00a0\u00bb4.19.5&Prime; _module_preset=\u00a0\u00bbdefault\u00a0\u00bb text_font=\u00a0\u00bbMontserrat Alternates|600|||||||\u00a0\u00bb text_text_color=\u00a0\u00bb#FE6400&Prime; text_font_size=\u00a0\u00bb19px\u00a0\u00bb header_text_color=\u00a0\u00bb#FE6400&Prime; link_option_url=\u00a0\u00bbhttps:\/\/www.handisport-valence.com\/\u00a0\u00bb link_option_url_new_window=\u00a0\u00bbon\u00a0\u00bb global_colors_info=\u00a0\u00bb{}\u00a0\u00bb]<\/p>\n<h2 style=\"text-align: left;\">HANDISPORT Valence<\/h2>\n<p>[\/et_pb_text][et_pb_text _builder_version=\u00a0\u00bb4.20.2&Prime; _module_preset=\u00a0\u00bbdefault\u00a0\u00bb custom_margin=\u00a0\u00bb-23px|||||\u00a0\u00bb link_option_url=\u00a0\u00bbhttps:\/\/www.handisport-valence.com\/\u00a0\u00bb link_option_url_new_window=\u00a0\u00bbon\u00a0\u00bb global_colors_info=\u00a0\u00bb{}\u00a0\u00bb]<\/p>\n<p style=\"text-align: justify;\">Association Multisports, affili\u00e9e \u00e0 la F\u00e9d\u00e9ration Fran\u00e7aise Handisport, ayant pour objectif le d\u00e9veloppement, l\u2019organisation et la promotion des activit\u00e9s physiques adapt\u00e9es \u00e0 destination d\u2019un public d\u00e9ficient moteur et\/ou sensoriel dans l\u2019agglom\u00e9ration valentinoise.<br \/>Acc\u00e8s aux sports pour tous.<\/p>\n<p>[\/et_pb_text][\/et_pb_column][\/et_pb_row][et_pb_row column_structure=\u00a0\u00bb1_3,2_3&Prime; make_equal=\u00a0\u00bbon\u00a0\u00bb _builder_version=\u00a0\u00bb4.19.5&Prime; _module_preset=\u00a0\u00bbdefault\u00a0\u00bb global_colors_info=\u00a0\u00bb{}\u00a0\u00bb][et_pb_column type=\u00a0\u00bb1_3&Prime; module_class=\u00a0\u00bbcentrer-verticalement\u00a0\u00bb _builder_version=\u00a0\u00bb4.19.5&Prime; _module_preset=\u00a0\u00bbdefault\u00a0\u00bb global_colors_info=\u00a0\u00bb{}\u00a0\u00bb][et_pb_image src=\u00a0\u00bbhttps:\/\/www.collectifdromehandicap.fr\/wp-content\/uploads\/2023\/02\/LADAPT.jpg\u00a0\u00bb title_text=\u00a0\u00bbLADAPT\u00a0\u00bb url=\u00a0\u00bbhttps:\/\/www.ladapt.net\/etablissement-service-auvergne-rhone-alpes-drome-ardeche\u00a0\u00bb url_new_window=\u00a0\u00bbon\u00a0\u00bb align=\u00a0\u00bbcenter\u00a0\u00bb _builder_version=\u00a0\u00bb4.19.5&Prime; _module_preset=\u00a0\u00bbdefault\u00a0\u00bb transform_scale=\u00a0\u00bb108%|108%\u00a0\u00bb width=\u00a0\u00bb50%\u00a0\u00bb global_colors_info=\u00a0\u00bb{}\u00a0\u00bb][\/et_pb_image][\/et_pb_column][et_pb_column type=\u00a0\u00bb2_3&Prime; module_class=\u00a0\u00bbcentrer-verticalement\u00a0\u00bb _builder_version=\u00a0\u00bb4.19.5&Prime; _module_preset=\u00a0\u00bbdefault\u00a0\u00bb global_colors_info=\u00a0\u00bb{}\u00a0\u00bb][et_pb_text _builder_version=\u00a0\u00bb4.19.5&Prime; _module_preset=\u00a0\u00bbdefault\u00a0\u00bb text_font=\u00a0\u00bbMontserrat Alternates|600|||||||\u00a0\u00bb text_text_color=\u00a0\u00bb#FE6400&Prime; text_font_size=\u00a0\u00bb19px\u00a0\u00bb header_text_color=\u00a0\u00bb#FE6400&Prime; link_option_url=\u00a0\u00bbhttps:\/\/www.ladapt.net\/etablissement-service-auvergne-rhone-alpes-drome-ardeche\u00a0\u00bb link_option_url_new_window=\u00a0\u00bbon\u00a0\u00bb global_colors_info=\u00a0\u00bb{}\u00a0\u00bb]<\/p>\n<h2 style=\"text-align: left;\">LADAPT Dr\u00f4me Ard\u00e8che<\/h2>\n<p>[\/et_pb_text][et_pb_text _builder_version=\u00a0\u00bb4.19.5&Prime; _module_preset=\u00a0\u00bbdefault\u00a0\u00bb custom_margin=\u00a0\u00bb-23px|||||\u00a0\u00bb link_option_url=\u00a0\u00bbhttps:\/\/www.ladapt.net\/etablissement-service-auvergne-rhone-alpes-drome-ardeche\u00a0\u00bb link_option_url_new_window=\u00a0\u00bbon\u00a0\u00bb global_colors_info=\u00a0\u00bb{}\u00a0\u00bb]<\/p>\n<p style=\"text-align: justify;\"><span>Accompagne la personne handicap\u00e9e dans son combat ordinaire, celui de sa vie quotidienne pour que nous puissions \u00ab Vivre ensemble, \u00e9gaux et diff\u00e9rents \u00bb LADAPT Dr\u00f4me-Ard\u00e8che comprend un Secteur sanitaire et un Secteur m\u00e9dico-social, social et d\u2019insertion professionnelle. Il couvre ainsi une large palette de services, \u00e0 la fois sur les aspects de r\u00e9\u00e9ducation, de r\u00e9adaptation et de r\u00e9insertion.<\/span><\/p>\n<p>[\/et_pb_text][\/et_pb_column][\/et_pb_row][et_pb_row column_structure=\u00a0\u00bb1_3,2_3&Prime; make_equal=\u00a0\u00bbon\u00a0\u00bb _builder_version=\u00a0\u00bb4.19.5&Prime; _module_preset=\u00a0\u00bbdefault\u00a0\u00bb custom_padding=\u00a0\u00bb0px||0px|||\u00a0\u00bb global_colors_info=\u00a0\u00bb{}\u00a0\u00bb][et_pb_column type=\u00a0\u00bb1_3&Prime; module_class=\u00a0\u00bbcentrer-verticalement\u00a0\u00bb _builder_version=\u00a0\u00bb4.19.5&Prime; _module_preset=\u00a0\u00bbdefault\u00a0\u00bb global_colors_info=\u00a0\u00bb{}\u00a0\u00bb][et_pb_image src=\u00a0\u00bbhttps:\/\/www.collectifdromehandicap.fr\/wp-content\/uploads\/2023\/02\/MGEN-e1677171282112-246&#215;300.png\u00a0\u00bb title_text=\u00a0\u00bbMGEN\u00a0\u00bb url=\u00a0\u00bbhttps:\/\/www.mgen.fr\/\u00a0\u00bb url_new_window=\u00a0\u00bbon\u00a0\u00bb align=\u00a0\u00bbcenter\u00a0\u00bb _builder_version=\u00a0\u00bb4.19.5&Prime; _module_preset=\u00a0\u00bbdefault\u00a0\u00bb transform_scale=\u00a0\u00bb88%|88%\u00a0\u00bb global_colors_info=\u00a0\u00bb{}\u00a0\u00bb][\/et_pb_image][\/et_pb_column][et_pb_column type=\u00a0\u00bb2_3&Prime; module_class=\u00a0\u00bbcentrer-verticalement\u00a0\u00bb _builder_version=\u00a0\u00bb4.19.5&Prime; _module_preset=\u00a0\u00bbdefault\u00a0\u00bb global_colors_info=\u00a0\u00bb{}\u00a0\u00bb][et_pb_text _builder_version=\u00a0\u00bb4.19.5&Prime; _module_preset=\u00a0\u00bbdefault\u00a0\u00bb text_font=\u00a0\u00bbMontserrat Alternates|600|||||||\u00a0\u00bb text_text_color=\u00a0\u00bb#FE6400&Prime; text_font_size=\u00a0\u00bb19px\u00a0\u00bb header_text_color=\u00a0\u00bb#FE6400&Prime; link_option_url=\u00a0\u00bbhttps:\/\/www.mgen.fr\/\u00a0\u00bb link_option_url_new_window=\u00a0\u00bbon\u00a0\u00bb global_colors_info=\u00a0\u00bb{}\u00a0\u00bb]<\/p>\n<h2 style=\"text-align: left;\">MGEN \u00c9tablissements m\u00e9dico-sociaux du Royans<\/h2>\n<p>[\/et_pb_text][et_pb_text _builder_version=\u00a0\u00bb4.19.5&Prime; _module_preset=\u00a0\u00bbdefault\u00a0\u00bb custom_margin=\u00a0\u00bb-23px|||||\u00a0\u00bb link_option_url=\u00a0\u00bbhttps:\/\/www.mgen.fr\/\u00a0\u00bb link_option_url_new_window=\u00a0\u00bbon\u00a0\u00bb global_colors_info=\u00a0\u00bb{}\u00a0\u00bb]<\/p>\n<p style=\"text-align: justify;\"><span>Les ESMR ont vocation \u00e0 r\u00e9pondre aux besoins de toutes personnes en situation de handicap dans la limite de la capacit\u00e9 autoris\u00e9e et des agr\u00e9ments d\u00e9livr\u00e9s par l&rsquo;ARS et le D\u00e9partement de la Dr\u00f4me.<\/span><\/p>\n<p>[\/et_pb_text][\/et_pb_column][\/et_pb_row][et_pb_row column_structure=\u00a0\u00bb1_3,2_3&Prime; make_equal=\u00a0\u00bbon\u00a0\u00bb _builder_version=\u00a0\u00bb4.19.5&Prime; _module_preset=\u00a0\u00bbdefault\u00a0\u00bb custom_padding=\u00a0\u00bb0px||0px|||\u00a0\u00bb global_colors_info=\u00a0\u00bb{}\u00a0\u00bb][et_pb_column type=\u00a0\u00bb1_3&Prime; module_class=\u00a0\u00bbcentrer-verticalement\u00a0\u00bb _builder_version=\u00a0\u00bb4.19.5&Prime; _module_preset=\u00a0\u00bbdefault\u00a0\u00bb global_colors_info=\u00a0\u00bb{}\u00a0\u00bb][et_pb_image src=\u00a0\u00bbhttps:\/\/www.collectifdromehandicap.fr\/wp-content\/uploads\/2023\/02\/pepsra.png\u00a0\u00bb title_text=\u00a0\u00bbLes PEP SRA\u00a0\u00bb url=\u00a0\u00bbhttps:\/\/www.lespepsra.org\/\u00a0\u00bb url_new_window=\u00a0\u00bbon\u00a0\u00bb align=\u00a0\u00bbcenter\u00a0\u00bb _builder_version=\u00a0\u00bb4.19.5&Prime; _module_preset=\u00a0\u00bbdefault\u00a0\u00bb transform_scale=\u00a0\u00bb88%|88%\u00a0\u00bb global_colors_info=\u00a0\u00bb{}\u00a0\u00bb][\/et_pb_image][\/et_pb_column][et_pb_column type=\u00a0\u00bb2_3&Prime; module_class=\u00a0\u00bbcentrer-verticalement\u00a0\u00bb _builder_version=\u00a0\u00bb4.19.5&Prime; _module_preset=\u00a0\u00bbdefault\u00a0\u00bb global_colors_info=\u00a0\u00bb{}\u00a0\u00bb][et_pb_text _builder_version=\u00a0\u00bb4.19.5&Prime; _module_preset=\u00a0\u00bbdefault\u00a0\u00bb text_font=\u00a0\u00bbMontserrat Alternates|600|||||||\u00a0\u00bb text_text_color=\u00a0\u00bb#FE6400&Prime; text_font_size=\u00a0\u00bb19px\u00a0\u00bb header_text_color=\u00a0\u00bb#FE6400&Prime; custom_padding=\u00a0\u00bb0px|||||\u00a0\u00bb link_option_url=\u00a0\u00bbhttps:\/\/www.lespepsra.org\/\u00a0\u00bb link_option_url_new_window=\u00a0\u00bbon\u00a0\u00bb global_colors_info=\u00a0\u00bb{}\u00a0\u00bb]<\/p>\n<h2 style=\"text-align: left;\">Les PEP Sud Rh\u00f4ne Alpes<\/h2>\n<p>[\/et_pb_text][et_pb_text _builder_version=\u00a0\u00bb4.19.5&Prime; _module_preset=\u00a0\u00bbdefault\u00a0\u00bb custom_margin=\u00a0\u00bb-23px|||||\u00a0\u00bb link_option_url=\u00a0\u00bbhttps:\/\/www.lespepsra.org\/\u00a0\u00bb link_option_url_new_window=\u00a0\u00bbon\u00a0\u00bb global_colors_info=\u00a0\u00bb{}\u00a0\u00bb]<\/p>\n<p style=\"text-align: justify;\"><span>Les Pupilles de l\u2019Enseignement Public Sud Rh\u00f4ne Alpes est une association territoriale, r\u00e9gie par la loi de 1901, menant des actions dans les d\u00e9partements de l\u2019Ard\u00e8che, la Dr\u00f4me, l\u2019Is\u00e8re et les Hautes Alpes. Elle adh\u00e8re \u00e0 un r\u00e9seau national reconnu d\u2019utilit\u00e9 publique; Elle g\u00e8re une dizaine d\u2019\u00e9tablissements et services qui accompagnent : 200 enfants d\u00e9ficients visuels, auditifs, intellectuels (4 services ambulatoires de type SESSAD); 25 adultes polyhandicap\u00e9s (Maison d\u2019accueil sp\u00e9cialis\u00e9); 70 personnes atteintes de la maladie d\u2019Alzheimer (Accueil de jour Alzheimer); 130 familles dans le cadre d\u2019une plateforme de r\u00e9pit; 1 200 jeunes suivis dans les trois centres m\u00e9dico psycho p\u00e9dagogiques. Ces \u00e9tablissements et services rel\u00e8vent soit de la comp\u00e9tence de l\u2019Etat, soit de la comp\u00e9tence du D\u00e9partement.<\/span><\/p>\n<p>[\/et_pb_text][\/et_pb_column][\/et_pb_row][et_pb_row column_structure=\u00a0\u00bb1_3,2_3&Prime; make_equal=\u00a0\u00bbon\u00a0\u00bb _builder_version=\u00a0\u00bb4.19.5&Prime; _module_preset=\u00a0\u00bbdefault\u00a0\u00bb custom_padding=\u00a0\u00bb52px||0px|||\u00a0\u00bb global_colors_info=\u00a0\u00bb{}\u00a0\u00bb][et_pb_column type=\u00a0\u00bb1_3&Prime; module_class=\u00a0\u00bbcentrer-verticalement\u00a0\u00bb _builder_version=\u00a0\u00bb4.19.5&Prime; _module_preset=\u00a0\u00bbdefault\u00a0\u00bb global_colors_info=\u00a0\u00bb{}\u00a0\u00bb][et_pb_image src=\u00a0\u00bbhttps:\/\/www.collectifdromehandicap.fr\/wp-content\/uploads\/2023\/02\/UGECAM.jpg\u00a0\u00bb title_text=\u00a0\u00bbUGECAM\u00a0\u00bb url=\u00a0\u00bbhttps:\/\/www.groupe-ugecam.fr\/esms-le-plovier\u00a0\u00bb url_new_window=\u00a0\u00bbon\u00a0\u00bb align=\u00a0\u00bbcenter\u00a0\u00bb _builder_version=\u00a0\u00bb4.21.0&Prime; _module_preset=\u00a0\u00bbdefault\u00a0\u00bb transform_scale=\u00a0\u00bb88%|88%\u00a0\u00bb global_colors_info=\u00a0\u00bb{}\u00a0\u00bb][\/et_pb_image][\/et_pb_column][et_pb_column type=\u00a0\u00bb2_3&Prime; module_class=\u00a0\u00bbcentrer-verticalement\u00a0\u00bb _builder_version=\u00a0\u00bb4.19.5&Prime; _module_preset=\u00a0\u00bbdefault\u00a0\u00bb global_colors_info=\u00a0\u00bb{}\u00a0\u00bb][et_pb_text _builder_version=\u00a0\u00bb4.21.0&Prime; _module_preset=\u00a0\u00bbdefault\u00a0\u00bb text_font=\u00a0\u00bbMontserrat Alternates|600|||||||\u00a0\u00bb text_text_color=\u00a0\u00bb#FE6400&Prime; text_font_size=\u00a0\u00bb19px\u00a0\u00bb header_text_color=\u00a0\u00bb#FE6400&Prime; custom_padding=\u00a0\u00bb0px|||||\u00a0\u00bb link_option_url=\u00a0\u00bbhttps:\/\/www.groupe-ugecam.fr\/le-plovier\u00a0\u00bb link_option_url_new_window=\u00a0\u00bbon\u00a0\u00bb global_colors_info=\u00a0\u00bb{}\u00a0\u00bb]<\/p>\n<h2 style=\"text-align: left;\">UGECAM Le Plovier<\/h2>\n<p>[\/et_pb_text][et_pb_text _builder_version=\u00a0\u00bb4.21.0&Prime; _module_preset=\u00a0\u00bbdefault\u00a0\u00bb custom_margin=\u00a0\u00bb-23px|||||\u00a0\u00bb link_option_url=\u00a0\u00bbhttps:\/\/www.groupe-ugecam.fr\/le-plovier\u00a0\u00bb link_option_url_new_window=\u00a0\u00bbon\u00a0\u00bb global_colors_info=\u00a0\u00bb{}\u00a0\u00bb]<\/p>\n<p style=\"text-align: justify;\"><span>Les \u00e9tablissements M\u00e9dico-Sociaux du Plovier regroupent 7 structures pour enfants et adultes en situation de handicap. Une \u00e9quipe pluridisciplinaire form\u00e9e \u00e0 la prise en charge du polyhandicap accompagne les r\u00e9sidents. Les \u00e9tablissements proposent \u00e0 la fois des espaces de vie, des lieux d\u2019accueil \u00e0 la journ\u00e9e, des espaces d\u2019apprentissages scolaires, d\u2019accompagnement th\u00e9rapeutique et de soins ainsi que des activit\u00e9s professionnelles o\u00f9 les personnes en situation de handicap cohabitent dans les moments d\u2019activit\u00e9s et de sorties. Cette mixit\u00e9 des publics favorise la solidarit\u00e9 et soutient une dynamique bienveillante et respectueuse du rythme de chacun.<\/span><\/p>\n<p>[\/et_pb_text][\/et_pb_column][\/et_pb_row][et_pb_row column_structure=\u00a0\u00bb1_3,2_3&Prime; make_equal=\u00a0\u00bbon\u00a0\u00bb _builder_version=\u00a0\u00bb4.19.5&Prime; _module_preset=\u00a0\u00bbdefault\u00a0\u00bb custom_padding=\u00a0\u00bb0px||0px|||\u00a0\u00bb global_colors_info=\u00a0\u00bb{}\u00a0\u00bb][et_pb_column type=\u00a0\u00bb1_3&Prime; module_class=\u00a0\u00bbcentrer-verticalement\u00a0\u00bb _builder_version=\u00a0\u00bb4.19.5&Prime; _module_preset=\u00a0\u00bbdefault\u00a0\u00bb global_colors_info=\u00a0\u00bb{}\u00a0\u00bb][et_pb_image src=\u00a0\u00bbhttps:\/\/www.collectifdromehandicap.fr\/wp-content\/uploads\/2023\/02\/Vivre-a-Fontlaure-300&#215;300.png\u00a0\u00bb title_text=\u00a0\u00bbVivre \u00e0 Fontlaure\u00a0\u00bb url=\u00a0\u00bbhttps:\/\/www.fontlaure.com\/\u00a0\u00bb url_new_window=\u00a0\u00bbon\u00a0\u00bb align=\u00a0\u00bbcenter\u00a0\u00bb _builder_version=\u00a0\u00bb4.19.5&Prime; _module_preset=\u00a0\u00bbdefault\u00a0\u00bb transform_scale=\u00a0\u00bb88%|88%\u00a0\u00bb global_colors_info=\u00a0\u00bb{}\u00a0\u00bb][\/et_pb_image][\/et_pb_column][et_pb_column type=\u00a0\u00bb2_3&Prime; module_class=\u00a0\u00bbcentrer-verticalement\u00a0\u00bb _builder_version=\u00a0\u00bb4.19.5&Prime; _module_preset=\u00a0\u00bbdefault\u00a0\u00bb global_colors_info=\u00a0\u00bb{}\u00a0\u00bb][et_pb_text _builder_version=\u00a0\u00bb4.19.5&Prime; _module_preset=\u00a0\u00bbdefault\u00a0\u00bb text_font=\u00a0\u00bbMontserrat Alternates|600|||||||\u00a0\u00bb text_text_color=\u00a0\u00bb#FE6400&Prime; text_font_size=\u00a0\u00bb19px\u00a0\u00bb header_text_color=\u00a0\u00bb#FE6400&Prime; link_option_url=\u00a0\u00bbhttps:\/\/www.fontlaure.com\/\u00a0\u00bb link_option_url_new_window=\u00a0\u00bbon\u00a0\u00bb global_colors_info=\u00a0\u00bb{}\u00a0\u00bb]<\/p>\n<h2 style=\"text-align: left;\">Vivre \u00e0 Fontlaure<\/h2>\n<p>[\/et_pb_text][et_pb_text _builder_version=\u00a0\u00bb4.19.5&Prime; _module_preset=\u00a0\u00bbdefault\u00a0\u00bb custom_margin=\u00a0\u00bb-23px|||||\u00a0\u00bb link_option_url=\u00a0\u00bbhttps:\/\/www.fontlaure.com\/\u00a0\u00bb link_option_url_new_window=\u00a0\u00bbon\u00a0\u00bb global_colors_info=\u00a0\u00bb{}\u00a0\u00bb]<\/p>\n<p style=\"text-align: justify;\"><span>L\u2019Association \u00ab Vivre \u00e0 Fontlaure \u00bb accueille des enfants, adolescents et adultes porteurs de TSA ou de polyhandicap pr\u00e9sentant de graves d\u00e9ficiences sensorielles, motrices, intellectuelles et\/ou psychiques \u2013 et qui, de ce fait, sont sur le versant de la grande d\u00e9pendance.<\/span><\/p>\n<p>[\/et_pb_text][\/et_pb_column][\/et_pb_row][et_pb_row _builder_version=\u00a0\u00bb4.19.5&Prime; _module_preset=\u00a0\u00bbdefault\u00a0\u00bb custom_padding=\u00a0\u00bb||0px|||\u00a0\u00bb global_colors_info=\u00a0\u00bb{}\u00a0\u00bb][et_pb_column type=\u00a0\u00bb4_4&Prime; _builder_version=\u00a0\u00bb4.19.5&Prime; _module_preset=\u00a0\u00bbdefault\u00a0\u00bb global_colors_info=\u00a0\u00bb{}\u00a0\u00bb][et_pb_blurb use_icon=\u00a0\u00bbon\u00a0\u00bb font_icon=\u00a0\u00bb&#x46;||divi||400&Prime; icon_color=\u00a0\u00bb#FE6400&Prime; image_icon_width=\u00a0\u00bb58px\u00a0\u00bb module_class=\u00a0\u00bbRetun-to-top\u00a0\u00bb _builder_version=\u00a0\u00bb4.19.5&Prime; _module_preset=\u00a0\u00bbdefault\u00a0\u00bb transform_scale=\u00a0\u00bb60%|60%\u00a0\u00bb positioning=\u00a0\u00bbfixed\u00a0\u00bb position_origin_f=\u00a0\u00bbbottom_right\u00a0\u00bb link_option_url=\u00a0\u00bb#return-to-top\u00a0\u00bb global_colors_info=\u00a0\u00bb{}\u00a0\u00bb][\/et_pb_blurb][\/et_pb_column][\/et_pb_row][\/et_pb_section]<\/p>\n","protected":false},"excerpt":{"rendered":"<p>pluriHANDICAPADIMC Les AlouettesAssociation D\u00e9partementale des Infirmes Moteurs C\u00e9r\u00e9braux de la Dr\u00f4me \u00ab les Alouettes \u00bb Fournir un r\u00e9confort aux familles, des conseils, une aide pour sortir de l\u2019isolement.Aider, sans distinction de classe, d\u2019opinion religieuse ou philosophique, \u00e0 l\u2019all\u00e8gement moral et mat\u00e9riel des familles \u00e9prouv\u00e9es et veiller \u00e0 l\u2019\u00e9panouissement de la personne en situation de handicap.AFM T\u00e9l\u00e9thonAssociation Fran\u00e7aise contre les Myopathies Favoriser l\u2019autonomie de la personne malade, en situation de handicap et contribuer \u00e0 la coordination des services existants sur un territoire donn\u00e9 autour du projet personnel..AFTC Dr\u00f4me Ard\u00e8cheAssociation des Familles Traumatis\u00e9s cr\u00e2niens et C\u00e9r\u00e9bro-l\u00e9s\u00e9s. Aides aux familles et aux bless\u00e9s pendant le s\u00e9jour \u00e0 l\u2019h\u00f4pital, la phase de r\u00e9\u00e9ducation, la phase d\u2019insertion familiale et sociale. D\u00e9fense de leurs int\u00e9r\u00eats mat\u00e9riels et moraux en liaison avec les \u00e9tablissements et administrations concern\u00e9s.APAJH Dr\u00f4meRepr\u00e9senter et d\u00e9fendre les personnes en situation de handicap et leurs familles. Accompagner le parcours de vie de la personne en situation de handicap dans sa globalit\u00e9 et sa singularit\u00e9. D\u00e9velopper toutes les formes de militance associative. Garantir la p\u00e9rennit\u00e9 d&rsquo;une association d\u00e9partementale autonome pour assurer une gouvernance de proximit\u00e9 ancr\u00e9e dans les territoires. D\u00e9velopper les partenariats avec tous les acteurs permettant de cr\u00e9er une synergie au service des personnes [&hellip;]<\/p>\n","protected":false},"author":1,"featured_media":0,"parent":0,"menu_order":0,"comment_status":"closed","ping_status":"closed","template":"","meta":{"_et_pb_use_builder":"on","_et_pb_old_content":"","_et_gb_content_width":"","footnotes":""},"class_list":["post-310","page","type-page","status-publish","hentry"],"yoast_head":"<!-- This site is optimized with the Yoast SEO plugin v27.5 - https:\/\/yoast.com\/product\/yoast-seo-wordpress\/ -->\n<title>Plurihandicap - Le Collectif Dr\u00f4me Handicap<\/title>\n<meta name=\"robots\" content=\"index, follow, max-snippet:-1, max-image-preview:large, max-video-preview:-1\" \/>\n<link rel=\"canonical\" href=\"https:\/\/www.collectifdromehandicap.fr\/?page_id=310\" \/>\n<meta property=\"og:locale\" content=\"fr_FR\" \/>\n<meta property=\"og:type\" content=\"article\" \/>\n<meta property=\"og:title\" content=\"Plurihandicap - Le Collectif Dr\u00f4me Handicap\" \/>\n<meta property=\"og:description\" content=\"pluriHANDICAPADIMC Les AlouettesAssociation D\u00e9partementale des Infirmes Moteurs C\u00e9r\u00e9braux de la Dr\u00f4me \u00ab les Alouettes \u00bb Fournir un r\u00e9confort aux familles, des conseils, une aide pour sortir de l\u2019isolement.Aider, sans distinction de classe, d\u2019opinion religieuse ou philosophique, \u00e0 l\u2019all\u00e8gement moral et mat\u00e9riel des familles \u00e9prouv\u00e9es et veiller \u00e0 l\u2019\u00e9panouissement de la personne en situation de handicap.AFM T\u00e9l\u00e9thonAssociation Fran\u00e7aise contre les Myopathies Favoriser l\u2019autonomie de la personne malade, en situation de handicap et contribuer \u00e0 la coordination des services existants sur un territoire donn\u00e9 autour du projet personnel..AFTC Dr\u00f4me Ard\u00e8cheAssociation des Familles Traumatis\u00e9s cr\u00e2niens et C\u00e9r\u00e9bro-l\u00e9s\u00e9s. Aides aux familles et aux bless\u00e9s pendant le s\u00e9jour \u00e0 l\u2019h\u00f4pital, la phase de r\u00e9\u00e9ducation, la phase d\u2019insertion familiale et sociale. D\u00e9fense de leurs int\u00e9r\u00eats mat\u00e9riels et moraux en liaison avec les \u00e9tablissements et administrations concern\u00e9s.APAJH Dr\u00f4meRepr\u00e9senter et d\u00e9fendre les personnes en situation de handicap et leurs familles. Accompagner le parcours de vie de la personne en situation de handicap dans sa globalit\u00e9 et sa singularit\u00e9. D\u00e9velopper toutes les formes de militance associative. Garantir la p\u00e9rennit\u00e9 d&#039;une association d\u00e9partementale autonome pour assurer une gouvernance de proximit\u00e9 ancr\u00e9e dans les territoires. D\u00e9velopper les partenariats avec tous les acteurs permettant de cr\u00e9er une synergie au service des personnes [&hellip;]\" \/>\n<meta property=\"og:url\" content=\"https:\/\/www.collectifdromehandicap.fr\/?page_id=310\" \/>\n<meta property=\"og:site_name\" content=\"Le Collectif Dr\u00f4me Handicap\" \/>\n<meta property=\"article:modified_time\" content=\"2025-07-03T15:42:35+00:00\" \/>\n<meta name=\"twitter:card\" content=\"summary_large_image\" \/>\n<meta name=\"twitter:label1\" content=\"Dur\u00e9e de lecture estim\u00e9e\" \/>\n\t<meta name=\"twitter:data1\" content=\"11 minutes\" \/>\n<script type=\"application\/ld+json\" class=\"yoast-schema-graph\">{\"@context\":\"https:\\\/\\\/schema.org\",\"@graph\":[{\"@type\":\"WebPage\",\"@id\":\"https:\\\/\\\/www.collectifdromehandicap.fr\\\/?page_id=310\",\"url\":\"https:\\\/\\\/www.collectifdromehandicap.fr\\\/?page_id=310\",\"name\":\"Plurihandicap - Le Collectif Dr\u00f4me Handicap\",\"isPartOf\":{\"@id\":\"https:\\\/\\\/www.collectifdromehandicap.fr\\\/#website\"},\"datePublished\":\"2023-02-10T10:04:34+00:00\",\"dateModified\":\"2025-07-03T15:42:35+00:00\",\"breadcrumb\":{\"@id\":\"https:\\\/\\\/www.collectifdromehandicap.fr\\\/?page_id=310#breadcrumb\"},\"inLanguage\":\"fr-FR\",\"potentialAction\":[{\"@type\":\"ReadAction\",\"target\":[\"https:\\\/\\\/www.collectifdromehandicap.fr\\\/?page_id=310\"]}]},{\"@type\":\"BreadcrumbList\",\"@id\":\"https:\\\/\\\/www.collectifdromehandicap.fr\\\/?page_id=310#breadcrumb\",\"itemListElement\":[{\"@type\":\"ListItem\",\"position\":1,\"name\":\"Accueil\",\"item\":\"https:\\\/\\\/www.collectifdromehandicap.fr\\\/\"},{\"@type\":\"ListItem\",\"position\":2,\"name\":\"Plurihandicap\"}]},{\"@type\":\"WebSite\",\"@id\":\"https:\\\/\\\/www.collectifdromehandicap.fr\\\/#website\",\"url\":\"https:\\\/\\\/www.collectifdromehandicap.fr\\\/\",\"name\":\"Le Collectif Dr\u00f4me Handicap\",\"description\":\"Un groupement qui fait bouger les lignes du handicap\",\"publisher\":{\"@id\":\"https:\\\/\\\/www.collectifdromehandicap.fr\\\/#organization\"},\"potentialAction\":[{\"@type\":\"SearchAction\",\"target\":{\"@type\":\"EntryPoint\",\"urlTemplate\":\"https:\\\/\\\/www.collectifdromehandicap.fr\\\/?s={search_term_string}\"},\"query-input\":{\"@type\":\"PropertyValueSpecification\",\"valueRequired\":true,\"valueName\":\"search_term_string\"}}],\"inLanguage\":\"fr-FR\"},{\"@type\":\"Organization\",\"@id\":\"https:\\\/\\\/www.collectifdromehandicap.fr\\\/#organization\",\"name\":\"Le Collectif Dr\u00f4me Handicap\",\"url\":\"https:\\\/\\\/www.collectifdromehandicap.fr\\\/\",\"logo\":{\"@type\":\"ImageObject\",\"inLanguage\":\"fr-FR\",\"@id\":\"https:\\\/\\\/www.collectifdromehandicap.fr\\\/#\\\/schema\\\/logo\\\/image\\\/\",\"url\":\"https:\\\/\\\/www.collectifdromehandicap.fr\\\/wp-content\\\/uploads\\\/2023\\\/02\\\/logo-cdh.png\",\"contentUrl\":\"https:\\\/\\\/www.collectifdromehandicap.fr\\\/wp-content\\\/uploads\\\/2023\\\/02\\\/logo-cdh.png\",\"width\":1059,\"height\":304,\"caption\":\"Le Collectif Dr\u00f4me Handicap\"},\"image\":{\"@id\":\"https:\\\/\\\/www.collectifdromehandicap.fr\\\/#\\\/schema\\\/logo\\\/image\\\/\"}}]}<\/script>\n<!-- \/ Yoast SEO plugin. -->","yoast_head_json":{"title":"Plurihandicap - Le Collectif Dr\u00f4me Handicap","robots":{"index":"index","follow":"follow","max-snippet":"max-snippet:-1","max-image-preview":"max-image-preview:large","max-video-preview":"max-video-preview:-1"},"canonical":"https:\/\/www.collectifdromehandicap.fr\/?page_id=310","og_locale":"fr_FR","og_type":"article","og_title":"Plurihandicap - Le Collectif Dr\u00f4me Handicap","og_description":"pluriHANDICAPADIMC Les AlouettesAssociation D\u00e9partementale des Infirmes Moteurs C\u00e9r\u00e9braux de la Dr\u00f4me \u00ab les Alouettes \u00bb Fournir un r\u00e9confort aux familles, des conseils, une aide pour sortir de l\u2019isolement.Aider, sans distinction de classe, d\u2019opinion religieuse ou philosophique, \u00e0 l\u2019all\u00e8gement moral et mat\u00e9riel des familles \u00e9prouv\u00e9es et veiller \u00e0 l\u2019\u00e9panouissement de la personne en situation de handicap.AFM T\u00e9l\u00e9thonAssociation Fran\u00e7aise contre les Myopathies Favoriser l\u2019autonomie de la personne malade, en situation de handicap et contribuer \u00e0 la coordination des services existants sur un territoire donn\u00e9 autour du projet personnel..AFTC Dr\u00f4me Ard\u00e8cheAssociation des Familles Traumatis\u00e9s cr\u00e2niens et C\u00e9r\u00e9bro-l\u00e9s\u00e9s. Aides aux familles et aux bless\u00e9s pendant le s\u00e9jour \u00e0 l\u2019h\u00f4pital, la phase de r\u00e9\u00e9ducation, la phase d\u2019insertion familiale et sociale. D\u00e9fense de leurs int\u00e9r\u00eats mat\u00e9riels et moraux en liaison avec les \u00e9tablissements et administrations concern\u00e9s.APAJH Dr\u00f4meRepr\u00e9senter et d\u00e9fendre les personnes en situation de handicap et leurs familles. Accompagner le parcours de vie de la personne en situation de handicap dans sa globalit\u00e9 et sa singularit\u00e9. D\u00e9velopper toutes les formes de militance associative. Garantir la p\u00e9rennit\u00e9 d'une association d\u00e9partementale autonome pour assurer une gouvernance de proximit\u00e9 ancr\u00e9e dans les territoires. D\u00e9velopper les partenariats avec tous les acteurs permettant de cr\u00e9er une synergie au service des personnes [&hellip;]","og_url":"https:\/\/www.collectifdromehandicap.fr\/?page_id=310","og_site_name":"Le Collectif Dr\u00f4me Handicap","article_modified_time":"2025-07-03T15:42:35+00:00","twitter_card":"summary_large_image","twitter_misc":{"Dur\u00e9e de lecture estim\u00e9e":"11 minutes"},"schema":{"@context":"https:\/\/schema.org","@graph":[{"@type":"WebPage","@id":"https:\/\/www.collectifdromehandicap.fr\/?page_id=310","url":"https:\/\/www.collectifdromehandicap.fr\/?page_id=310","name":"Plurihandicap - Le Collectif Dr\u00f4me Handicap","isPartOf":{"@id":"https:\/\/www.collectifdromehandicap.fr\/#website"},"datePublished":"2023-02-10T10:04:34+00:00","dateModified":"2025-07-03T15:42:35+00:00","breadcrumb":{"@id":"https:\/\/www.collectifdromehandicap.fr\/?page_id=310#breadcrumb"},"inLanguage":"fr-FR","potentialAction":[{"@type":"ReadAction","target":["https:\/\/www.collectifdromehandicap.fr\/?page_id=310"]}]},{"@type":"BreadcrumbList","@id":"https:\/\/www.collectifdromehandicap.fr\/?page_id=310#breadcrumb","itemListElement":[{"@type":"ListItem","position":1,"name":"Accueil","item":"https:\/\/www.collectifdromehandicap.fr\/"},{"@type":"ListItem","position":2,"name":"Plurihandicap"}]},{"@type":"WebSite","@id":"https:\/\/www.collectifdromehandicap.fr\/#website","url":"https:\/\/www.collectifdromehandicap.fr\/","name":"Le Collectif Dr\u00f4me Handicap","description":"Un groupement qui fait bouger les lignes du handicap","publisher":{"@id":"https:\/\/www.collectifdromehandicap.fr\/#organization"},"potentialAction":[{"@type":"SearchAction","target":{"@type":"EntryPoint","urlTemplate":"https:\/\/www.collectifdromehandicap.fr\/?s={search_term_string}"},"query-input":{"@type":"PropertyValueSpecification","valueRequired":true,"valueName":"search_term_string"}}],"inLanguage":"fr-FR"},{"@type":"Organization","@id":"https:\/\/www.collectifdromehandicap.fr\/#organization","name":"Le Collectif Dr\u00f4me Handicap","url":"https:\/\/www.collectifdromehandicap.fr\/","logo":{"@type":"ImageObject","inLanguage":"fr-FR","@id":"https:\/\/www.collectifdromehandicap.fr\/#\/schema\/logo\/image\/","url":"https:\/\/www.collectifdromehandicap.fr\/wp-content\/uploads\/2023\/02\/logo-cdh.png","contentUrl":"https:\/\/www.collectifdromehandicap.fr\/wp-content\/uploads\/2023\/02\/logo-cdh.png","width":1059,"height":304,"caption":"Le Collectif Dr\u00f4me Handicap"},"image":{"@id":"https:\/\/www.collectifdromehandicap.fr\/#\/schema\/logo\/image\/"}}]}},"_links":{"self":[{"href":"https:\/\/www.collectifdromehandicap.fr\/index.php?rest_route=\/wp\/v2\/pages\/310","targetHints":{"allow":["GET"]}}],"collection":[{"href":"https:\/\/www.collectifdromehandicap.fr\/index.php?rest_route=\/wp\/v2\/pages"}],"about":[{"href":"https:\/\/www.collectifdromehandicap.fr\/index.php?rest_route=\/wp\/v2\/types\/page"}],"author":[{"embeddable":true,"href":"https:\/\/www.collectifdromehandicap.fr\/index.php?rest_route=\/wp\/v2\/users\/1"}],"replies":[{"embeddable":true,"href":"https:\/\/www.collectifdromehandicap.fr\/index.php?rest_route=%2Fwp%2Fv2%2Fcomments&post=310"}],"version-history":[{"count":43,"href":"https:\/\/www.collectifdromehandicap.fr\/index.php?rest_route=\/wp\/v2\/pages\/310\/revisions"}],"predecessor-version":[{"id":2494,"href":"https:\/\/www.collectifdromehandicap.fr\/index.php?rest_route=\/wp\/v2\/pages\/310\/revisions\/2494"}],"wp:attachment":[{"href":"https:\/\/www.collectifdromehandicap.fr\/index.php?rest_route=%2Fwp%2Fv2%2Fmedia&parent=310"}],"curies":[{"name":"wp","href":"https:\/\/api.w.org\/{rel}","templated":true}]}}