{"id":347,"date":"2023-02-13T09:49:52","date_gmt":"2023-02-13T09:49:52","guid":{"rendered":"https:\/\/www.collectifdromehandicap.fr\/?page_id=347"},"modified":"2025-07-03T16:05:16","modified_gmt":"2025-07-03T16:05:16","slug":"handicap-mental","status":"publish","type":"page","link":"https:\/\/www.collectifdromehandicap.fr\/?page_id=347","title":{"rendered":"Handicap Mental"},"content":{"rendered":"<p>[et_pb_section fb_built=\u00a0\u00bb1&Prime; _builder_version=\u00a0\u00bb4.19.5&Prime; _module_preset=\u00a0\u00bbdefault\u00a0\u00bb custom_padding=\u00a0\u00bb0px||0px|||\u00a0\u00bb global_colors_info=\u00a0\u00bb{}\u00a0\u00bb da_is_popup=\u00a0\u00bboff\u00a0\u00bb da_exit_intent=\u00a0\u00bboff\u00a0\u00bb da_has_close=\u00a0\u00bbon\u00a0\u00bb da_alt_close=\u00a0\u00bboff\u00a0\u00bb da_dark_close=\u00a0\u00bboff\u00a0\u00bb da_not_modal=\u00a0\u00bbon\u00a0\u00bb da_is_singular=\u00a0\u00bboff\u00a0\u00bb da_with_loader=\u00a0\u00bboff\u00a0\u00bb da_has_shadow=\u00a0\u00bbon\u00a0\u00bb da_disable_devices=\u00a0\u00bboff|off|off\u00a0\u00bb][et_pb_row _builder_version=\u00a0\u00bb4.19.5&Prime; _module_preset=\u00a0\u00bbdefault\u00a0\u00bb custom_margin=\u00a0\u00bb|auto|-69px|auto||\u00a0\u00bb custom_padding=\u00a0\u00bb65px|||||\u00a0\u00bb global_colors_info=\u00a0\u00bb{}\u00a0\u00bb][et_pb_column type=\u00a0\u00bb4_4&Prime; _builder_version=\u00a0\u00bb4.19.5&Prime; _module_preset=\u00a0\u00bbdefault\u00a0\u00bb global_colors_info=\u00a0\u00bb{}\u00a0\u00bb][\/et_pb_column][\/et_pb_row][et_pb_row _builder_version=\u00a0\u00bb4.19.5&Prime; _module_preset=\u00a0\u00bbdefault\u00a0\u00bb custom_margin=\u00a0\u00bb-4px|auto||auto||\u00a0\u00bb global_colors_info=\u00a0\u00bb{}\u00a0\u00bb][et_pb_column type=\u00a0\u00bb4_4&Prime; _builder_version=\u00a0\u00bb4.19.5&Prime; _module_preset=\u00a0\u00bbdefault\u00a0\u00bb global_colors_info=\u00a0\u00bb{}\u00a0\u00bb][et_pb_text _builder_version=\u00a0\u00bb4.19.5&Prime; _module_preset=\u00a0\u00bbdefault\u00a0\u00bb text_font=\u00a0\u00bbMontserrat|||on|||||\u00a0\u00bb text_text_color=\u00a0\u00bb#FE6400&Prime; text_font_size=\u00a0\u00bb45px\u00a0\u00bb text_font_size_tablet=\u00a0\u00bb45px\u00a0\u00bb text_font_size_phone=\u00a0\u00bb26px\u00a0\u00bb text_font_size_last_edited=\u00a0\u00bbon|phone\u00a0\u00bb global_colors_info=\u00a0\u00bb{}\u00a0\u00bb]<\/p>\n<p style=\"text-align: center;\">HANDICAP mental<\/p>\n<p>[\/et_pb_text][\/et_pb_column][\/et_pb_row][et_pb_row _builder_version=\u00a0\u00bb4.19.5&Prime; _module_preset=\u00a0\u00bbdefault\u00a0\u00bb custom_padding=\u00a0\u00bb0px|||||\u00a0\u00bb global_colors_info=\u00a0\u00bb{}\u00a0\u00bb][et_pb_column type=\u00a0\u00bb4_4&Prime; _builder_version=\u00a0\u00bb4.19.5&Prime; _module_preset=\u00a0\u00bbdefault\u00a0\u00bb global_colors_info=\u00a0\u00bb{}\u00a0\u00bb][et_pb_image src=\u00a0\u00bbhttps:\/\/www.collectifdromehandicap.fr\/wp-content\/uploads\/2023\/01\/Intellectuelle.png\u00a0\u00bb align=\u00a0\u00bbcenter\u00a0\u00bb _builder_version=\u00a0\u00bb4.19.5&Prime; _module_preset=\u00a0\u00bbdefault\u00a0\u00bb width=\u00a0\u00bb30%\u00a0\u00bb custom_margin=\u00a0\u00bb-12px|||||\u00a0\u00bb global_colors_info=\u00a0\u00bb{}\u00a0\u00bb][\/et_pb_image][\/et_pb_column][\/et_pb_row][\/et_pb_section][et_pb_section fb_built=\u00a0\u00bb1&Prime; _builder_version=\u00a0\u00bb4.19.5&Prime; _module_preset=\u00a0\u00bbdefault\u00a0\u00bb global_colors_info=\u00a0\u00bb{}\u00a0\u00bb da_is_popup=\u00a0\u00bboff\u00a0\u00bb da_exit_intent=\u00a0\u00bboff\u00a0\u00bb da_has_close=\u00a0\u00bbon\u00a0\u00bb da_alt_close=\u00a0\u00bboff\u00a0\u00bb da_dark_close=\u00a0\u00bboff\u00a0\u00bb da_not_modal=\u00a0\u00bbon\u00a0\u00bb da_is_singular=\u00a0\u00bboff\u00a0\u00bb da_with_loader=\u00a0\u00bboff\u00a0\u00bb da_has_shadow=\u00a0\u00bbon\u00a0\u00bb da_disable_devices=\u00a0\u00bboff|off|off\u00a0\u00bb][et_pb_row column_structure=\u00a0\u00bb1_3,2_3&Prime; make_equal=\u00a0\u00bbon\u00a0\u00bb _builder_version=\u00a0\u00bb4.20.2&Prime; _module_preset=\u00a0\u00bbdefault\u00a0\u00bb global_colors_info=\u00a0\u00bb{}\u00a0\u00bb][et_pb_column type=\u00a0\u00bb1_3&Prime; module_class=\u00a0\u00bbcentrer-verticalement\u00a0\u00bb _builder_version=\u00a0\u00bb4.20.2&Prime; _module_preset=\u00a0\u00bbdefault\u00a0\u00bb global_colors_info=\u00a0\u00bb{}\u00a0\u00bb][et_pb_image src=\u00a0\u00bbhttps:\/\/www.collectifdromehandicap.fr\/wp-content\/uploads\/2023\/02\/Adapei.png\u00a0\u00bb title_text=\u00a0\u00bbAdapei\u00a0\u00bb url=\u00a0\u00bbhttps:\/\/www.adapei-drome.org\/\u00a0\u00bb url_new_window=\u00a0\u00bbon\u00a0\u00bb _builder_version=\u00a0\u00bb4.20.2&Prime; _module_preset=\u00a0\u00bbdefault\u00a0\u00bb global_colors_info=\u00a0\u00bb{}\u00a0\u00bb][\/et_pb_image][\/et_pb_column][et_pb_column type=\u00a0\u00bb2_3&Prime; module_class=\u00a0\u00bbcentrer-verticalement\u00a0\u00bb _builder_version=\u00a0\u00bb4.19.5&Prime; _module_preset=\u00a0\u00bbdefault\u00a0\u00bb global_colors_info=\u00a0\u00bb{}\u00a0\u00bb][et_pb_text _builder_version=\u00a0\u00bb4.20.2&Prime; _module_preset=\u00a0\u00bbdefault\u00a0\u00bb text_font=\u00a0\u00bbMontserrat Alternates|600|||||||\u00a0\u00bb text_text_color=\u00a0\u00bb#FE6400&Prime; text_font_size=\u00a0\u00bb19px\u00a0\u00bb header_text_color=\u00a0\u00bb#FE6400&Prime; link_option_url=\u00a0\u00bbhttps:\/\/www.adapei-drome.org\/\u00a0\u00bb link_option_url_new_window=\u00a0\u00bbon\u00a0\u00bb global_colors_info=\u00a0\u00bb{}\u00a0\u00bb]<\/p>\n<h2 style=\"text-align: left;\">ADAPEI de la Dr\u00f4me<\/h2>\n<p>[\/et_pb_text][et_pb_text _builder_version=\u00a0\u00bb4.20.2&Prime; _module_preset=\u00a0\u00bbdefault\u00a0\u00bb link_option_url=\u00a0\u00bbhttps:\/\/www.adapei-drome.org\/\u00a0\u00bb link_option_url_new_window=\u00a0\u00bbon\u00a0\u00bb global_colors_info=\u00a0\u00bb{}\u00a0\u00bb]<\/p>\n<p style=\"text-align: justify;\">L&rsquo;Adapei de la Dr\u00f4me milite pour que chaque personne en situation de handicap intellectuel b\u00e9n\u00e9ficie de l&rsquo;accompagnement adapt\u00e9 \u00e0 ses besoins et de la place qui lui revient dans la soci\u00e9t\u00e9. <br \/>L&rsquo;Adapei26 accompagne des personnes en situation de handicap intellectuel, g\u00e8re des \u00e9tablissements et services d&rsquo;accompagnement, organise l&rsquo;entraide entre les familles, milite pour la d\u00e9fense des droits des personnes des personnes en situation de handicap intellectuel.<\/p>\n<p>[\/et_pb_text][\/et_pb_column][\/et_pb_row][et_pb_row column_structure=\u00a0\u00bb1_3,2_3&Prime; make_equal=\u00a0\u00bbon\u00a0\u00bb _builder_version=\u00a0\u00bb4.20.2&Prime; _module_preset=\u00a0\u00bbdefault\u00a0\u00bb global_colors_info=\u00a0\u00bb{}\u00a0\u00bb][et_pb_column type=\u00a0\u00bb1_3&Prime; module_class=\u00a0\u00bbcentrer-verticalement\u00a0\u00bb _builder_version=\u00a0\u00bb4.20.2&Prime; _module_preset=\u00a0\u00bbdefault\u00a0\u00bb global_colors_info=\u00a0\u00bb{}\u00a0\u00bb][et_pb_image src=\u00a0\u00bbhttps:\/\/www.collectifdromehandicap.fr\/wp-content\/uploads\/2023\/02\/les-amis-des-tilleuls-final.jpg\u00a0\u00bb title_text=\u00a0\u00bbLes Amis des Tilleuls\u00a0\u00bb url_new_window=\u00a0\u00bbon\u00a0\u00bb _builder_version=\u00a0\u00bb4.20.2&Prime; _module_preset=\u00a0\u00bbdefault\u00a0\u00bb global_colors_info=\u00a0\u00bb{}\u00a0\u00bb][\/et_pb_image][\/et_pb_column][et_pb_column type=\u00a0\u00bb2_3&Prime; module_class=\u00a0\u00bbcentrer-verticalement\u00a0\u00bb _builder_version=\u00a0\u00bb4.19.5&Prime; _module_preset=\u00a0\u00bbdefault\u00a0\u00bb global_colors_info=\u00a0\u00bb{}\u00a0\u00bb][et_pb_text _builder_version=\u00a0\u00bb4.20.2&Prime; _module_preset=\u00a0\u00bbdefault\u00a0\u00bb text_font=\u00a0\u00bbMontserrat Alternates|600|||||||\u00a0\u00bb text_text_color=\u00a0\u00bb#FE6400&Prime; text_font_size=\u00a0\u00bb19px\u00a0\u00bb header_text_color=\u00a0\u00bb#FE6400&Prime; link_option_url_new_window=\u00a0\u00bbon\u00a0\u00bb global_colors_info=\u00a0\u00bb{}\u00a0\u00bb]<\/p>\n<h2 style=\"text-align: left;\">Les Amis des Tilleuls<\/h2>\n<p>[\/et_pb_text][et_pb_text _builder_version=\u00a0\u00bb4.20.2&Prime; _module_preset=\u00a0\u00bbdefault\u00a0\u00bb link_option_url_new_window=\u00a0\u00bbon\u00a0\u00bb global_colors_info=\u00a0\u00bb{}\u00a0\u00bb]<\/p>\n<p style=\"text-align: justify;\"><span>Aide au d\u00e9veloppement de toutes personnes, en vue de l&rsquo;\u00e9panouissement et de l&rsquo;insertion sociale de chaque personne handicap\u00e9e, notamment en faisant appel \u00e0 du personnel sp\u00e9cialis\u00e9 et \u00e0 toutes techniques appropri\u00e9es. (Saint-Pantaleon-Les-Vignes)<\/span><\/p>\n<p>[\/et_pb_text][\/et_pb_column][\/et_pb_row][et_pb_row column_structure=\u00a0\u00bb1_3,2_3&Prime; make_equal=\u00a0\u00bbon\u00a0\u00bb _builder_version=\u00a0\u00bb4.20.2&Prime; _module_preset=\u00a0\u00bbdefault\u00a0\u00bb global_colors_info=\u00a0\u00bb{}\u00a0\u00bb][et_pb_column type=\u00a0\u00bb1_3&Prime; module_class=\u00a0\u00bbcentrer-verticalement\u00a0\u00bb _builder_version=\u00a0\u00bb4.20.2&Prime; _module_preset=\u00a0\u00bbdefault\u00a0\u00bb global_colors_info=\u00a0\u00bb{}\u00a0\u00bb][et_pb_image src=\u00a0\u00bbhttps:\/\/www.collectifdromehandicap.fr\/wp-content\/uploads\/2023\/02\/Apahip.jpg\u00a0\u00bb title_text=\u00a0\u00bbApahip\u00a0\u00bb url=\u00a0\u00bbhttp:\/\/apahip-les-hirondelles.blogspot.com\/p\/lapahip.html\u00a0\u00bb url_new_window=\u00a0\u00bbon\u00a0\u00bb _builder_version=\u00a0\u00bb4.20.2&Prime; _module_preset=\u00a0\u00bbdefault\u00a0\u00bb global_colors_info=\u00a0\u00bb{}\u00a0\u00bb][\/et_pb_image][\/et_pb_column][et_pb_column type=\u00a0\u00bb2_3&Prime; module_class=\u00a0\u00bbcentrer-verticalement\u00a0\u00bb _builder_version=\u00a0\u00bb4.19.5&Prime; _module_preset=\u00a0\u00bbdefault\u00a0\u00bb global_colors_info=\u00a0\u00bb{}\u00a0\u00bb][et_pb_text _builder_version=\u00a0\u00bb4.20.2&Prime; _module_preset=\u00a0\u00bbdefault\u00a0\u00bb text_font=\u00a0\u00bbMontserrat Alternates|600|||||||\u00a0\u00bb text_text_color=\u00a0\u00bb#FE6400&Prime; text_font_size=\u00a0\u00bb19px\u00a0\u00bb header_text_color=\u00a0\u00bb#FE6400&Prime; link_option_url=\u00a0\u00bbhttp:\/\/apahip-les-hirondelles.blogspot.com\/p\/lapahip.html\u00a0\u00bb link_option_url_new_window=\u00a0\u00bbon\u00a0\u00bb global_colors_info=\u00a0\u00bb{}\u00a0\u00bb]<\/p>\n<h2 style=\"text-align: left;\">APAHIP Les Hirondelles<\/h2>\n<p>[\/et_pb_text][et_pb_text _builder_version=\u00a0\u00bb4.20.2&Prime; _module_preset=\u00a0\u00bbdefault\u00a0\u00bb link_option_url=\u00a0\u00bbhttp:\/\/apahip-les-hirondelles.blogspot.com\/p\/lapahip.html\u00a0\u00bb link_option_url_new_window=\u00a0\u00bbon\u00a0\u00bb global_colors_info=\u00a0\u00bb{}\u00a0\u00bb]<\/p>\n<p style=\"text-align: justify;\"><span>Accompagnement des r\u00e9sidents des Foyers \u00ab Les hirondelles \u00bb de Mours et Peyrins et de leurs familles.<br \/>Animations hebdomadaires aupr\u00e8s des r\u00e9sidents, par des b\u00e9n\u00e9voles et des professionnels r\u00e9mun\u00e9r\u00e9s par l\u2019association (chant, contes, danses, pr\u00e9sence..) C\u00e9l\u00e9bration des anniversaires des r\u00e9sidents (repas au restaurant et cadeaux personnalis\u00e9s). Aide financi\u00e8re pour la r\u00e9alisation de projets \u00e9manant de l\u2019\u00e9quipe \u00e9ducative ou soutien financier pour une activit\u00e9 r\u00e9currente. Informations aux familles. Manifestations annuelles pour r\u00e9colter des fonds : un loto, une vente solidaire.<br \/><\/span><span><\/span><\/p>\n<p>[\/et_pb_text][\/et_pb_column][\/et_pb_row][et_pb_row column_structure=\u00a0\u00bb1_3,2_3&Prime; make_equal=\u00a0\u00bbon\u00a0\u00bb _builder_version=\u00a0\u00bb4.20.2&Prime; _module_preset=\u00a0\u00bbdefault\u00a0\u00bb global_colors_info=\u00a0\u00bb{}\u00a0\u00bb][et_pb_column type=\u00a0\u00bb1_3&Prime; module_class=\u00a0\u00bbcentrer-verticalement\u00a0\u00bb _builder_version=\u00a0\u00bb4.20.2&Prime; _module_preset=\u00a0\u00bbdefault\u00a0\u00bb global_colors_info=\u00a0\u00bb{}\u00a0\u00bb][et_pb_image src=\u00a0\u00bbhttps:\/\/www.collectifdromehandicap.fr\/wp-content\/uploads\/2023\/02\/Larche-de-la-Vallee.png\u00a0\u00bb title_text=\u00a0\u00bbL&rsquo;Arche de la Vall\u00e9e\u00a0\u00bb url=\u00a0\u00bbhttps:\/\/www.arche-lavallee.org\/\u00a0\u00bb url_new_window=\u00a0\u00bbon\u00a0\u00bb align=\u00a0\u00bbcenter\u00a0\u00bb _builder_version=\u00a0\u00bb4.20.2&Prime; _module_preset=\u00a0\u00bbdefault\u00a0\u00bb transform_scale=\u00a0\u00bb138%|138%\u00a0\u00bb transform_scale_tablet=\u00a0\u00bb138%|138%\u00a0\u00bb transform_scale_phone=\u00a0\u00bb100%|100%\u00a0\u00bb transform_scale_last_edited=\u00a0\u00bbon|phone\u00a0\u00bb transform_translate_tablet=\u00a0\u00bb\u00a0\u00bb transform_translate_phone=\u00a0\u00bb\u00a0\u00bb transform_translate_last_edited=\u00a0\u00bbon|desktop\u00a0\u00bb transform_rotate_tablet=\u00a0\u00bb\u00a0\u00bb transform_rotate_phone=\u00a0\u00bb\u00a0\u00bb transform_rotate_last_edited=\u00a0\u00bbon|desktop\u00a0\u00bb transform_skew_tablet=\u00a0\u00bb\u00a0\u00bb transform_skew_phone=\u00a0\u00bb\u00a0\u00bb transform_skew_last_edited=\u00a0\u00bbon|desktop\u00a0\u00bb transform_origin_tablet=\u00a0\u00bb\u00a0\u00bb transform_origin_phone=\u00a0\u00bb\u00a0\u00bb transform_origin_last_edited=\u00a0\u00bbon|desktop\u00a0\u00bb transform_styles_last_edited=\u00a0\u00bbon|phone\u00a0\u00bb transform_styles_tablet=\u00a0\u00bb\u00a0\u00bb transform_styles_phone=\u00a0\u00bb\u00a0\u00bb global_colors_info=\u00a0\u00bb{}\u00a0\u00bb][\/et_pb_image][\/et_pb_column][et_pb_column type=\u00a0\u00bb2_3&Prime; module_class=\u00a0\u00bbcentrer-verticalement\u00a0\u00bb _builder_version=\u00a0\u00bb4.20.2&Prime; _module_preset=\u00a0\u00bbdefault\u00a0\u00bb global_colors_info=\u00a0\u00bb{}\u00a0\u00bb][et_pb_text _builder_version=\u00a0\u00bb4.20.2&Prime; _module_preset=\u00a0\u00bbdefault\u00a0\u00bb text_font=\u00a0\u00bbMontserrat Alternates|600|||||||\u00a0\u00bb text_text_color=\u00a0\u00bb#FE6400&Prime; text_font_size=\u00a0\u00bb19px\u00a0\u00bb header_text_color=\u00a0\u00bb#FE6400&Prime; link_option_url=\u00a0\u00bbhttps:\/\/www.arche-lavallee.org\/\u00a0\u00bb link_option_url_new_window=\u00a0\u00bbon\u00a0\u00bb global_colors_info=\u00a0\u00bb{}\u00a0\u00bb]<\/p>\n<h2 style=\"text-align: left;\">L&rsquo;Arche de la Vall\u00e9e<\/h2>\n<p>[\/et_pb_text][et_pb_text _builder_version=\u00a0\u00bb4.20.2&Prime; _module_preset=\u00a0\u00bbdefault\u00a0\u00bb link_option_url=\u00a0\u00bbhttps:\/\/www.arche-lavallee.org\/\u00a0\u00bb link_option_url_new_window=\u00a0\u00bbon\u00a0\u00bb global_colors_info=\u00a0\u00bb{}\u00a0\u00bb]<\/p>\n<p style=\"text-align: justify;\"><span>Les \u00e9tablissements de La Vall\u00e9e accueillient 42 adultes en situation de handicap mental, ayant une orientation Foyer de Vie ou Foyer d&rsquo;H\u00e9bergement qui vivent dans 5 maisons : Mo\u00efta, La Chaumi\u00e8re, La Braise, L&rsquo;Etincelle, et Maranatha, r\u00e9parties sur deux villages dr\u00f4mois, Hauterives et Ch\u00e2teauneuf-de-Galaure. Chaque maison poss\u00e8de les dimensions de maison de type familial, comprenant 7 \u00e0 9 personnes en situation de handicap et 4 \u00e0 5 assistants qui y partagent leur vie quotidienne. De 9h30 \u00e0 17h, les personnes accueillies sont en activit\u00e9 dans un des quatre ateliers propos\u00e9s par l&rsquo;Arche de la Vall\u00e9e : Les Espaces Verts, Cana-Sucre, l&rsquo;Artisanat, et Les Roseaux. Une minorit\u00e9 travaille en ESAT \u00e0 St-Donat et \u00e0 St-Vallier. Le soir et le week-end, elles se retrouvent en foyer o\u00f9 elles partagent leur quotidien avec des assistants. Au-del\u00e0 de l&rsquo;entraide, des liens forts d&rsquo;amiti\u00e9 se tissent&#8230; <\/span><span><\/span><\/p>\n<p>[\/et_pb_text][\/et_pb_column][\/et_pb_row][et_pb_row column_structure=\u00a0\u00bb1_3,2_3&Prime; make_equal=\u00a0\u00bbon\u00a0\u00bb _builder_version=\u00a0\u00bb4.20.2&Prime; _module_preset=\u00a0\u00bbdefault\u00a0\u00bb global_colors_info=\u00a0\u00bb{}\u00a0\u00bb][et_pb_column type=\u00a0\u00bb1_3&Prime; module_class=\u00a0\u00bbcentrer-verticalement\u00a0\u00bb _builder_version=\u00a0\u00bb4.20.2&Prime; _module_preset=\u00a0\u00bbdefault\u00a0\u00bb global_colors_info=\u00a0\u00bb{}\u00a0\u00bb][et_pb_image src=\u00a0\u00bbhttps:\/\/www.collectifdromehandicap.fr\/wp-content\/uploads\/2023\/02\/Camphill-le-Beal.gif\u00a0\u00bb title_text=\u00a0\u00bbCamphill le B\u00e9al\u00a0\u00bb url=\u00a0\u00bbhttps:\/\/www.lebeal.org\/\u00a0\u00bb url_new_window=\u00a0\u00bbon\u00a0\u00bb _builder_version=\u00a0\u00bb4.20.2&Prime; _module_preset=\u00a0\u00bbdefault\u00a0\u00bb global_colors_info=\u00a0\u00bb{}\u00a0\u00bb][\/et_pb_image][\/et_pb_column][et_pb_column type=\u00a0\u00bb2_3&Prime; module_class=\u00a0\u00bbcentrer-verticalement\u00a0\u00bb _builder_version=\u00a0\u00bb4.19.5&Prime; _module_preset=\u00a0\u00bbdefault\u00a0\u00bb global_colors_info=\u00a0\u00bb{}\u00a0\u00bb][et_pb_text _builder_version=\u00a0\u00bb4.20.2&Prime; _module_preset=\u00a0\u00bbdefault\u00a0\u00bb text_font=\u00a0\u00bbMontserrat Alternates|600|||||||\u00a0\u00bb text_text_color=\u00a0\u00bb#FE6400&Prime; text_font_size=\u00a0\u00bb19px\u00a0\u00bb header_text_color=\u00a0\u00bb#FE6400&Prime; link_option_url=\u00a0\u00bbhttps:\/\/www.lebeal.org\/\u00a0\u00bb link_option_url_new_window=\u00a0\u00bbon\u00a0\u00bb global_colors_info=\u00a0\u00bb{}\u00a0\u00bb]<\/p>\n<h2 style=\"text-align: left;\">Camphill Le B\u00e9al<\/h2>\n<p>[\/et_pb_text][et_pb_text _builder_version=\u00a0\u00bb4.20.2&Prime; _module_preset=\u00a0\u00bbdefault\u00a0\u00bb link_option_url=\u00a0\u00bbhttps:\/\/www.lebeal.org\/\u00a0\u00bb link_option_url_new_window=\u00a0\u00bbon\u00a0\u00bb global_colors_info=\u00a0\u00bb{}\u00a0\u00bb]<\/p>\n<p style=\"text-align: justify;\">Foyer de vie pour personnes adultes porteuses d\u2019un handicap mental,<br \/>\u00ab les compagnons \u00bb. Le Foyer de Vie \u00ab Le B\u00e9al \u00bb se situe \u00e0 proximit\u00e9 du village de Taulignan, en Provence dans le sud de la Dr\u00f4me.<br \/>Le Foyer de Vie accueille et accompagne 23 Compagnons dans leur vie active, affective, sociale et culturelle. Dans 4 maisons interd\u00e9pendantes vivent 5 \u00e0 6 r\u00e9sidents, 2 jeunes volontaires accompagn\u00e9s par une \u00e9quipe d\u2019\u00e9ducateurs dont une famille vivant sur place. Le projet s\u2019articule autour de trois grandes axes : La vie de la maison \/ La vie artistique, sportive et culturelle \/ Les activit\u00e9s dans les ateliers. Le B\u00e9al fait partie du Mouvement Camphill.<\/p>\n<p style=\"text-align: justify;\"><span><br \/><\/span><span><\/span><\/p>\n<p>[\/et_pb_text][\/et_pb_column][\/et_pb_row][et_pb_row column_structure=\u00a0\u00bb1_3,2_3&Prime; make_equal=\u00a0\u00bbon\u00a0\u00bb _builder_version=\u00a0\u00bb4.20.2&Prime; _module_preset=\u00a0\u00bbdefault\u00a0\u00bb global_colors_info=\u00a0\u00bb{}\u00a0\u00bb][et_pb_column type=\u00a0\u00bb1_3&Prime; module_class=\u00a0\u00bbcentrer-verticalement\u00a0\u00bb _builder_version=\u00a0\u00bb4.20.2&Prime; _module_preset=\u00a0\u00bbdefault\u00a0\u00bb global_colors_info=\u00a0\u00bb{}\u00a0\u00bb][et_pb_image src=\u00a0\u00bbhttps:\/\/www.collectifdromehandicap.fr\/wp-content\/uploads\/2025\/06\/coala26.png\u00a0\u00bb title_text=\u00a0\u00bbcoala26&Prime; url=\u00a0\u00bbhttps:\/\/www.coala26.com\/\u00a0\u00bb url_new_window=\u00a0\u00bbon\u00a0\u00bb _builder_version=\u00a0\u00bb4.27.4&Prime; _module_preset=\u00a0\u00bbdefault\u00a0\u00bb hover_enabled=\u00a0\u00bb0&Prime; global_colors_info=\u00a0\u00bb{}\u00a0\u00bb sticky_enabled=\u00a0\u00bb0&Prime;][\/et_pb_image][\/et_pb_column][et_pb_column type=\u00a0\u00bb2_3&Prime; module_class=\u00a0\u00bbcentrer-verticalement\u00a0\u00bb _builder_version=\u00a0\u00bb4.19.5&Prime; _module_preset=\u00a0\u00bbdefault\u00a0\u00bb global_colors_info=\u00a0\u00bb{}\u00a0\u00bb][et_pb_text _builder_version=\u00a0\u00bb4.27.4&Prime; _module_preset=\u00a0\u00bbdefault\u00a0\u00bb text_font=\u00a0\u00bbMontserrat Alternates|600|||||||\u00a0\u00bb text_text_color=\u00a0\u00bb#FE6400&Prime; text_font_size=\u00a0\u00bb19px\u00a0\u00bb header_text_color=\u00a0\u00bb#FE6400&Prime; link_option_url=\u00a0\u00bbhttps:\/\/www.coala26.com\/\u00a0\u00bb link_option_url_new_window=\u00a0\u00bbon\u00a0\u00bb hover_enabled=\u00a0\u00bb0&Prime; global_colors_info=\u00a0\u00bb{}\u00a0\u00bb sticky_enabled=\u00a0\u00bb0&Prime;]<\/p>\n<h2 style=\"text-align: left;\">C.O.A.L.A. 26<\/h2>\n<p>[\/et_pb_text][et_pb_text _builder_version=\u00a0\u00bb4.27.4&Prime; _module_preset=\u00a0\u00bbdefault\u00a0\u00bb link_option_url=\u00a0\u00bbhttps:\/\/www.lebeal.org\/\u00a0\u00bb link_option_url_new_window=\u00a0\u00bbon\u00a0\u00bb hover_enabled=\u00a0\u00bb0&Prime; global_colors_info=\u00a0\u00bb{}\u00a0\u00bb sticky_enabled=\u00a0\u00bb0&Prime;]<\/p>\n<p style=\"text-align: justify;\">Club Omnisport Adapei Loisirs Adapt\u00e9s 26<\/p>\n<p style=\"text-align: justify;\"><span style=\"font-weight: 400;\">Ind\u00e9pendante de l&rsquo;ADAPEI, elle est ouverte \u00e0 toutes les personnes en situation de handicap mental et psychique, en dehors des adh\u00e9rents de l&rsquo;ADAPEI. <\/span><span style=\"font-weight: 400;\">L&rsquo;association intervient \u00e9galement dans des \u00e9tablissements.<\/span><\/p>\n<p style=\"text-align: justify;\"><span style=\"font-weight: 400;\">Coala 26 propose des activit\u00e9s \u00e0 partir de 16 ans, pour les adultes et les personnes vieillissantes.<\/span><\/p>\n<p>[\/et_pb_text][\/et_pb_column][\/et_pb_row][et_pb_row column_structure=\u00a0\u00bb1_3,2_3&Prime; make_equal=\u00a0\u00bbon\u00a0\u00bb _builder_version=\u00a0\u00bb4.20.2&Prime; _module_preset=\u00a0\u00bbdefault\u00a0\u00bb global_colors_info=\u00a0\u00bb{}\u00a0\u00bb][et_pb_column type=\u00a0\u00bb1_3&Prime; module_class=\u00a0\u00bbcentrer-verticalement\u00a0\u00bb _builder_version=\u00a0\u00bb4.20.2&Prime; _module_preset=\u00a0\u00bbdefault\u00a0\u00bb global_colors_info=\u00a0\u00bb{}\u00a0\u00bb][et_pb_image src=\u00a0\u00bbhttps:\/\/www.collectifdromehandicap.fr\/wp-content\/uploads\/2023\/02\/La-Teppe.png\u00a0\u00bb title_text=\u00a0\u00bbLa Teppe\u00a0\u00bb url=\u00a0\u00bbhttp:\/\/www.teppe.org\/\u00a0\u00bb url_new_window=\u00a0\u00bbon\u00a0\u00bb _builder_version=\u00a0\u00bb4.20.2&Prime; _module_preset=\u00a0\u00bbdefault\u00a0\u00bb global_colors_info=\u00a0\u00bb{}\u00a0\u00bb][\/et_pb_image][\/et_pb_column][et_pb_column type=\u00a0\u00bb2_3&Prime; module_class=\u00a0\u00bbcentrer-verticalement\u00a0\u00bb _builder_version=\u00a0\u00bb4.19.5&Prime; _module_preset=\u00a0\u00bbdefault\u00a0\u00bb global_colors_info=\u00a0\u00bb{}\u00a0\u00bb][et_pb_text _builder_version=\u00a0\u00bb4.20.2&Prime; _module_preset=\u00a0\u00bbdefault\u00a0\u00bb text_font=\u00a0\u00bbMontserrat Alternates|600|||||||\u00a0\u00bb text_text_color=\u00a0\u00bb#FE6400&Prime; text_font_size=\u00a0\u00bb19px\u00a0\u00bb header_text_color=\u00a0\u00bb#FE6400&Prime; link_option_url=\u00a0\u00bbhttp:\/\/www.teppe.org\/\u00a0\u00bb link_option_url_new_window=\u00a0\u00bbon\u00a0\u00bb global_colors_info=\u00a0\u00bb{}\u00a0\u00bb]<\/p>\n<h2 style=\"text-align: left;\">La Teppe<\/h2>\n<p>[\/et_pb_text][et_pb_text _builder_version=\u00a0\u00bb4.20.2&Prime; _module_preset=\u00a0\u00bbdefault\u00a0\u00bb link_option_url=\u00a0\u00bbhttp:\/\/www.teppe.org\/\u00a0\u00bb link_option_url_new_window=\u00a0\u00bbon\u00a0\u00bb global_colors_info=\u00a0\u00bb{}\u00a0\u00bb]<\/p>\n<p style=\"text-align: justify;\"><span>L\u2019institut La Teppe, un lieu d&rsquo;accueil, se soins et de vie, sp\u00e9cialis\u00e9 en \u00e9pil\u00e9psie et sant\u00e9 mentale.<br \/>Cr\u00e9\u00e9 en 1856, L\u2019institut La Teppe est le premier \u00e9tablissement d\u2019Europe \u00e0 avoir propos\u00e9 un accueil sp\u00e9cifique pour les personnes souffrant d\u2019\u00e9pilepsie. Cette exp\u00e9rience originale lui permet de b\u00e9n\u00e9ficier aujourd\u2019hui d\u2019une reconnaissance nationale. La Teppe accueille des patients de la France enti\u00e8re et collabore activement avec de nombreux acteurs concern\u00e9s du secteur (h\u00f4pitaux, m\u00e9decins, chercheurs&#8230;). En 2012, ses \u00e9quipes se sont vues aussi confier la cr\u00e9ation du Centre national de ressources sur les handicaps rares associ\u00e9s \u00e0 une \u00e9pilepsie s\u00e9v\u00e8re. En r\u00e9ponse aux besoins du territoire, le champ d\u2019intervention de l\u2019institut La Teppe s\u2019est \u00e9largi \u00e0 diff\u00e9rentes activit\u00e9s. Un p\u00f4le psychiatrie d\u00e9di\u00e9 \u00e0 la sant\u00e9 mentale des femmes a \u00e9t\u00e9 cr\u00e9\u00e9 ainsi que des structures m\u00e9dico-sociales assurant un lieu de vie adapt\u00e9 pour des personnes handicap\u00e9es et \u00e9pileptiques. L\u2019ensemble de ces activit\u00e9s a \u00e9t\u00e9 compl\u00e9t\u00e9 par la cr\u00e9ation de deux maisons de retraite.<\/span><\/p>\n<p style=\"text-align: justify;\"><span><\/span><\/p>\n<p>[\/et_pb_text][\/et_pb_column][\/et_pb_row][et_pb_row column_structure=\u00a0\u00bb1_3,2_3&Prime; make_equal=\u00a0\u00bbon\u00a0\u00bb _builder_version=\u00a0\u00bb4.20.2&Prime; _module_preset=\u00a0\u00bbdefault\u00a0\u00bb global_colors_info=\u00a0\u00bb{}\u00a0\u00bb][et_pb_column type=\u00a0\u00bb1_3&Prime; module_class=\u00a0\u00bbcentrer-verticalement\u00a0\u00bb _builder_version=\u00a0\u00bb4.20.2&Prime; _module_preset=\u00a0\u00bbdefault\u00a0\u00bb global_colors_info=\u00a0\u00bb{}\u00a0\u00bb][et_pb_image src=\u00a0\u00bbhttps:\/\/www.collectifdromehandicap.fr\/wp-content\/uploads\/2023\/02\/Trisomie-21.jpg\u00a0\u00bb title_text=\u00a0\u00bbTrisomie 21&Prime; url=\u00a0\u00bbhttps:\/\/www.facebook.com\/Trisomie-21-Dr%C3%B4me-Ard%C3%A8che-1029874033709904\/\u00a0\u00bb url_new_window=\u00a0\u00bbon\u00a0\u00bb _builder_version=\u00a0\u00bb4.20.2&Prime; _module_preset=\u00a0\u00bbdefault\u00a0\u00bb global_colors_info=\u00a0\u00bb{}\u00a0\u00bb][\/et_pb_image][\/et_pb_column][et_pb_column type=\u00a0\u00bb2_3&Prime; module_class=\u00a0\u00bbcentrer-verticalement\u00a0\u00bb _builder_version=\u00a0\u00bb4.19.5&Prime; _module_preset=\u00a0\u00bbdefault\u00a0\u00bb global_colors_info=\u00a0\u00bb{}\u00a0\u00bb][et_pb_text _builder_version=\u00a0\u00bb4.20.2&Prime; _module_preset=\u00a0\u00bbdefault\u00a0\u00bb text_font=\u00a0\u00bbMontserrat Alternates|600|||||||\u00a0\u00bb text_text_color=\u00a0\u00bb#FE6400&Prime; text_font_size=\u00a0\u00bb19px\u00a0\u00bb header_text_color=\u00a0\u00bb#FE6400&Prime; link_option_url=\u00a0\u00bbhttps:\/\/www.facebook.com\/Trisomie-21-Dr%C3%B4me-Ard%C3%A8che-1029874033709904\/\u00a0\u00bb link_option_url_new_window=\u00a0\u00bbon\u00a0\u00bb global_colors_info=\u00a0\u00bb{}\u00a0\u00bb]<\/p>\n<h2 style=\"text-align: left;\">Trisomie 21 Dr\u00f4me Ard\u00e8che<\/h2>\n<p>[\/et_pb_text][et_pb_text _builder_version=\u00a0\u00bb4.20.2&Prime; _module_preset=\u00a0\u00bbdefault\u00a0\u00bb link_option_url=\u00a0\u00bbhttps:\/\/www.facebook.com\/Trisomie-21-Dr%C3%B4me-Ard%C3%A8che-1029874033709904\/\u00a0\u00bb link_option_url_new_window=\u00a0\u00bbon\u00a0\u00bb global_colors_info=\u00a0\u00bb{}\u00a0\u00bb]<\/p>\n<p style=\"text-align: justify;\"><span>Reconnaissance et respect les droits des personnes porteuses de trisomie 21.<br \/>Mise en \u0153uvre tous les moyens et actions propres \u00e0 am\u00e9liorer et d\u00e9velopper l\u2019\u00e9ducation, les capacit\u00e9s d\u2019autonomie, l\u2019insertion sociale et le suivi des personnes porteuse de trisomie21.<br \/>Association des professionnels dans l\u2019accompagnement.<\/span><\/p>\n<p>[\/et_pb_text][\/et_pb_column][\/et_pb_row][\/et_pb_section]<\/p>\n","protected":false},"excerpt":{"rendered":"<p>HANDICAP mentalADAPEI de la Dr\u00f4meL&rsquo;Adapei de la Dr\u00f4me milite pour que chaque personne en situation de handicap intellectuel b\u00e9n\u00e9ficie de l&rsquo;accompagnement adapt\u00e9 \u00e0 ses besoins et de la place qui lui revient dans la soci\u00e9t\u00e9. L&rsquo;Adapei26 accompagne des personnes en situation de handicap intellectuel, g\u00e8re des \u00e9tablissements et services d&rsquo;accompagnement, organise l&rsquo;entraide entre les familles, milite pour la d\u00e9fense des droits des personnes des personnes en situation de handicap intellectuel.Les Amis des TilleulsAide au d\u00e9veloppement de toutes personnes, en vue de l&rsquo;\u00e9panouissement et de l&rsquo;insertion sociale de chaque personne handicap\u00e9e, notamment en faisant appel \u00e0 du personnel sp\u00e9cialis\u00e9 et \u00e0 toutes techniques appropri\u00e9es. (Saint-Pantaleon-Les-Vignes)APAHIP Les HirondellesAccompagnement des r\u00e9sidents des Foyers \u00ab Les hirondelles \u00bb de Mours et Peyrins et de leurs familles.Animations hebdomadaires aupr\u00e8s des r\u00e9sidents, par des b\u00e9n\u00e9voles et des professionnels r\u00e9mun\u00e9r\u00e9s par l\u2019association (chant, contes, danses, pr\u00e9sence..) C\u00e9l\u00e9bration des anniversaires des r\u00e9sidents (repas au restaurant et cadeaux personnalis\u00e9s). Aide financi\u00e8re pour la r\u00e9alisation de projets \u00e9manant de l\u2019\u00e9quipe \u00e9ducative ou soutien financier pour une activit\u00e9 r\u00e9currente. Informations aux familles. Manifestations annuelles pour r\u00e9colter des fonds : un loto, une vente solidaire.L&rsquo;Arche de la Vall\u00e9eLes \u00e9tablissements de La Vall\u00e9e accueillient 42 adultes en situation de handicap mental, ayant une [&hellip;]<\/p>\n","protected":false},"author":1,"featured_media":0,"parent":0,"menu_order":0,"comment_status":"closed","ping_status":"closed","template":"","meta":{"_et_pb_use_builder":"on","_et_pb_old_content":"","_et_gb_content_width":"","footnotes":""},"class_list":["post-347","page","type-page","status-publish","hentry"],"yoast_head":"<!-- This site is optimized with the Yoast SEO plugin v27.5 - https:\/\/yoast.com\/product\/yoast-seo-wordpress\/ -->\n<title>Handicap Mental - Le Collectif Dr\u00f4me Handicap<\/title>\n<meta name=\"robots\" content=\"index, follow, max-snippet:-1, max-image-preview:large, max-video-preview:-1\" \/>\n<link rel=\"canonical\" href=\"https:\/\/www.collectifdromehandicap.fr\/?page_id=347\" \/>\n<meta property=\"og:locale\" content=\"fr_FR\" \/>\n<meta property=\"og:type\" content=\"article\" \/>\n<meta property=\"og:title\" content=\"Handicap Mental - Le Collectif Dr\u00f4me Handicap\" \/>\n<meta property=\"og:description\" content=\"HANDICAP mentalADAPEI de la Dr\u00f4meL&#039;Adapei de la Dr\u00f4me milite pour que chaque personne en situation de handicap intellectuel b\u00e9n\u00e9ficie de l&#039;accompagnement adapt\u00e9 \u00e0 ses besoins et de la place qui lui revient dans la soci\u00e9t\u00e9. L&#039;Adapei26 accompagne des personnes en situation de handicap intellectuel, g\u00e8re des \u00e9tablissements et services d&#039;accompagnement, organise l&#039;entraide entre les familles, milite pour la d\u00e9fense des droits des personnes des personnes en situation de handicap intellectuel.Les Amis des TilleulsAide au d\u00e9veloppement de toutes personnes, en vue de l&#039;\u00e9panouissement et de l&#039;insertion sociale de chaque personne handicap\u00e9e, notamment en faisant appel \u00e0 du personnel sp\u00e9cialis\u00e9 et \u00e0 toutes techniques appropri\u00e9es. (Saint-Pantaleon-Les-Vignes)APAHIP Les HirondellesAccompagnement des r\u00e9sidents des Foyers \u00ab Les hirondelles \u00bb de Mours et Peyrins et de leurs familles.Animations hebdomadaires aupr\u00e8s des r\u00e9sidents, par des b\u00e9n\u00e9voles et des professionnels r\u00e9mun\u00e9r\u00e9s par l\u2019association (chant, contes, danses, pr\u00e9sence..) C\u00e9l\u00e9bration des anniversaires des r\u00e9sidents (repas au restaurant et cadeaux personnalis\u00e9s). Aide financi\u00e8re pour la r\u00e9alisation de projets \u00e9manant de l\u2019\u00e9quipe \u00e9ducative ou soutien financier pour une activit\u00e9 r\u00e9currente. Informations aux familles. Manifestations annuelles pour r\u00e9colter des fonds : un loto, une vente solidaire.L&#039;Arche de la Vall\u00e9eLes \u00e9tablissements de La Vall\u00e9e accueillient 42 adultes en situation de handicap mental, ayant une [&hellip;]\" \/>\n<meta property=\"og:url\" content=\"https:\/\/www.collectifdromehandicap.fr\/?page_id=347\" \/>\n<meta property=\"og:site_name\" content=\"Le Collectif Dr\u00f4me Handicap\" \/>\n<meta property=\"article:modified_time\" content=\"2025-07-03T16:05:16+00:00\" \/>\n<meta name=\"twitter:card\" content=\"summary_large_image\" \/>\n<script type=\"application\/ld+json\" class=\"yoast-schema-graph\">{\"@context\":\"https:\\\/\\\/schema.org\",\"@graph\":[{\"@type\":\"WebPage\",\"@id\":\"https:\\\/\\\/www.collectifdromehandicap.fr\\\/?page_id=347\",\"url\":\"https:\\\/\\\/www.collectifdromehandicap.fr\\\/?page_id=347\",\"name\":\"Handicap Mental - Le Collectif Dr\u00f4me Handicap\",\"isPartOf\":{\"@id\":\"https:\\\/\\\/www.collectifdromehandicap.fr\\\/#website\"},\"datePublished\":\"2023-02-13T09:49:52+00:00\",\"dateModified\":\"2025-07-03T16:05:16+00:00\",\"breadcrumb\":{\"@id\":\"https:\\\/\\\/www.collectifdromehandicap.fr\\\/?page_id=347#breadcrumb\"},\"inLanguage\":\"fr-FR\",\"potentialAction\":[{\"@type\":\"ReadAction\",\"target\":[\"https:\\\/\\\/www.collectifdromehandicap.fr\\\/?page_id=347\"]}]},{\"@type\":\"BreadcrumbList\",\"@id\":\"https:\\\/\\\/www.collectifdromehandicap.fr\\\/?page_id=347#breadcrumb\",\"itemListElement\":[{\"@type\":\"ListItem\",\"position\":1,\"name\":\"Accueil\",\"item\":\"https:\\\/\\\/www.collectifdromehandicap.fr\\\/\"},{\"@type\":\"ListItem\",\"position\":2,\"name\":\"Handicap Mental\"}]},{\"@type\":\"WebSite\",\"@id\":\"https:\\\/\\\/www.collectifdromehandicap.fr\\\/#website\",\"url\":\"https:\\\/\\\/www.collectifdromehandicap.fr\\\/\",\"name\":\"Le Collectif Dr\u00f4me Handicap\",\"description\":\"Un groupement qui fait bouger les lignes du handicap\",\"publisher\":{\"@id\":\"https:\\\/\\\/www.collectifdromehandicap.fr\\\/#organization\"},\"potentialAction\":[{\"@type\":\"SearchAction\",\"target\":{\"@type\":\"EntryPoint\",\"urlTemplate\":\"https:\\\/\\\/www.collectifdromehandicap.fr\\\/?s={search_term_string}\"},\"query-input\":{\"@type\":\"PropertyValueSpecification\",\"valueRequired\":true,\"valueName\":\"search_term_string\"}}],\"inLanguage\":\"fr-FR\"},{\"@type\":\"Organization\",\"@id\":\"https:\\\/\\\/www.collectifdromehandicap.fr\\\/#organization\",\"name\":\"Le Collectif Dr\u00f4me Handicap\",\"url\":\"https:\\\/\\\/www.collectifdromehandicap.fr\\\/\",\"logo\":{\"@type\":\"ImageObject\",\"inLanguage\":\"fr-FR\",\"@id\":\"https:\\\/\\\/www.collectifdromehandicap.fr\\\/#\\\/schema\\\/logo\\\/image\\\/\",\"url\":\"https:\\\/\\\/www.collectifdromehandicap.fr\\\/wp-content\\\/uploads\\\/2023\\\/02\\\/logo-cdh.png\",\"contentUrl\":\"https:\\\/\\\/www.collectifdromehandicap.fr\\\/wp-content\\\/uploads\\\/2023\\\/02\\\/logo-cdh.png\",\"width\":1059,\"height\":304,\"caption\":\"Le Collectif Dr\u00f4me Handicap\"},\"image\":{\"@id\":\"https:\\\/\\\/www.collectifdromehandicap.fr\\\/#\\\/schema\\\/logo\\\/image\\\/\"}}]}<\/script>\n<!-- \/ Yoast SEO plugin. -->","yoast_head_json":{"title":"Handicap Mental - Le Collectif Dr\u00f4me Handicap","robots":{"index":"index","follow":"follow","max-snippet":"max-snippet:-1","max-image-preview":"max-image-preview:large","max-video-preview":"max-video-preview:-1"},"canonical":"https:\/\/www.collectifdromehandicap.fr\/?page_id=347","og_locale":"fr_FR","og_type":"article","og_title":"Handicap Mental - Le Collectif Dr\u00f4me Handicap","og_description":"HANDICAP mentalADAPEI de la Dr\u00f4meL'Adapei de la Dr\u00f4me milite pour que chaque personne en situation de handicap intellectuel b\u00e9n\u00e9ficie de l'accompagnement adapt\u00e9 \u00e0 ses besoins et de la place qui lui revient dans la soci\u00e9t\u00e9. L'Adapei26 accompagne des personnes en situation de handicap intellectuel, g\u00e8re des \u00e9tablissements et services d'accompagnement, organise l'entraide entre les familles, milite pour la d\u00e9fense des droits des personnes des personnes en situation de handicap intellectuel.Les Amis des TilleulsAide au d\u00e9veloppement de toutes personnes, en vue de l'\u00e9panouissement et de l'insertion sociale de chaque personne handicap\u00e9e, notamment en faisant appel \u00e0 du personnel sp\u00e9cialis\u00e9 et \u00e0 toutes techniques appropri\u00e9es. (Saint-Pantaleon-Les-Vignes)APAHIP Les HirondellesAccompagnement des r\u00e9sidents des Foyers \u00ab Les hirondelles \u00bb de Mours et Peyrins et de leurs familles.Animations hebdomadaires aupr\u00e8s des r\u00e9sidents, par des b\u00e9n\u00e9voles et des professionnels r\u00e9mun\u00e9r\u00e9s par l\u2019association (chant, contes, danses, pr\u00e9sence..) C\u00e9l\u00e9bration des anniversaires des r\u00e9sidents (repas au restaurant et cadeaux personnalis\u00e9s). Aide financi\u00e8re pour la r\u00e9alisation de projets \u00e9manant de l\u2019\u00e9quipe \u00e9ducative ou soutien financier pour une activit\u00e9 r\u00e9currente. Informations aux familles. Manifestations annuelles pour r\u00e9colter des fonds : un loto, une vente solidaire.L'Arche de la Vall\u00e9eLes \u00e9tablissements de La Vall\u00e9e accueillient 42 adultes en situation de handicap mental, ayant une [&hellip;]","og_url":"https:\/\/www.collectifdromehandicap.fr\/?page_id=347","og_site_name":"Le Collectif Dr\u00f4me Handicap","article_modified_time":"2025-07-03T16:05:16+00:00","twitter_card":"summary_large_image","schema":{"@context":"https:\/\/schema.org","@graph":[{"@type":"WebPage","@id":"https:\/\/www.collectifdromehandicap.fr\/?page_id=347","url":"https:\/\/www.collectifdromehandicap.fr\/?page_id=347","name":"Handicap Mental - Le Collectif Dr\u00f4me Handicap","isPartOf":{"@id":"https:\/\/www.collectifdromehandicap.fr\/#website"},"datePublished":"2023-02-13T09:49:52+00:00","dateModified":"2025-07-03T16:05:16+00:00","breadcrumb":{"@id":"https:\/\/www.collectifdromehandicap.fr\/?page_id=347#breadcrumb"},"inLanguage":"fr-FR","potentialAction":[{"@type":"ReadAction","target":["https:\/\/www.collectifdromehandicap.fr\/?page_id=347"]}]},{"@type":"BreadcrumbList","@id":"https:\/\/www.collectifdromehandicap.fr\/?page_id=347#breadcrumb","itemListElement":[{"@type":"ListItem","position":1,"name":"Accueil","item":"https:\/\/www.collectifdromehandicap.fr\/"},{"@type":"ListItem","position":2,"name":"Handicap Mental"}]},{"@type":"WebSite","@id":"https:\/\/www.collectifdromehandicap.fr\/#website","url":"https:\/\/www.collectifdromehandicap.fr\/","name":"Le Collectif Dr\u00f4me Handicap","description":"Un groupement qui fait bouger les lignes du handicap","publisher":{"@id":"https:\/\/www.collectifdromehandicap.fr\/#organization"},"potentialAction":[{"@type":"SearchAction","target":{"@type":"EntryPoint","urlTemplate":"https:\/\/www.collectifdromehandicap.fr\/?s={search_term_string}"},"query-input":{"@type":"PropertyValueSpecification","valueRequired":true,"valueName":"search_term_string"}}],"inLanguage":"fr-FR"},{"@type":"Organization","@id":"https:\/\/www.collectifdromehandicap.fr\/#organization","name":"Le Collectif Dr\u00f4me Handicap","url":"https:\/\/www.collectifdromehandicap.fr\/","logo":{"@type":"ImageObject","inLanguage":"fr-FR","@id":"https:\/\/www.collectifdromehandicap.fr\/#\/schema\/logo\/image\/","url":"https:\/\/www.collectifdromehandicap.fr\/wp-content\/uploads\/2023\/02\/logo-cdh.png","contentUrl":"https:\/\/www.collectifdromehandicap.fr\/wp-content\/uploads\/2023\/02\/logo-cdh.png","width":1059,"height":304,"caption":"Le Collectif Dr\u00f4me Handicap"},"image":{"@id":"https:\/\/www.collectifdromehandicap.fr\/#\/schema\/logo\/image\/"}}]}},"_links":{"self":[{"href":"https:\/\/www.collectifdromehandicap.fr\/index.php?rest_route=\/wp\/v2\/pages\/347","targetHints":{"allow":["GET"]}}],"collection":[{"href":"https:\/\/www.collectifdromehandicap.fr\/index.php?rest_route=\/wp\/v2\/pages"}],"about":[{"href":"https:\/\/www.collectifdromehandicap.fr\/index.php?rest_route=\/wp\/v2\/types\/page"}],"author":[{"embeddable":true,"href":"https:\/\/www.collectifdromehandicap.fr\/index.php?rest_route=\/wp\/v2\/users\/1"}],"replies":[{"embeddable":true,"href":"https:\/\/www.collectifdromehandicap.fr\/index.php?rest_route=%2Fwp%2Fv2%2Fcomments&post=347"}],"version-history":[{"count":13,"href":"https:\/\/www.collectifdromehandicap.fr\/index.php?rest_route=\/wp\/v2\/pages\/347\/revisions"}],"predecessor-version":[{"id":2506,"href":"https:\/\/www.collectifdromehandicap.fr\/index.php?rest_route=\/wp\/v2\/pages\/347\/revisions\/2506"}],"wp:attachment":[{"href":"https:\/\/www.collectifdromehandicap.fr\/index.php?rest_route=%2Fwp%2Fv2%2Fmedia&parent=347"}],"curies":[{"name":"wp","href":"https:\/\/api.w.org\/{rel}","templated":true}]}}