{"id":3090,"date":"2026-04-14T16:43:16","date_gmt":"2026-04-14T14:43:16","guid":{"rendered":"https:\/\/www.collectifdromehandicap.fr\/?post_type=tribe_events&#038;p=3090"},"modified":"2026-04-14T16:48:50","modified_gmt":"2026-04-14T14:48:50","slug":"forum-vivre-et-grandir-avec-un-handicap-montelimar","status":"publish","type":"tribe_events","link":"https:\/\/www.collectifdromehandicap.fr\/?tribe_events=forum-vivre-et-grandir-avec-un-handicap-montelimar","title":{"rendered":"Forum \u00ab\u00a0Vivre et grandir avec un handicap\u00a0\u00bb Mont\u00e9limar"},"content":{"rendered":"<p>Mieux comprendre les dispositifs et les parcours. Offrir un espace pour penser et d\u00e9couvrir le r\u00e9pit.<\/p>\n<p>Venez rencontrer des experts, partagez des exp\u00e9riences, et d\u00e9couvrez des ressources pr\u00e9cieuses.<\/p>\n<p>Forum ouvert aux parents d&rsquo;enfants en situation de handicap, entre 2 et 20 ans, qui sont \u00e0 la recherche d&rsquo;informations.<\/p>\n<p><img loading=\"lazy\" decoding=\"async\" class=\"alignleft size-full wp-image-3098\" src=\"https:\/\/www.collectifdromehandicap.fr\/wp-content\/uploads\/2026\/04\/Affiche-forum-Montelimar.png\" alt=\"\" width=\"668\" height=\"945\" srcset=\"https:\/\/www.collectifdromehandicap.fr\/wp-content\/uploads\/2026\/04\/Affiche-forum-Montelimar.png 668w, https:\/\/www.collectifdromehandicap.fr\/wp-content\/uploads\/2026\/04\/Affiche-forum-Montelimar-480x679.png 480w\" sizes=\"(min-width: 0px) and (max-width: 480px) 480px, (min-width: 481px) 668px, 100vw\" \/><\/p>\n<p><img loading=\"lazy\" decoding=\"async\" class=\"alignleft size-full wp-image-3101\" src=\"https:\/\/www.collectifdromehandicap.fr\/wp-content\/uploads\/2026\/04\/Affiche-forum-Montelimar-2.png\" alt=\"\" width=\"666\" height=\"943\" srcset=\"https:\/\/www.collectifdromehandicap.fr\/wp-content\/uploads\/2026\/04\/Affiche-forum-Montelimar-2.png 666w, https:\/\/www.collectifdromehandicap.fr\/wp-content\/uploads\/2026\/04\/Affiche-forum-Montelimar-2-480x680.png 480w\" sizes=\"(min-width: 0px) and (max-width: 480px) 480px, (min-width: 481px) 666px, 100vw\" \/><\/p>\n<p><img loading=\"lazy\" decoding=\"async\" class=\"alignleft size-full wp-image-3100\" src=\"https:\/\/www.collectifdromehandicap.fr\/wp-content\/uploads\/2026\/04\/Affiche-forum-Montelimar-3.png\" alt=\"\" width=\"667\" height=\"946\" srcset=\"https:\/\/www.collectifdromehandicap.fr\/wp-content\/uploads\/2026\/04\/Affiche-forum-Montelimar-3.png 667w, https:\/\/www.collectifdromehandicap.fr\/wp-content\/uploads\/2026\/04\/Affiche-forum-Montelimar-3-480x681.png 480w\" sizes=\"(min-width: 0px) and (max-width: 480px) 480px, (min-width: 481px) 667px, 100vw\" \/><\/p>\n<p><img loading=\"lazy\" decoding=\"async\" class=\"alignleft size-full wp-image-3099\" src=\"https:\/\/www.collectifdromehandicap.fr\/wp-content\/uploads\/2026\/04\/Affiche-forum-Montelimar-4.png\" alt=\"\" width=\"666\" height=\"946\" srcset=\"https:\/\/www.collectifdromehandicap.fr\/wp-content\/uploads\/2026\/04\/Affiche-forum-Montelimar-4.png 666w, https:\/\/www.collectifdromehandicap.fr\/wp-content\/uploads\/2026\/04\/Affiche-forum-Montelimar-4-480x682.png 480w\" sizes=\"(min-width: 0px) and (max-width: 480px) 480px, (min-width: 481px) 666px, 100vw\" \/><\/p>\n<p>&nbsp;<\/p>\n<p>&nbsp;<\/p>\n<p>&nbsp;<\/p>\n<p>&nbsp;<\/p>\n<p>&nbsp;<\/p>\n","protected":false},"excerpt":{"rendered":"<p>Mieux comprendre les dispositifs et les parcours. Offrir un espace pour penser et d\u00e9couvrir le r\u00e9pit. Venez rencontrer des experts, partagez des exp\u00e9riences, et d\u00e9couvrez des ressources pr\u00e9cieuses. Forum ouvert [&hellip;]<\/p>\n","protected":false},"author":1,"featured_media":0,"template":"","meta":{"_et_pb_use_builder":"off","_et_pb_old_content":"","_et_gb_content_width":"","_tribe_events_status":"","_tribe_events_status_reason":"","footnotes":""},"tags":[],"tribe_events_cat":[12],"class_list":["post-3090","tribe_events","type-tribe_events","status-publish","hentry","tribe_events_cat-agenda","cat_agenda"],"yoast_head":"<!-- This site is optimized with the Yoast SEO plugin v27.5 - https:\/\/yoast.com\/product\/yoast-seo-wordpress\/ -->\n<title>Forum &quot;Vivre et grandir avec un handicap&quot; Mont\u00e9limar - Le Collectif Dr\u00f4me Handicap<\/title>\n<meta name=\"robots\" content=\"index, follow, max-snippet:-1, max-image-preview:large, max-video-preview:-1\" \/>\n<link rel=\"canonical\" href=\"https:\/\/www.collectifdromehandicap.fr\/?tribe_events=forum-vivre-et-grandir-avec-un-handicap-montelimar\" \/>\n<meta property=\"og:locale\" content=\"fr_FR\" \/>\n<meta property=\"og:type\" content=\"article\" \/>\n<meta property=\"og:title\" content=\"Forum &quot;Vivre et grandir avec un handicap&quot; Mont\u00e9limar - Le Collectif Dr\u00f4me Handicap\" \/>\n<meta property=\"og:description\" content=\"Mieux comprendre les dispositifs et les parcours. Offrir un espace pour penser et d\u00e9couvrir le r\u00e9pit. Venez rencontrer des experts, partagez des exp\u00e9riences, et d\u00e9couvrez des ressources pr\u00e9cieuses. Forum ouvert [&hellip;]\" \/>\n<meta property=\"og:url\" content=\"https:\/\/www.collectifdromehandicap.fr\/?tribe_events=forum-vivre-et-grandir-avec-un-handicap-montelimar\" \/>\n<meta property=\"og:site_name\" content=\"Le Collectif Dr\u00f4me Handicap\" \/>\n<meta property=\"article:modified_time\" content=\"2026-04-14T14:48:50+00:00\" \/>\n<meta property=\"og:image\" content=\"https:\/\/www.collectifdromehandicap.fr\/wp-content\/uploads\/2026\/04\/Affiche-forum-Montelimar.png\" \/>\n\t<meta property=\"og:image:width\" content=\"668\" \/>\n\t<meta property=\"og:image:height\" content=\"945\" \/>\n\t<meta property=\"og:image:type\" content=\"image\/png\" \/>\n<meta name=\"twitter:card\" content=\"summary_large_image\" \/>\n<meta name=\"twitter:label1\" content=\"Dur\u00e9e de lecture estim\u00e9e\" \/>\n\t<meta name=\"twitter:data1\" content=\"2 minutes\" \/>\n<script type=\"application\/ld+json\" class=\"yoast-schema-graph\">{\"@context\":\"https:\\\/\\\/schema.org\",\"@graph\":[{\"@type\":\"WebPage\",\"@id\":\"https:\\\/\\\/www.collectifdromehandicap.fr\\\/?tribe_events=forum-vivre-et-grandir-avec-un-handicap-montelimar\",\"url\":\"https:\\\/\\\/www.collectifdromehandicap.fr\\\/?tribe_events=forum-vivre-et-grandir-avec-un-handicap-montelimar\",\"name\":\"Forum \\\"Vivre et grandir avec un handicap\\\" Mont\u00e9limar - Le Collectif Dr\u00f4me Handicap\",\"isPartOf\":{\"@id\":\"https:\\\/\\\/www.collectifdromehandicap.fr\\\/#website\"},\"primaryImageOfPage\":{\"@id\":\"https:\\\/\\\/www.collectifdromehandicap.fr\\\/?tribe_events=forum-vivre-et-grandir-avec-un-handicap-montelimar#primaryimage\"},\"image\":{\"@id\":\"https:\\\/\\\/www.collectifdromehandicap.fr\\\/?tribe_events=forum-vivre-et-grandir-avec-un-handicap-montelimar#primaryimage\"},\"thumbnailUrl\":\"https:\\\/\\\/www.collectifdromehandicap.fr\\\/wp-content\\\/uploads\\\/2026\\\/04\\\/Affiche-forum-Montelimar.png\",\"datePublished\":\"2026-04-14T14:43:16+00:00\",\"dateModified\":\"2026-04-14T14:48:50+00:00\",\"breadcrumb\":{\"@id\":\"https:\\\/\\\/www.collectifdromehandicap.fr\\\/?tribe_events=forum-vivre-et-grandir-avec-un-handicap-montelimar#breadcrumb\"},\"inLanguage\":\"fr-FR\",\"potentialAction\":[{\"@type\":\"ReadAction\",\"target\":[\"https:\\\/\\\/www.collectifdromehandicap.fr\\\/?tribe_events=forum-vivre-et-grandir-avec-un-handicap-montelimar\"]}]},{\"@type\":\"ImageObject\",\"inLanguage\":\"fr-FR\",\"@id\":\"https:\\\/\\\/www.collectifdromehandicap.fr\\\/?tribe_events=forum-vivre-et-grandir-avec-un-handicap-montelimar#primaryimage\",\"url\":\"https:\\\/\\\/www.collectifdromehandicap.fr\\\/wp-content\\\/uploads\\\/2026\\\/04\\\/Affiche-forum-Montelimar.png\",\"contentUrl\":\"https:\\\/\\\/www.collectifdromehandicap.fr\\\/wp-content\\\/uploads\\\/2026\\\/04\\\/Affiche-forum-Montelimar.png\",\"width\":668,\"height\":945},{\"@type\":\"BreadcrumbList\",\"@id\":\"https:\\\/\\\/www.collectifdromehandicap.fr\\\/?tribe_events=forum-vivre-et-grandir-avec-un-handicap-montelimar#breadcrumb\",\"itemListElement\":[{\"@type\":\"ListItem\",\"position\":1,\"name\":\"Accueil\",\"item\":\"https:\\\/\\\/www.collectifdromehandicap.fr\\\/\"},{\"@type\":\"ListItem\",\"position\":2,\"name\":\"\u00c9v\u00e8nements\",\"item\":\"https:\\\/\\\/www.collectifdromehandicap.fr\\\/?post_type=tribe_events\"},{\"@type\":\"ListItem\",\"position\":3,\"name\":\"Forum \u00ab\u00a0Vivre et grandir avec un handicap\u00a0\u00bb Mont\u00e9limar\"}]},{\"@type\":\"WebSite\",\"@id\":\"https:\\\/\\\/www.collectifdromehandicap.fr\\\/#website\",\"url\":\"https:\\\/\\\/www.collectifdromehandicap.fr\\\/\",\"name\":\"Le Collectif Dr\u00f4me Handicap\",\"description\":\"Un groupement qui fait bouger les lignes du handicap\",\"publisher\":{\"@id\":\"https:\\\/\\\/www.collectifdromehandicap.fr\\\/#organization\"},\"potentialAction\":[{\"@type\":\"SearchAction\",\"target\":{\"@type\":\"EntryPoint\",\"urlTemplate\":\"https:\\\/\\\/www.collectifdromehandicap.fr\\\/?s={search_term_string}\"},\"query-input\":{\"@type\":\"PropertyValueSpecification\",\"valueRequired\":true,\"valueName\":\"search_term_string\"}}],\"inLanguage\":\"fr-FR\"},{\"@type\":\"Organization\",\"@id\":\"https:\\\/\\\/www.collectifdromehandicap.fr\\\/#organization\",\"name\":\"Le Collectif Dr\u00f4me Handicap\",\"url\":\"https:\\\/\\\/www.collectifdromehandicap.fr\\\/\",\"logo\":{\"@type\":\"ImageObject\",\"inLanguage\":\"fr-FR\",\"@id\":\"https:\\\/\\\/www.collectifdromehandicap.fr\\\/#\\\/schema\\\/logo\\\/image\\\/\",\"url\":\"https:\\\/\\\/www.collectifdromehandicap.fr\\\/wp-content\\\/uploads\\\/2023\\\/02\\\/logo-cdh.png\",\"contentUrl\":\"https:\\\/\\\/www.collectifdromehandicap.fr\\\/wp-content\\\/uploads\\\/2023\\\/02\\\/logo-cdh.png\",\"width\":1059,\"height\":304,\"caption\":\"Le Collectif Dr\u00f4me Handicap\"},\"image\":{\"@id\":\"https:\\\/\\\/www.collectifdromehandicap.fr\\\/#\\\/schema\\\/logo\\\/image\\\/\"}}]}<\/script>\n<!-- \/ Yoast SEO plugin. -->","yoast_head_json":{"title":"Forum \"Vivre et grandir avec un handicap\" Mont\u00e9limar - Le Collectif Dr\u00f4me Handicap","robots":{"index":"index","follow":"follow","max-snippet":"max-snippet:-1","max-image-preview":"max-image-preview:large","max-video-preview":"max-video-preview:-1"},"canonical":"https:\/\/www.collectifdromehandicap.fr\/?tribe_events=forum-vivre-et-grandir-avec-un-handicap-montelimar","og_locale":"fr_FR","og_type":"article","og_title":"Forum \"Vivre et grandir avec un handicap\" Mont\u00e9limar - Le Collectif Dr\u00f4me Handicap","og_description":"Mieux comprendre les dispositifs et les parcours. Offrir un espace pour penser et d\u00e9couvrir le r\u00e9pit. Venez rencontrer des experts, partagez des exp\u00e9riences, et d\u00e9couvrez des ressources pr\u00e9cieuses. Forum ouvert [&hellip;]","og_url":"https:\/\/www.collectifdromehandicap.fr\/?tribe_events=forum-vivre-et-grandir-avec-un-handicap-montelimar","og_site_name":"Le Collectif Dr\u00f4me Handicap","article_modified_time":"2026-04-14T14:48:50+00:00","og_image":[{"width":668,"height":945,"url":"https:\/\/www.collectifdromehandicap.fr\/wp-content\/uploads\/2026\/04\/Affiche-forum-Montelimar.png","type":"image\/png"}],"twitter_card":"summary_large_image","twitter_misc":{"Dur\u00e9e de lecture estim\u00e9e":"2 minutes"},"schema":{"@context":"https:\/\/schema.org","@graph":[{"@type":"WebPage","@id":"https:\/\/www.collectifdromehandicap.fr\/?tribe_events=forum-vivre-et-grandir-avec-un-handicap-montelimar","url":"https:\/\/www.collectifdromehandicap.fr\/?tribe_events=forum-vivre-et-grandir-avec-un-handicap-montelimar","name":"Forum \"Vivre et grandir avec un handicap\" Mont\u00e9limar - Le Collectif Dr\u00f4me Handicap","isPartOf":{"@id":"https:\/\/www.collectifdromehandicap.fr\/#website"},"primaryImageOfPage":{"@id":"https:\/\/www.collectifdromehandicap.fr\/?tribe_events=forum-vivre-et-grandir-avec-un-handicap-montelimar#primaryimage"},"image":{"@id":"https:\/\/www.collectifdromehandicap.fr\/?tribe_events=forum-vivre-et-grandir-avec-un-handicap-montelimar#primaryimage"},"thumbnailUrl":"https:\/\/www.collectifdromehandicap.fr\/wp-content\/uploads\/2026\/04\/Affiche-forum-Montelimar.png","datePublished":"2026-04-14T14:43:16+00:00","dateModified":"2026-04-14T14:48:50+00:00","breadcrumb":{"@id":"https:\/\/www.collectifdromehandicap.fr\/?tribe_events=forum-vivre-et-grandir-avec-un-handicap-montelimar#breadcrumb"},"inLanguage":"fr-FR","potentialAction":[{"@type":"ReadAction","target":["https:\/\/www.collectifdromehandicap.fr\/?tribe_events=forum-vivre-et-grandir-avec-un-handicap-montelimar"]}]},{"@type":"ImageObject","inLanguage":"fr-FR","@id":"https:\/\/www.collectifdromehandicap.fr\/?tribe_events=forum-vivre-et-grandir-avec-un-handicap-montelimar#primaryimage","url":"https:\/\/www.collectifdromehandicap.fr\/wp-content\/uploads\/2026\/04\/Affiche-forum-Montelimar.png","contentUrl":"https:\/\/www.collectifdromehandicap.fr\/wp-content\/uploads\/2026\/04\/Affiche-forum-Montelimar.png","width":668,"height":945},{"@type":"BreadcrumbList","@id":"https:\/\/www.collectifdromehandicap.fr\/?tribe_events=forum-vivre-et-grandir-avec-un-handicap-montelimar#breadcrumb","itemListElement":[{"@type":"ListItem","position":1,"name":"Accueil","item":"https:\/\/www.collectifdromehandicap.fr\/"},{"@type":"ListItem","position":2,"name":"\u00c9v\u00e8nements","item":"https:\/\/www.collectifdromehandicap.fr\/?post_type=tribe_events"},{"@type":"ListItem","position":3,"name":"Forum \u00ab\u00a0Vivre et grandir avec un handicap\u00a0\u00bb Mont\u00e9limar"}]},{"@type":"WebSite","@id":"https:\/\/www.collectifdromehandicap.fr\/#website","url":"https:\/\/www.collectifdromehandicap.fr\/","name":"Le Collectif Dr\u00f4me Handicap","description":"Un groupement qui fait bouger les lignes du handicap","publisher":{"@id":"https:\/\/www.collectifdromehandicap.fr\/#organization"},"potentialAction":[{"@type":"SearchAction","target":{"@type":"EntryPoint","urlTemplate":"https:\/\/www.collectifdromehandicap.fr\/?s={search_term_string}"},"query-input":{"@type":"PropertyValueSpecification","valueRequired":true,"valueName":"search_term_string"}}],"inLanguage":"fr-FR"},{"@type":"Organization","@id":"https:\/\/www.collectifdromehandicap.fr\/#organization","name":"Le Collectif Dr\u00f4me Handicap","url":"https:\/\/www.collectifdromehandicap.fr\/","logo":{"@type":"ImageObject","inLanguage":"fr-FR","@id":"https:\/\/www.collectifdromehandicap.fr\/#\/schema\/logo\/image\/","url":"https:\/\/www.collectifdromehandicap.fr\/wp-content\/uploads\/2023\/02\/logo-cdh.png","contentUrl":"https:\/\/www.collectifdromehandicap.fr\/wp-content\/uploads\/2023\/02\/logo-cdh.png","width":1059,"height":304,"caption":"Le Collectif Dr\u00f4me Handicap"},"image":{"@id":"https:\/\/www.collectifdromehandicap.fr\/#\/schema\/logo\/image\/"}}]}},"_links":{"self":[{"href":"https:\/\/www.collectifdromehandicap.fr\/index.php?rest_route=\/wp\/v2\/tribe_events\/3090","targetHints":{"allow":["GET"]}}],"collection":[{"href":"https:\/\/www.collectifdromehandicap.fr\/index.php?rest_route=\/wp\/v2\/tribe_events"}],"about":[{"href":"https:\/\/www.collectifdromehandicap.fr\/index.php?rest_route=\/wp\/v2\/types\/tribe_events"}],"author":[{"embeddable":true,"href":"https:\/\/www.collectifdromehandicap.fr\/index.php?rest_route=\/wp\/v2\/users\/1"}],"version-history":[{"count":5,"href":"https:\/\/www.collectifdromehandicap.fr\/index.php?rest_route=\/wp\/v2\/tribe_events\/3090\/revisions"}],"predecessor-version":[{"id":3104,"href":"https:\/\/www.collectifdromehandicap.fr\/index.php?rest_route=\/wp\/v2\/tribe_events\/3090\/revisions\/3104"}],"wp:attachment":[{"href":"https:\/\/www.collectifdromehandicap.fr\/index.php?rest_route=%2Fwp%2Fv2%2Fmedia&parent=3090"}],"wp:term":[{"taxonomy":"post_tag","embeddable":true,"href":"https:\/\/www.collectifdromehandicap.fr\/index.php?rest_route=%2Fwp%2Fv2%2Ftags&post=3090"},{"taxonomy":"tribe_events_cat","embeddable":true,"href":"https:\/\/www.collectifdromehandicap.fr\/index.php?rest_route=%2Fwp%2Fv2%2Ftribe_events_cat&post=3090"}],"curies":[{"name":"wp","href":"https:\/\/api.w.org\/{rel}","templated":true}]}}