{"id":3105,"date":"2026-04-14T17:18:00","date_gmt":"2026-04-14T15:18:00","guid":{"rendered":"https:\/\/www.collectifdromehandicap.fr\/?post_type=tribe_events&#038;p=3105"},"modified":"2026-04-14T17:18:00","modified_gmt":"2026-04-14T15:18:00","slug":"journee-regionale-escrime-handisport-le-22-avril-2026","status":"publish","type":"tribe_events","link":"https:\/\/www.collectifdromehandicap.fr\/?tribe_events=journee-regionale-escrime-handisport-le-22-avril-2026","title":{"rendered":"Journ\u00e9e R\u00e9gionale escrime Handisport le 22 avril 2026"},"content":{"rendered":"<p data-pm-slice=\"1 1 []\">La Ligue, les Comit\u00e9s Handisport de l&rsquo;Ard\u00e8che et de la Dr\u00f4me et le Comit\u00e9 Dr\u00f4me-Ard\u00e8che d\u2019Escrime s\u2019associent pour proposer une journ\u00e9e<strong>\u00a0initiation escrime Handisport<\/strong>.<\/p>\n<p>\/\/ La journ\u00e9e se d\u00e9roulera le mercredi 22 avril de 10h \u00e0 16h \u00e0 l&rsquo;Espace sportif Jean-Fran\u00e7ois Lamour Rue Pierre de Coubertin , 07500 Guilherand-Granges.<\/p>\n<p>\/\/ Elle s\u2019adresse \u00e0 toutes personnes en situation de handicap <strong>moteur ou sensoriel <\/strong>souhaitant d\u00e9couvrir l\u2019escrime.<\/p>\n<p>\/\/ Au programme :<br \/>\n10h \u00e0 15h30, ateliers d\u2019initiation debout ou assis seront propos\u00e9s ainsi qu\u2019un tournoi d\u00e9couverte,\u00a0<strong>possibilit\u00e9 de venir \u00e0 la demi-journ\u00e9e<\/strong><\/p>\n<p>15h30 &#8211; 16h, gouter<\/p>\n<p>\/\/ L\u2019encadrement sera assur\u00e9 par le ma\u00eetre d\u2019arme du Comit\u00e9 Dr\u00f4me-Ard\u00e8che d\u2019Escrime, les techniciens Handisport d\u00e9partementaux et les \u00e9tudiants en formation DEJEPS Handisport.<\/p>\n<p>\/\/ Un espace pique-\ud83e\udd2c sera \u00e0 votre disposition pour vous permettre de vous restaurer \u00e0 midi (apportez votre repas tir\u00e9 du sac).<\/p>\n<p><strong>Repas offert : wrap poulet + accompagnement, dessert et boisson pour ceux qui s\u2019inscrivent avant le 10\/04\/2026<\/strong><\/p>\n<p><strong><br \/>\n<\/strong>Vous trouverez en fichier joint le formulaire d\u2019inscription.<\/p>\n<p>N\u2019h\u00e9sitez pas \u00e0 contacter Handisport pour plus d\u2019informations et \u00e0 faire suivre ce message aux personnes susceptibles d\u2019\u00eatre int\u00e9ress\u00e9es.<\/p>\n<p><a href=\"mailto:cd26.handisport@orange.fr\" target=\"_blank\" rel=\"noopener noreferrer nofollow\">cd26.handisport@orange.fr<\/a><\/p>\n<p><img loading=\"lazy\" decoding=\"async\" class=\"alignleft size-full wp-image-3106\" src=\"https:\/\/www.collectifdromehandicap.fr\/wp-content\/uploads\/2026\/04\/unnamed-6.png\" alt=\"\" width=\"1080\" height=\"1350\" srcset=\"https:\/\/www.collectifdromehandicap.fr\/wp-content\/uploads\/2026\/04\/unnamed-6.png 1080w, https:\/\/www.collectifdromehandicap.fr\/wp-content\/uploads\/2026\/04\/unnamed-6-980x1225.png 980w, https:\/\/www.collectifdromehandicap.fr\/wp-content\/uploads\/2026\/04\/unnamed-6-480x600.png 480w\" sizes=\"(min-width: 0px) and (max-width: 480px) 480px, (min-width: 481px) and (max-width: 980px) 980px, (min-width: 981px) 1080px, 100vw\" \/><\/p>\n","protected":false},"excerpt":{"rendered":"<p>La Ligue, les Comit\u00e9s Handisport de l&rsquo;Ard\u00e8che et de la Dr\u00f4me et le Comit\u00e9 Dr\u00f4me-Ard\u00e8che d\u2019Escrime s\u2019associent pour proposer une journ\u00e9e\u00a0initiation escrime Handisport. \/\/ La journ\u00e9e se d\u00e9roulera le mercredi [&hellip;]<\/p>\n","protected":false},"author":1,"featured_media":0,"template":"","meta":{"_et_pb_use_builder":"","_et_pb_old_content":"","_et_gb_content_width":"","_tribe_events_status":"","_tribe_events_status_reason":"","footnotes":""},"tags":[],"tribe_events_cat":[12],"class_list":["post-3105","tribe_events","type-tribe_events","status-publish","hentry","tribe_events_cat-agenda","cat_agenda"],"yoast_head":"<!-- This site is optimized with the Yoast SEO plugin v27.5 - https:\/\/yoast.com\/product\/yoast-seo-wordpress\/ -->\n<title>Journ\u00e9e R\u00e9gionale escrime Handisport le 22 avril 2026 - Le Collectif Dr\u00f4me Handicap<\/title>\n<meta name=\"robots\" content=\"index, follow, max-snippet:-1, max-image-preview:large, max-video-preview:-1\" \/>\n<link rel=\"canonical\" href=\"https:\/\/www.collectifdromehandicap.fr\/?tribe_events=journee-regionale-escrime-handisport-le-22-avril-2026\" \/>\n<meta property=\"og:locale\" content=\"fr_FR\" \/>\n<meta property=\"og:type\" content=\"article\" \/>\n<meta property=\"og:title\" content=\"Journ\u00e9e R\u00e9gionale escrime Handisport le 22 avril 2026 - Le Collectif Dr\u00f4me Handicap\" \/>\n<meta property=\"og:description\" content=\"La Ligue, les Comit\u00e9s Handisport de l&rsquo;Ard\u00e8che et de la Dr\u00f4me et le Comit\u00e9 Dr\u00f4me-Ard\u00e8che d\u2019Escrime s\u2019associent pour proposer une journ\u00e9e\u00a0initiation escrime Handisport. \/\/ La journ\u00e9e se d\u00e9roulera le mercredi [&hellip;]\" \/>\n<meta property=\"og:url\" content=\"https:\/\/www.collectifdromehandicap.fr\/?tribe_events=journee-regionale-escrime-handisport-le-22-avril-2026\" \/>\n<meta property=\"og:site_name\" content=\"Le Collectif Dr\u00f4me Handicap\" \/>\n<meta property=\"og:image\" content=\"https:\/\/www.collectifdromehandicap.fr\/wp-content\/uploads\/2026\/04\/unnamed-6.png\" \/>\n\t<meta property=\"og:image:width\" content=\"1080\" \/>\n\t<meta property=\"og:image:height\" content=\"1350\" \/>\n\t<meta property=\"og:image:type\" content=\"image\/png\" \/>\n<meta name=\"twitter:card\" content=\"summary_large_image\" \/>\n<meta name=\"twitter:label1\" content=\"Dur\u00e9e de lecture estim\u00e9e\" \/>\n\t<meta name=\"twitter:data1\" content=\"2 minutes\" \/>\n<script type=\"application\/ld+json\" class=\"yoast-schema-graph\">{\"@context\":\"https:\\\/\\\/schema.org\",\"@graph\":[{\"@type\":\"WebPage\",\"@id\":\"https:\\\/\\\/www.collectifdromehandicap.fr\\\/?tribe_events=journee-regionale-escrime-handisport-le-22-avril-2026\",\"url\":\"https:\\\/\\\/www.collectifdromehandicap.fr\\\/?tribe_events=journee-regionale-escrime-handisport-le-22-avril-2026\",\"name\":\"Journ\u00e9e R\u00e9gionale escrime Handisport le 22 avril 2026 - Le Collectif Dr\u00f4me Handicap\",\"isPartOf\":{\"@id\":\"https:\\\/\\\/www.collectifdromehandicap.fr\\\/#website\"},\"primaryImageOfPage\":{\"@id\":\"https:\\\/\\\/www.collectifdromehandicap.fr\\\/?tribe_events=journee-regionale-escrime-handisport-le-22-avril-2026#primaryimage\"},\"image\":{\"@id\":\"https:\\\/\\\/www.collectifdromehandicap.fr\\\/?tribe_events=journee-regionale-escrime-handisport-le-22-avril-2026#primaryimage\"},\"thumbnailUrl\":\"https:\\\/\\\/www.collectifdromehandicap.fr\\\/wp-content\\\/uploads\\\/2026\\\/04\\\/unnamed-6.png\",\"datePublished\":\"2026-04-14T15:18:00+00:00\",\"breadcrumb\":{\"@id\":\"https:\\\/\\\/www.collectifdromehandicap.fr\\\/?tribe_events=journee-regionale-escrime-handisport-le-22-avril-2026#breadcrumb\"},\"inLanguage\":\"fr-FR\",\"potentialAction\":[{\"@type\":\"ReadAction\",\"target\":[\"https:\\\/\\\/www.collectifdromehandicap.fr\\\/?tribe_events=journee-regionale-escrime-handisport-le-22-avril-2026\"]}]},{\"@type\":\"ImageObject\",\"inLanguage\":\"fr-FR\",\"@id\":\"https:\\\/\\\/www.collectifdromehandicap.fr\\\/?tribe_events=journee-regionale-escrime-handisport-le-22-avril-2026#primaryimage\",\"url\":\"https:\\\/\\\/www.collectifdromehandicap.fr\\\/wp-content\\\/uploads\\\/2026\\\/04\\\/unnamed-6.png\",\"contentUrl\":\"https:\\\/\\\/www.collectifdromehandicap.fr\\\/wp-content\\\/uploads\\\/2026\\\/04\\\/unnamed-6.png\",\"width\":1080,\"height\":1350},{\"@type\":\"BreadcrumbList\",\"@id\":\"https:\\\/\\\/www.collectifdromehandicap.fr\\\/?tribe_events=journee-regionale-escrime-handisport-le-22-avril-2026#breadcrumb\",\"itemListElement\":[{\"@type\":\"ListItem\",\"position\":1,\"name\":\"Accueil\",\"item\":\"https:\\\/\\\/www.collectifdromehandicap.fr\\\/\"},{\"@type\":\"ListItem\",\"position\":2,\"name\":\"\u00c9v\u00e8nements\",\"item\":\"https:\\\/\\\/www.collectifdromehandicap.fr\\\/?post_type=tribe_events\"},{\"@type\":\"ListItem\",\"position\":3,\"name\":\"Journ\u00e9e R\u00e9gionale escrime Handisport le 22 avril 2026\"}]},{\"@type\":\"WebSite\",\"@id\":\"https:\\\/\\\/www.collectifdromehandicap.fr\\\/#website\",\"url\":\"https:\\\/\\\/www.collectifdromehandicap.fr\\\/\",\"name\":\"Le Collectif Dr\u00f4me Handicap\",\"description\":\"Un groupement qui fait bouger les lignes du handicap\",\"publisher\":{\"@id\":\"https:\\\/\\\/www.collectifdromehandicap.fr\\\/#organization\"},\"potentialAction\":[{\"@type\":\"SearchAction\",\"target\":{\"@type\":\"EntryPoint\",\"urlTemplate\":\"https:\\\/\\\/www.collectifdromehandicap.fr\\\/?s={search_term_string}\"},\"query-input\":{\"@type\":\"PropertyValueSpecification\",\"valueRequired\":true,\"valueName\":\"search_term_string\"}}],\"inLanguage\":\"fr-FR\"},{\"@type\":\"Organization\",\"@id\":\"https:\\\/\\\/www.collectifdromehandicap.fr\\\/#organization\",\"name\":\"Le Collectif Dr\u00f4me Handicap\",\"url\":\"https:\\\/\\\/www.collectifdromehandicap.fr\\\/\",\"logo\":{\"@type\":\"ImageObject\",\"inLanguage\":\"fr-FR\",\"@id\":\"https:\\\/\\\/www.collectifdromehandicap.fr\\\/#\\\/schema\\\/logo\\\/image\\\/\",\"url\":\"https:\\\/\\\/www.collectifdromehandicap.fr\\\/wp-content\\\/uploads\\\/2023\\\/02\\\/logo-cdh.png\",\"contentUrl\":\"https:\\\/\\\/www.collectifdromehandicap.fr\\\/wp-content\\\/uploads\\\/2023\\\/02\\\/logo-cdh.png\",\"width\":1059,\"height\":304,\"caption\":\"Le Collectif Dr\u00f4me Handicap\"},\"image\":{\"@id\":\"https:\\\/\\\/www.collectifdromehandicap.fr\\\/#\\\/schema\\\/logo\\\/image\\\/\"}}]}<\/script>\n<!-- \/ Yoast SEO plugin. -->","yoast_head_json":{"title":"Journ\u00e9e R\u00e9gionale escrime Handisport le 22 avril 2026 - Le Collectif Dr\u00f4me Handicap","robots":{"index":"index","follow":"follow","max-snippet":"max-snippet:-1","max-image-preview":"max-image-preview:large","max-video-preview":"max-video-preview:-1"},"canonical":"https:\/\/www.collectifdromehandicap.fr\/?tribe_events=journee-regionale-escrime-handisport-le-22-avril-2026","og_locale":"fr_FR","og_type":"article","og_title":"Journ\u00e9e R\u00e9gionale escrime Handisport le 22 avril 2026 - Le Collectif Dr\u00f4me Handicap","og_description":"La Ligue, les Comit\u00e9s Handisport de l&rsquo;Ard\u00e8che et de la Dr\u00f4me et le Comit\u00e9 Dr\u00f4me-Ard\u00e8che d\u2019Escrime s\u2019associent pour proposer une journ\u00e9e\u00a0initiation escrime Handisport. \/\/ La journ\u00e9e se d\u00e9roulera le mercredi [&hellip;]","og_url":"https:\/\/www.collectifdromehandicap.fr\/?tribe_events=journee-regionale-escrime-handisport-le-22-avril-2026","og_site_name":"Le Collectif Dr\u00f4me Handicap","og_image":[{"width":1080,"height":1350,"url":"https:\/\/www.collectifdromehandicap.fr\/wp-content\/uploads\/2026\/04\/unnamed-6.png","type":"image\/png"}],"twitter_card":"summary_large_image","twitter_misc":{"Dur\u00e9e de lecture estim\u00e9e":"2 minutes"},"schema":{"@context":"https:\/\/schema.org","@graph":[{"@type":"WebPage","@id":"https:\/\/www.collectifdromehandicap.fr\/?tribe_events=journee-regionale-escrime-handisport-le-22-avril-2026","url":"https:\/\/www.collectifdromehandicap.fr\/?tribe_events=journee-regionale-escrime-handisport-le-22-avril-2026","name":"Journ\u00e9e R\u00e9gionale escrime Handisport le 22 avril 2026 - Le Collectif Dr\u00f4me Handicap","isPartOf":{"@id":"https:\/\/www.collectifdromehandicap.fr\/#website"},"primaryImageOfPage":{"@id":"https:\/\/www.collectifdromehandicap.fr\/?tribe_events=journee-regionale-escrime-handisport-le-22-avril-2026#primaryimage"},"image":{"@id":"https:\/\/www.collectifdromehandicap.fr\/?tribe_events=journee-regionale-escrime-handisport-le-22-avril-2026#primaryimage"},"thumbnailUrl":"https:\/\/www.collectifdromehandicap.fr\/wp-content\/uploads\/2026\/04\/unnamed-6.png","datePublished":"2026-04-14T15:18:00+00:00","breadcrumb":{"@id":"https:\/\/www.collectifdromehandicap.fr\/?tribe_events=journee-regionale-escrime-handisport-le-22-avril-2026#breadcrumb"},"inLanguage":"fr-FR","potentialAction":[{"@type":"ReadAction","target":["https:\/\/www.collectifdromehandicap.fr\/?tribe_events=journee-regionale-escrime-handisport-le-22-avril-2026"]}]},{"@type":"ImageObject","inLanguage":"fr-FR","@id":"https:\/\/www.collectifdromehandicap.fr\/?tribe_events=journee-regionale-escrime-handisport-le-22-avril-2026#primaryimage","url":"https:\/\/www.collectifdromehandicap.fr\/wp-content\/uploads\/2026\/04\/unnamed-6.png","contentUrl":"https:\/\/www.collectifdromehandicap.fr\/wp-content\/uploads\/2026\/04\/unnamed-6.png","width":1080,"height":1350},{"@type":"BreadcrumbList","@id":"https:\/\/www.collectifdromehandicap.fr\/?tribe_events=journee-regionale-escrime-handisport-le-22-avril-2026#breadcrumb","itemListElement":[{"@type":"ListItem","position":1,"name":"Accueil","item":"https:\/\/www.collectifdromehandicap.fr\/"},{"@type":"ListItem","position":2,"name":"\u00c9v\u00e8nements","item":"https:\/\/www.collectifdromehandicap.fr\/?post_type=tribe_events"},{"@type":"ListItem","position":3,"name":"Journ\u00e9e R\u00e9gionale escrime Handisport le 22 avril 2026"}]},{"@type":"WebSite","@id":"https:\/\/www.collectifdromehandicap.fr\/#website","url":"https:\/\/www.collectifdromehandicap.fr\/","name":"Le Collectif Dr\u00f4me Handicap","description":"Un groupement qui fait bouger les lignes du handicap","publisher":{"@id":"https:\/\/www.collectifdromehandicap.fr\/#organization"},"potentialAction":[{"@type":"SearchAction","target":{"@type":"EntryPoint","urlTemplate":"https:\/\/www.collectifdromehandicap.fr\/?s={search_term_string}"},"query-input":{"@type":"PropertyValueSpecification","valueRequired":true,"valueName":"search_term_string"}}],"inLanguage":"fr-FR"},{"@type":"Organization","@id":"https:\/\/www.collectifdromehandicap.fr\/#organization","name":"Le Collectif Dr\u00f4me Handicap","url":"https:\/\/www.collectifdromehandicap.fr\/","logo":{"@type":"ImageObject","inLanguage":"fr-FR","@id":"https:\/\/www.collectifdromehandicap.fr\/#\/schema\/logo\/image\/","url":"https:\/\/www.collectifdromehandicap.fr\/wp-content\/uploads\/2023\/02\/logo-cdh.png","contentUrl":"https:\/\/www.collectifdromehandicap.fr\/wp-content\/uploads\/2023\/02\/logo-cdh.png","width":1059,"height":304,"caption":"Le Collectif Dr\u00f4me Handicap"},"image":{"@id":"https:\/\/www.collectifdromehandicap.fr\/#\/schema\/logo\/image\/"}}]}},"_links":{"self":[{"href":"https:\/\/www.collectifdromehandicap.fr\/index.php?rest_route=\/wp\/v2\/tribe_events\/3105","targetHints":{"allow":["GET"]}}],"collection":[{"href":"https:\/\/www.collectifdromehandicap.fr\/index.php?rest_route=\/wp\/v2\/tribe_events"}],"about":[{"href":"https:\/\/www.collectifdromehandicap.fr\/index.php?rest_route=\/wp\/v2\/types\/tribe_events"}],"author":[{"embeddable":true,"href":"https:\/\/www.collectifdromehandicap.fr\/index.php?rest_route=\/wp\/v2\/users\/1"}],"version-history":[{"count":1,"href":"https:\/\/www.collectifdromehandicap.fr\/index.php?rest_route=\/wp\/v2\/tribe_events\/3105\/revisions"}],"predecessor-version":[{"id":3107,"href":"https:\/\/www.collectifdromehandicap.fr\/index.php?rest_route=\/wp\/v2\/tribe_events\/3105\/revisions\/3107"}],"wp:attachment":[{"href":"https:\/\/www.collectifdromehandicap.fr\/index.php?rest_route=%2Fwp%2Fv2%2Fmedia&parent=3105"}],"wp:term":[{"taxonomy":"post_tag","embeddable":true,"href":"https:\/\/www.collectifdromehandicap.fr\/index.php?rest_route=%2Fwp%2Fv2%2Ftags&post=3105"},{"taxonomy":"tribe_events_cat","embeddable":true,"href":"https:\/\/www.collectifdromehandicap.fr\/index.php?rest_route=%2Fwp%2Fv2%2Ftribe_events_cat&post=3105"}],"curies":[{"name":"wp","href":"https:\/\/api.w.org\/{rel}","templated":true}]}}