{"id":3113,"date":"2026-04-24T17:35:02","date_gmt":"2026-04-24T15:35:02","guid":{"rendered":"https:\/\/www.collectifdromehandicap.fr\/?post_type=tribe_events&#038;p=3113"},"modified":"2026-04-24T17:41:45","modified_gmt":"2026-04-24T15:41:45","slug":"soirees-en-audiodescription-aux-fetes-nocturnes-de-grignan-mar-11-aout-26","status":"publish","type":"tribe_events","link":"https:\/\/www.collectifdromehandicap.fr\/?tribe_events=soirees-en-audiodescription-aux-fetes-nocturnes-de-grignan-mar-11-aout-26","title":{"rendered":"Soir\u00e9es en audiodescription aux F\u00eates Nocturnes de Grignan mar. 11 ao\u00fbt 26"},"content":{"rendered":"<div>Dans le cadre des\u00a0<b>F\u00eates Nocturnes 2026<\/b>\u00a0au Ch\u00e2teau de Grignan, nous avons le plaisir de vous proposer de participer \u00e0 l\u2019une de nos deux soir\u00e9es sp\u00e9cialement adapt\u00e9es en\u00a0<b>audiodescription<\/b>\u00a0:<\/div>\n<ul>\n<li><b>Le mercredi 22 juillet<\/b><\/li>\n<li><b>Le mardi 11 ao\u00fbt<\/b><\/li>\n<\/ul>\n<div>Pour cette 39e \u00e9dition, nous accueillons la pi\u00e8ce\u00a0<b><i>L\u2019\u00c9cole des femmes<\/i><\/b>\u00a0de Moli\u00e8re, mise en sc\u00e8ne par\u00a0<b>Robin Renucci<\/b>.<\/div>\n<div><b>Informations pratiques &amp; R\u00e9servation<\/b><\/div>\n<div>Si vous souhaitez b\u00e9n\u00e9ficier de l\u2019audiodescription, nous vous invitons \u00e0 contacter notre billetterie\u00a0<b>\u00e0 partir du 19 mai<\/b>\u00a0:<\/div>\n<ul>\n<li role=\"presentation\"><b>T\u00e9l\u00e9phone :<\/b>\u00a004 75 91 83 65<\/li>\n<li role=\"presentation\"><b>Horaires :<\/b>\u00a0Du lundi au vendredi, de 10h \u00e0 12h et de 14h \u00e0 17h.<\/li>\n<\/ul>\n<div>Vous trouverez \u00e9galement tous les d\u00e9tails de la programmation sur notre site :\u00a0<a id=\"m_4918813683875149032OWAf8efff93-5001-5ad4-8831-0702afe061b9\" href=\"https:\/\/www.chateaudegrignan.fr\/agenda\/fetes-nocturnes-de-grignan-2026\/\" target=\"_blank\" rel=\"noopener\" data-saferedirecturl=\"https:\/\/www.google.com\/url?q=https:\/\/www.chateaudegrignan.fr\/agenda\/fetes-nocturnes-de-grignan-2026\/&amp;source=gmail&amp;ust=1777128354474000&amp;usg=AOvVaw292YfijVniUQb_fDdTvBoF\">https:\/\/www.chateaudegrignan.<wbr \/>fr\/agenda\/fetes-nocturnes-de-<wbr \/>grignan-2026\/<\/a><\/div>\n<hr \/>\n<div><b>D\u00e9roulement de votre soir\u00e9e<\/b><\/div>\n<div>Afin de profiter pleinement de l\u2019exp\u00e9rience, voici l\u2019organisation pr\u00e9vue pour vous :<\/div>\n<ul>\n<li role=\"presentation\"><b>18h45 :<\/b>\u00a0Accueil pour les personnes souhaitant d\u00eener sur place avant la repr\u00e9sentation (sur r\u00e9servation)<\/li>\n<li role=\"presentation\"><b>19h45 :<\/b>\u00a0Accueil pour les spectateurs ne souhaitant pas manger sur place.<\/li>\n<li role=\"presentation\"><b>20h00 :<\/b>\u00a0<b>Rencontre privil\u00e9gi\u00e9e<\/b>\u00a0avec les com\u00e9diens.<\/li>\n<li role=\"presentation\"><b>21h00 :<\/b>\u00a0D\u00e9but du spectacle (dur\u00e9e pr\u00e9vue : environ 1h45).<\/li>\n<\/ul>\n<div>Nous vous attendons pour une soir\u00e9e riche en \u00e9motions au c\u0153ur du ch\u00e2teau.<\/div>\n<div>N\u2019h\u00e9sitez pas \u00e0 nous contacter pour toute question compl\u00e9mentaire !<\/div>\n<div>\n<table id=\"m_4918813683875149032x_table_0\" style=\"width: 252px; height: 174px;\" cellspacing=\"0\" cellpadding=\"0\">\n<tbody>\n<tr style=\"height: 36px;\">\n<td style=\"width: 248.352px; height: 36px;\" align=\"left\">\n<table cellspacing=\"0\" cellpadding=\"0\">\n<tbody>\n<tr>\n<td align=\"left\">\n<table>\n<tbody>\n<tr>\n<td><b>Ophelie<\/b><\/td>\n<\/tr>\n<\/tbody>\n<\/table>\n<\/td>\n<td align=\"left\">\n<table>\n<tbody>\n<tr>\n<td><b>DUTHUILLE\u2011BADIN<\/b><\/td>\n<\/tr>\n<\/tbody>\n<\/table>\n<\/td>\n<\/tr>\n<\/tbody>\n<\/table>\n<\/td>\n<\/tr>\n<tr style=\"height: 33px;\">\n<td style=\"width: 248.352px; height: 33px;\" align=\"left\">\n<table>\n<tbody>\n<tr>\n<td>Assistante\u00a0\u00e9v\u00e8nementiel<\/td>\n<\/tr>\n<\/tbody>\n<\/table>\n<\/td>\n<\/tr>\n<tr style=\"height: 33px;\">\n<td style=\"width: 248.352px; height: 33px;\" align=\"left\">\n<table>\n<tbody>\n<tr>\n<td>Rue\u00a0du\u00a0Ch\u00e2teau<\/td>\n<\/tr>\n<\/tbody>\n<\/table>\n<\/td>\n<\/tr>\n<tr style=\"height: 36px;\">\n<td style=\"width: 248.352px; height: 36px;\" align=\"left\">\n<table cellspacing=\"0\" cellpadding=\"0\">\n<tbody>\n<tr>\n<td align=\"left\">\n<table>\n<tbody>\n<tr>\n<td>26230<\/td>\n<\/tr>\n<\/tbody>\n<\/table>\n<\/td>\n<td align=\"left\">\n<table>\n<tbody>\n<tr>\n<td>GRIGNAN<\/td>\n<\/tr>\n<\/tbody>\n<\/table>\n<\/td>\n<\/tr>\n<\/tbody>\n<\/table>\n<\/td>\n<\/tr>\n<tr style=\"height: 36px;\">\n<td style=\"width: 248.352px; height: 36px;\" align=\"left\">\n<table style=\"width: 247px;\" cellspacing=\"0\" cellpadding=\"0\">\n<tbody>\n<tr>\n<td style=\"width: 132.543px;\" align=\"left\">\n<table style=\"width: 116px;\">\n<tbody>\n<tr>\n<td style=\"width: 10.8949px;\">T.<\/td>\n<td style=\"width: 0px;\"><\/td>\n<td style=\"width: 93.4233px;\">04\u00a075\u00a091\u00a083\u00a068<\/td>\n<\/tr>\n<\/tbody>\n<\/table>\n<\/td>\n<td style=\"width: 108.991px;\" align=\"left\">\n<table style=\"width: 109px;\">\n<tbody>\n<tr>\n<td style=\"width: 99.7301px;\">06\u00a089\u00a052\u00a025\u00a020<\/td>\n<\/tr>\n<\/tbody>\n<\/table>\n<\/td>\n<\/tr>\n<\/tbody>\n<\/table>\n<\/td>\n<\/tr>\n<\/tbody>\n<\/table>\n<\/div>\n<div><\/div>\n<div>\n<p><iframe loading=\"lazy\" title=\"Les F\u00eates nocturnes du ch\u00e2teau de Grignan, toute une histoire !\" width=\"1080\" height=\"608\" src=\"https:\/\/www.youtube.com\/embed\/G_1yIpD00cQ?feature=oembed\"  allow=\"accelerometer; autoplay; clipboard-write; encrypted-media; gyroscope; picture-in-picture; web-share\" referrerpolicy=\"strict-origin-when-cross-origin\" allowfullscreen><\/iframe><\/p>\n<\/div>\n","protected":false},"excerpt":{"rendered":"<p>Dans le cadre des\u00a0F\u00eates Nocturnes 2026\u00a0au Ch\u00e2teau de Grignan, nous avons le plaisir de vous proposer de participer \u00e0 l\u2019une de nos deux soir\u00e9es sp\u00e9cialement adapt\u00e9es en\u00a0audiodescription\u00a0: Le mercredi 22 [&hellip;]<\/p>\n","protected":false},"author":1,"featured_media":0,"template":"","meta":{"_et_pb_use_builder":"","_et_pb_old_content":"","_et_gb_content_width":"","_tribe_events_status":"","_tribe_events_status_reason":"","footnotes":""},"tags":[],"tribe_events_cat":[12],"class_list":["post-3113","tribe_events","type-tribe_events","status-publish","hentry","tribe_events_cat-agenda","cat_agenda"],"yoast_head":"<!-- This site is optimized with the Yoast SEO plugin v27.5 - https:\/\/yoast.com\/product\/yoast-seo-wordpress\/ -->\n<title>Soir\u00e9es en audiodescription aux F\u00eates Nocturnes de Grignan mar. 11 ao\u00fbt 26 - Le Collectif Dr\u00f4me Handicap<\/title>\n<meta name=\"robots\" content=\"index, follow, max-snippet:-1, max-image-preview:large, max-video-preview:-1\" \/>\n<link rel=\"canonical\" href=\"https:\/\/www.collectifdromehandicap.fr\/?tribe_events=soirees-en-audiodescription-aux-fetes-nocturnes-de-grignan-mar-11-aout-26\" \/>\n<meta property=\"og:locale\" content=\"fr_FR\" \/>\n<meta property=\"og:type\" content=\"article\" \/>\n<meta property=\"og:title\" content=\"Soir\u00e9es en audiodescription aux F\u00eates Nocturnes de Grignan mar. 11 ao\u00fbt 26 - Le Collectif Dr\u00f4me Handicap\" \/>\n<meta property=\"og:description\" content=\"Dans le cadre des\u00a0F\u00eates Nocturnes 2026\u00a0au Ch\u00e2teau de Grignan, nous avons le plaisir de vous proposer de participer \u00e0 l\u2019une de nos deux soir\u00e9es sp\u00e9cialement adapt\u00e9es en\u00a0audiodescription\u00a0: Le mercredi 22 [&hellip;]\" \/>\n<meta property=\"og:url\" content=\"https:\/\/www.collectifdromehandicap.fr\/?tribe_events=soirees-en-audiodescription-aux-fetes-nocturnes-de-grignan-mar-11-aout-26\" \/>\n<meta property=\"og:site_name\" content=\"Le Collectif Dr\u00f4me Handicap\" \/>\n<meta property=\"article:modified_time\" content=\"2026-04-24T15:41:45+00:00\" \/>\n<meta name=\"twitter:card\" content=\"summary_large_image\" \/>\n<meta name=\"twitter:label1\" content=\"Dur\u00e9e de lecture estim\u00e9e\" \/>\n\t<meta name=\"twitter:data1\" content=\"2 minutes\" \/>\n<script type=\"application\/ld+json\" class=\"yoast-schema-graph\">{\"@context\":\"https:\\\/\\\/schema.org\",\"@graph\":[{\"@type\":\"WebPage\",\"@id\":\"https:\\\/\\\/www.collectifdromehandicap.fr\\\/?tribe_events=soirees-en-audiodescription-aux-fetes-nocturnes-de-grignan-mar-11-aout-26\",\"url\":\"https:\\\/\\\/www.collectifdromehandicap.fr\\\/?tribe_events=soirees-en-audiodescription-aux-fetes-nocturnes-de-grignan-mar-11-aout-26\",\"name\":\"Soir\u00e9es en audiodescription aux F\u00eates Nocturnes de Grignan mar. 11 ao\u00fbt 26 - Le Collectif Dr\u00f4me Handicap\",\"isPartOf\":{\"@id\":\"https:\\\/\\\/www.collectifdromehandicap.fr\\\/#website\"},\"datePublished\":\"2026-04-24T15:35:02+00:00\",\"dateModified\":\"2026-04-24T15:41:45+00:00\",\"breadcrumb\":{\"@id\":\"https:\\\/\\\/www.collectifdromehandicap.fr\\\/?tribe_events=soirees-en-audiodescription-aux-fetes-nocturnes-de-grignan-mar-11-aout-26#breadcrumb\"},\"inLanguage\":\"fr-FR\",\"potentialAction\":[{\"@type\":\"ReadAction\",\"target\":[\"https:\\\/\\\/www.collectifdromehandicap.fr\\\/?tribe_events=soirees-en-audiodescription-aux-fetes-nocturnes-de-grignan-mar-11-aout-26\"]}]},{\"@type\":\"BreadcrumbList\",\"@id\":\"https:\\\/\\\/www.collectifdromehandicap.fr\\\/?tribe_events=soirees-en-audiodescription-aux-fetes-nocturnes-de-grignan-mar-11-aout-26#breadcrumb\",\"itemListElement\":[{\"@type\":\"ListItem\",\"position\":1,\"name\":\"Accueil\",\"item\":\"https:\\\/\\\/www.collectifdromehandicap.fr\\\/\"},{\"@type\":\"ListItem\",\"position\":2,\"name\":\"\u00c9v\u00e8nements\",\"item\":\"https:\\\/\\\/www.collectifdromehandicap.fr\\\/?post_type=tribe_events\"},{\"@type\":\"ListItem\",\"position\":3,\"name\":\"Soir\u00e9es en audiodescription aux F\u00eates Nocturnes de Grignan mar. 11 ao\u00fbt 26\"}]},{\"@type\":\"WebSite\",\"@id\":\"https:\\\/\\\/www.collectifdromehandicap.fr\\\/#website\",\"url\":\"https:\\\/\\\/www.collectifdromehandicap.fr\\\/\",\"name\":\"Le Collectif Dr\u00f4me Handicap\",\"description\":\"Un groupement qui fait bouger les lignes du handicap\",\"publisher\":{\"@id\":\"https:\\\/\\\/www.collectifdromehandicap.fr\\\/#organization\"},\"potentialAction\":[{\"@type\":\"SearchAction\",\"target\":{\"@type\":\"EntryPoint\",\"urlTemplate\":\"https:\\\/\\\/www.collectifdromehandicap.fr\\\/?s={search_term_string}\"},\"query-input\":{\"@type\":\"PropertyValueSpecification\",\"valueRequired\":true,\"valueName\":\"search_term_string\"}}],\"inLanguage\":\"fr-FR\"},{\"@type\":\"Organization\",\"@id\":\"https:\\\/\\\/www.collectifdromehandicap.fr\\\/#organization\",\"name\":\"Le Collectif Dr\u00f4me Handicap\",\"url\":\"https:\\\/\\\/www.collectifdromehandicap.fr\\\/\",\"logo\":{\"@type\":\"ImageObject\",\"inLanguage\":\"fr-FR\",\"@id\":\"https:\\\/\\\/www.collectifdromehandicap.fr\\\/#\\\/schema\\\/logo\\\/image\\\/\",\"url\":\"https:\\\/\\\/www.collectifdromehandicap.fr\\\/wp-content\\\/uploads\\\/2023\\\/02\\\/logo-cdh.png\",\"contentUrl\":\"https:\\\/\\\/www.collectifdromehandicap.fr\\\/wp-content\\\/uploads\\\/2023\\\/02\\\/logo-cdh.png\",\"width\":1059,\"height\":304,\"caption\":\"Le Collectif Dr\u00f4me Handicap\"},\"image\":{\"@id\":\"https:\\\/\\\/www.collectifdromehandicap.fr\\\/#\\\/schema\\\/logo\\\/image\\\/\"}}]}<\/script>\n<!-- \/ Yoast SEO plugin. -->","yoast_head_json":{"title":"Soir\u00e9es en audiodescription aux F\u00eates Nocturnes de Grignan mar. 11 ao\u00fbt 26 - Le Collectif Dr\u00f4me Handicap","robots":{"index":"index","follow":"follow","max-snippet":"max-snippet:-1","max-image-preview":"max-image-preview:large","max-video-preview":"max-video-preview:-1"},"canonical":"https:\/\/www.collectifdromehandicap.fr\/?tribe_events=soirees-en-audiodescription-aux-fetes-nocturnes-de-grignan-mar-11-aout-26","og_locale":"fr_FR","og_type":"article","og_title":"Soir\u00e9es en audiodescription aux F\u00eates Nocturnes de Grignan mar. 11 ao\u00fbt 26 - Le Collectif Dr\u00f4me Handicap","og_description":"Dans le cadre des\u00a0F\u00eates Nocturnes 2026\u00a0au Ch\u00e2teau de Grignan, nous avons le plaisir de vous proposer de participer \u00e0 l\u2019une de nos deux soir\u00e9es sp\u00e9cialement adapt\u00e9es en\u00a0audiodescription\u00a0: Le mercredi 22 [&hellip;]","og_url":"https:\/\/www.collectifdromehandicap.fr\/?tribe_events=soirees-en-audiodescription-aux-fetes-nocturnes-de-grignan-mar-11-aout-26","og_site_name":"Le Collectif Dr\u00f4me Handicap","article_modified_time":"2026-04-24T15:41:45+00:00","twitter_card":"summary_large_image","twitter_misc":{"Dur\u00e9e de lecture estim\u00e9e":"2 minutes"},"schema":{"@context":"https:\/\/schema.org","@graph":[{"@type":"WebPage","@id":"https:\/\/www.collectifdromehandicap.fr\/?tribe_events=soirees-en-audiodescription-aux-fetes-nocturnes-de-grignan-mar-11-aout-26","url":"https:\/\/www.collectifdromehandicap.fr\/?tribe_events=soirees-en-audiodescription-aux-fetes-nocturnes-de-grignan-mar-11-aout-26","name":"Soir\u00e9es en audiodescription aux F\u00eates Nocturnes de Grignan mar. 11 ao\u00fbt 26 - Le Collectif Dr\u00f4me Handicap","isPartOf":{"@id":"https:\/\/www.collectifdromehandicap.fr\/#website"},"datePublished":"2026-04-24T15:35:02+00:00","dateModified":"2026-04-24T15:41:45+00:00","breadcrumb":{"@id":"https:\/\/www.collectifdromehandicap.fr\/?tribe_events=soirees-en-audiodescription-aux-fetes-nocturnes-de-grignan-mar-11-aout-26#breadcrumb"},"inLanguage":"fr-FR","potentialAction":[{"@type":"ReadAction","target":["https:\/\/www.collectifdromehandicap.fr\/?tribe_events=soirees-en-audiodescription-aux-fetes-nocturnes-de-grignan-mar-11-aout-26"]}]},{"@type":"BreadcrumbList","@id":"https:\/\/www.collectifdromehandicap.fr\/?tribe_events=soirees-en-audiodescription-aux-fetes-nocturnes-de-grignan-mar-11-aout-26#breadcrumb","itemListElement":[{"@type":"ListItem","position":1,"name":"Accueil","item":"https:\/\/www.collectifdromehandicap.fr\/"},{"@type":"ListItem","position":2,"name":"\u00c9v\u00e8nements","item":"https:\/\/www.collectifdromehandicap.fr\/?post_type=tribe_events"},{"@type":"ListItem","position":3,"name":"Soir\u00e9es en audiodescription aux F\u00eates Nocturnes de Grignan mar. 11 ao\u00fbt 26"}]},{"@type":"WebSite","@id":"https:\/\/www.collectifdromehandicap.fr\/#website","url":"https:\/\/www.collectifdromehandicap.fr\/","name":"Le Collectif Dr\u00f4me Handicap","description":"Un groupement qui fait bouger les lignes du handicap","publisher":{"@id":"https:\/\/www.collectifdromehandicap.fr\/#organization"},"potentialAction":[{"@type":"SearchAction","target":{"@type":"EntryPoint","urlTemplate":"https:\/\/www.collectifdromehandicap.fr\/?s={search_term_string}"},"query-input":{"@type":"PropertyValueSpecification","valueRequired":true,"valueName":"search_term_string"}}],"inLanguage":"fr-FR"},{"@type":"Organization","@id":"https:\/\/www.collectifdromehandicap.fr\/#organization","name":"Le Collectif Dr\u00f4me Handicap","url":"https:\/\/www.collectifdromehandicap.fr\/","logo":{"@type":"ImageObject","inLanguage":"fr-FR","@id":"https:\/\/www.collectifdromehandicap.fr\/#\/schema\/logo\/image\/","url":"https:\/\/www.collectifdromehandicap.fr\/wp-content\/uploads\/2023\/02\/logo-cdh.png","contentUrl":"https:\/\/www.collectifdromehandicap.fr\/wp-content\/uploads\/2023\/02\/logo-cdh.png","width":1059,"height":304,"caption":"Le Collectif Dr\u00f4me Handicap"},"image":{"@id":"https:\/\/www.collectifdromehandicap.fr\/#\/schema\/logo\/image\/"}}]}},"_links":{"self":[{"href":"https:\/\/www.collectifdromehandicap.fr\/index.php?rest_route=\/wp\/v2\/tribe_events\/3113","targetHints":{"allow":["GET"]}}],"collection":[{"href":"https:\/\/www.collectifdromehandicap.fr\/index.php?rest_route=\/wp\/v2\/tribe_events"}],"about":[{"href":"https:\/\/www.collectifdromehandicap.fr\/index.php?rest_route=\/wp\/v2\/types\/tribe_events"}],"author":[{"embeddable":true,"href":"https:\/\/www.collectifdromehandicap.fr\/index.php?rest_route=\/wp\/v2\/users\/1"}],"version-history":[{"count":3,"href":"https:\/\/www.collectifdromehandicap.fr\/index.php?rest_route=\/wp\/v2\/tribe_events\/3113\/revisions"}],"predecessor-version":[{"id":3118,"href":"https:\/\/www.collectifdromehandicap.fr\/index.php?rest_route=\/wp\/v2\/tribe_events\/3113\/revisions\/3118"}],"wp:attachment":[{"href":"https:\/\/www.collectifdromehandicap.fr\/index.php?rest_route=%2Fwp%2Fv2%2Fmedia&parent=3113"}],"wp:term":[{"taxonomy":"post_tag","embeddable":true,"href":"https:\/\/www.collectifdromehandicap.fr\/index.php?rest_route=%2Fwp%2Fv2%2Ftags&post=3113"},{"taxonomy":"tribe_events_cat","embeddable":true,"href":"https:\/\/www.collectifdromehandicap.fr\/index.php?rest_route=%2Fwp%2Fv2%2Ftribe_events_cat&post=3113"}],"curies":[{"name":"wp","href":"https:\/\/api.w.org\/{rel}","templated":true}]}}